{"id":1008,"date":"2019-03-31T02:23:13","date_gmt":"2019-03-31T02:23:11","guid":{"rendered":"https:\/\/layer.si\/kaos\/?page_id=1008"},"modified":"2020-07-08T20:15:48","modified_gmt":"2020-07-08T20:15:48","slug":"invited-artists-2018","status":"publish","type":"page","link":"https:\/\/layer.si\/kaos\/en\/artists\/invited-artists\/invited-artists-2018\/","title":{"rendered":"INVITED ARTISTS 2018"},"content":{"rendered":"\t\t<div data-elementor-type=\"wp-post\" data-elementor-id=\"1008\" class=\"elementor elementor-1008\" data-elementor-settings=\"[]\">\n\t\t\t<div class=\"elementor-inner\">\n\t\t\t\t<div class=\"elementor-section-wrap\">\n\t\t\t\t\t\t\t<section class=\"elementor-element elementor-element-1c97fc4 elementor-section-boxed elementor-section-height-default elementor-section-height-default elementor-section elementor-top-section\" data-id=\"1c97fc4\" data-element_type=\"section\">\n\t\t\t\t\t\t<div class=\"elementor-container elementor-column-gap-default\">\n\t\t\t\t<div class=\"elementor-row\">\n\t\t\t\t<div class=\"elementor-element elementor-element-880f230 elementor-column elementor-col-100 elementor-top-column\" data-id=\"880f230\" data-element_type=\"column\">\n\t\t\t<div class=\"elementor-column-wrap  elementor-element-populated\">\n\t\t\t\t\t<div class=\"elementor-widget-wrap\">\n\t\t\t\t<div class=\"elementor-element elementor-element-8d95c39 elementor-nav-menu__align-center elementor-nav-menu__text-align-center elementor-nav-menu--indicator-classic elementor-nav-menu--dropdown-tablet elementor-widget elementor-widget-nav-menu\" data-id=\"8d95c39\" data-element_type=\"widget\" data-settings=\"{&quot;layout&quot;:&quot;horizontal&quot;}\" data-widget_type=\"nav-menu.default\">\n\t\t\t\t<div class=\"elementor-widget-container\">\n\t\t\t\t\t\t<nav role=\"navigation\" class=\"elementor-nav-menu--main elementor-nav-menu__container elementor-nav-menu--layout-horizontal e--pointer-underline e--animation-fade\"><ul id=\"menu-1-8d95c39\" class=\"elementor-nav-menu\"><li class=\"menu-item menu-item-type-post_type menu-item-object-page menu-item-5569\"><a href=\"https:\/\/layer.si\/kaos\/en\/artists\/invited-artists\/invited-artists-2024\/\" class=\"elementor-item\">2024<\/a><\/li>\n<li class=\"menu-item menu-item-type-post_type menu-item-object-page menu-item-4655\"><a href=\"https:\/\/layer.si\/kaos\/en\/artists\/invited-artists\/invited-artists-2022\/\" class=\"elementor-item\">2022<\/a><\/li>\n<li class=\"menu-item menu-item-type-post_type menu-item-object-page menu-item-4194\"><a href=\"https:\/\/layer.si\/kaos\/en\/artists\/invited-artists\/invited-artists-2020\/\" class=\"elementor-item\">2020<\/a><\/li>\n<li class=\"menu-item menu-item-type-post_type menu-item-object-page menu-item-1006\"><a href=\"https:\/\/layer.si\/kaos\/en\/artists\/invited-artists\/invited-artists-2019\/\" class=\"elementor-item\">2019<\/a><\/li>\n<li class=\"menu-item menu-item-type-post_type menu-item-object-page menu-item-1012\"><a href=\"https:\/\/layer.si\/kaos\/en\/artists\/invited-artists\/invited-artists-2018\/\" class=\"elementor-item\">2018<\/a><\/li>\n<\/ul><\/nav>\n\t\t\t\t\t<div class=\"elementor-menu-toggle\" role=\"button\" tabindex=\"0\" aria-label=\"Menu Toggle\" aria-expanded=\"false\">\n\t\t\t<i class=\"eicon-menu-bar\" aria-hidden=\"true\"><\/i>\n\t\t\t<span class=\"elementor-screen-only\">Menu<\/span>\n\t\t<\/div>\n\t\t\t<nav class=\"elementor-nav-menu--dropdown elementor-nav-menu__container\" role=\"navigation\" aria-hidden=\"true\"><ul id=\"menu-2-8d95c39\" class=\"elementor-nav-menu\"><li class=\"menu-item menu-item-type-post_type menu-item-object-page menu-item-5569\"><a href=\"https:\/\/layer.si\/kaos\/en\/artists\/invited-artists\/invited-artists-2024\/\" class=\"elementor-item\">2024<\/a><\/li>\n<li class=\"menu-item menu-item-type-post_type menu-item-object-page menu-item-4655\"><a href=\"https:\/\/layer.si\/kaos\/en\/artists\/invited-artists\/invited-artists-2022\/\" class=\"elementor-item\">2022<\/a><\/li>\n<li class=\"menu-item menu-item-type-post_type menu-item-object-page menu-item-4194\"><a href=\"https:\/\/layer.si\/kaos\/en\/artists\/invited-artists\/invited-artists-2020\/\" class=\"elementor-item\">2020<\/a><\/li>\n<li class=\"menu-item menu-item-type-post_type menu-item-object-page menu-item-1006\"><a href=\"https:\/\/layer.si\/kaos\/en\/artists\/invited-artists\/invited-artists-2019\/\" class=\"elementor-item\">2019<\/a><\/li>\n<li class=\"menu-item menu-item-type-post_type menu-item-object-page menu-item-1012\"><a href=\"https:\/\/layer.si\/kaos\/en\/artists\/invited-artists\/invited-artists-2018\/\" class=\"elementor-item\">2018<\/a><\/li>\n<\/ul><\/nav>\n\t\t\t\t<\/div>\n\t\t\t\t<\/div>\n\t\t\t\t\t\t<\/div>\n\t\t\t<\/div>\n\t\t<\/div>\n\t\t\t\t\t\t<\/div>\n\t\t\t<\/div>\n\t\t<\/section>\n\t\t\t\t<section class=\"elementor-element elementor-element-2472aba elementor-section-stretched elementor-section-full_width elementor-section-height-default elementor-section-height-default elementor-section elementor-top-section\" data-id=\"2472aba\" data-element_type=\"section\" data-settings=\"{&quot;stretch_section&quot;:&quot;section-stretched&quot;}\">\n\t\t\t\t\t\t<div class=\"elementor-container elementor-column-gap-default\">\n\t\t\t\t<div class=\"elementor-row\">\n\t\t\t\t<div class=\"elementor-element elementor-element-1005aa8 elementor-column elementor-col-100 elementor-top-column\" data-id=\"1005aa8\" data-element_type=\"column\">\n\t\t\t<div class=\"elementor-column-wrap  elementor-element-populated\">\n\t\t\t\t\t<div class=\"elementor-widget-wrap\">\n\t\t\t\t<div class=\"elementor-element elementor-element-a0340e6 elementor-grid-4 elementor-posts--align-left elementor-grid-tablet-2 elementor-grid-mobile-1 elementor-posts--thumbnail-top elementor-widget elementor-widget-posts\" data-id=\"a0340e6\" data-element_type=\"widget\" data-settings=\"{&quot;classic_columns&quot;:&quot;4&quot;,&quot;classic_row_gap&quot;:{&quot;unit&quot;:&quot;px&quot;,&quot;size&quot;:20,&quot;sizes&quot;:[]},&quot;classic_columns_tablet&quot;:&quot;2&quot;,&quot;classic_columns_mobile&quot;:&quot;1&quot;}\" data-widget_type=\"posts.classic\">\n\t\t\t\t<div class=\"elementor-widget-container\">\n\t\t\t\t\t<div class=\"elementor-posts-container elementor-posts elementor-posts--skin-classic elementor-grid\">\n\t\t\t\t<article class=\"elementor-post elementor-grid-item post-851 umetniki type-umetniki status-publish hentry leto-2018-en jezik-eng umetnik-kategorija-ilustrations\">\n\t\t\t\t<div class=\"elementor-post__text\">\n\t\t\t\t<h1 class=\"elementor-post__title\">\n\t\t\t<a href=\"https:\/\/layer.si\/kaos\/en\/umetniki\/marusa-stibelj-2\/\" >\n\t\t\t\tMARU\u0160A \u0160TIBELJ\t\t\t<\/a>\n\t\t<\/h1>\n\t\t\t\t<div class=\"elementor-post__excerpt\">\n\t\t\t<p>Maru\u0161a \u0160tibelj&nbsp;(1986) earned her BA in Art education (Symbolism of Color in Film) from&nbsp;Faculty of Education of the University of Ljubljana.&nbsp;She exhibited her collage work<\/p>\n\t\t<\/div>\n\t\t\t\t<\/div>\n\t\t\t\t<\/article>\n\t\t\t\t<article class=\"elementor-post elementor-grid-item post-831 umetniki type-umetniki status-publish hentry leto-2018-en jezik-eng umetnik-kategorija-ilustrations\">\n\t\t\t\t<div class=\"elementor-post__text\">\n\t\t\t\t<h1 class=\"elementor-post__title\">\n\t\t\t<a href=\"https:\/\/layer.si\/kaos\/en\/umetniki\/julie-marchad-2\/\" >\n\t\t\t\tJULIE MARCHAD\t\t\t<\/a>\n\t\t<\/h1>\n\t\t\t\t<div class=\"elementor-post__excerpt\">\n\t\t\t<p>Julie Marchad was born in Paris in 1980, where she&nbsp;went to school and completed her&nbsp;university studies.&nbsp;After obtaining her DNAP in 2004 (National Diploma of visual<\/p>\n\t\t<\/div>\n\t\t\t\t<\/div>\n\t\t\t\t<\/article>\n\t\t\t\t<article class=\"elementor-post elementor-grid-item post-847 umetniki type-umetniki status-publish hentry leto-2018-en jezik-eng umetnik-kategorija-ilustrations\">\n\t\t\t\t<div class=\"elementor-post__text\">\n\t\t\t\t<h1 class=\"elementor-post__title\">\n\t\t\t<a href=\"https:\/\/layer.si\/kaos\/en\/umetniki\/marina-markovic-2\/\" >\n\t\t\t\tMARINA MARKOVIC\t\t\t<\/a>\n\t\t<\/h1>\n\t\t\t\t<div class=\"elementor-post__excerpt\">\n\t\t\t<p>In her artworks \u2013 using different medias (video, performance sculpture, handicraft, collage, etc.) \u2013 Marina Markovic researches the social pressure on women\u2019s bodies, deals with<\/p>\n\t\t<\/div>\n\t\t\t\t<\/div>\n\t\t\t\t<\/article>\n\t\t\t\t<article class=\"elementor-post elementor-grid-item post-874 umetniki type-umetniki status-publish hentry leto-2018-en jezik-eng umetnik-kategorija-ilustrations\">\n\t\t\t\t<div class=\"elementor-post__text\">\n\t\t\t\t<h1 class=\"elementor-post__title\">\n\t\t\t<a href=\"https:\/\/layer.si\/kaos\/en\/umetniki\/several-authors\/\" >\n\t\t\t\tSEVERAL AUTHORS\t\t\t<\/a>\n\t\t<\/h1>\n\t\t\t\t<div class=\"elementor-post__excerpt\">\n\t\t\t<p>\u00bbThe Sickness of Our Days\u00ab&nbsp;is&nbsp;a temporary collective of young female artists coming from different backgrounds; most of them&nbsp;are students of the art academy. They&nbsp;are active<\/p>\n\t\t<\/div>\n\t\t\t\t<\/div>\n\t\t\t\t<\/article>\n\t\t\t\t<article class=\"elementor-post elementor-grid-item post-853 umetniki type-umetniki status-publish hentry leto-2018-en jezik-eng umetnik-kategorija-ilustrations\">\n\t\t\t\t<div class=\"elementor-post__text\">\n\t\t\t\t<h1 class=\"elementor-post__title\">\n\t\t\t<a href=\"https:\/\/layer.si\/kaos\/en\/umetniki\/masa-gala-2\/\" >\n\t\t\t\tMA\u0160A GALA\t\t\t<\/a>\n\t\t<\/h1>\n\t\t\t\t<div class=\"elementor-post__excerpt\">\n\t\t\t<p>Ma\u0161a Gala&nbsp;obtained a degree in painting, new media and graphic from&nbsp;Academy of Fine Arts and Design at University of Ljubljana, from which she received in<\/p>\n\t\t<\/div>\n\t\t\t\t<\/div>\n\t\t\t\t<\/article>\n\t\t\t\t<article class=\"elementor-post elementor-grid-item post-833 umetniki type-umetniki status-publish hentry leto-2018-en jezik-eng umetnik-kategorija-ilustrations\">\n\t\t\t\t<div class=\"elementor-post__text\">\n\t\t\t\t<h1 class=\"elementor-post__title\">\n\t\t\t<a href=\"https:\/\/layer.si\/kaos\/en\/umetniki\/julien-moulin-2\/\" >\n\t\t\t\tJULIEN MOULIN\t\t\t<\/a>\n\t\t<\/h1>\n\t\t\t\t<div class=\"elementor-post__excerpt\">\n\t\t\t<p>Julien Moulin&nbsp;has been an art director for over 20 years. He started his career at a design firm in Paris after obtaining a degree in<\/p>\n\t\t<\/div>\n\t\t\t\t<\/div>\n\t\t\t\t<\/article>\n\t\t\t\t<article class=\"elementor-post elementor-grid-item post-827 umetniki type-umetniki status-publish hentry leto-2018-en jezik-eng umetnik-kategorija-ilustrations\">\n\t\t\t\t<div class=\"elementor-post__text\">\n\t\t\t\t<h1 class=\"elementor-post__title\">\n\t\t\t<a href=\"https:\/\/layer.si\/kaos\/en\/umetniki\/jessica-oreck-2\/\" >\n\t\t\t\tJESSICA ORECK\t\t\t<\/a>\n\t\t<\/h1>\n\t\t\t\t<div class=\"elementor-post__excerpt\">\n\t\t\t<p>Jessica Oreck&nbsp;makes projects with using different mediums in an effort to re-inspire a sense of wonder about the world of the every-day. She has made<\/p>\n\t\t<\/div>\n\t\t\t\t<\/div>\n\t\t\t\t<\/article>\n\t\t\t\t<article class=\"elementor-post elementor-grid-item post-855 umetniki type-umetniki status-publish hentry leto-2018-en jezik-eng umetnik-kategorija-ilustrations\">\n\t\t\t\t<div class=\"elementor-post__text\">\n\t\t\t\t<h1 class=\"elementor-post__title\">\n\t\t\t<a href=\"https:\/\/layer.si\/kaos\/en\/umetniki\/miranda-rumina-2\/\" >\n\t\t\t\tMIRANDA RUMINA\t\t\t<\/a>\n\t\t<\/h1>\n\t\t\t\t<div class=\"elementor-post__excerpt\">\n\t\t\t<p>Miranda Rumina&nbsp;is an internationally established multimedia artist, who lives and works in London, Slovenia and Auroville, India. Since 1990 she has been creating using diverse<\/p>\n\t\t<\/div>\n\t\t\t\t<\/div>\n\t\t\t\t<\/article>\n\t\t\t\t<article class=\"elementor-post elementor-grid-item post-829 umetniki type-umetniki status-publish hentry leto-2018-en jezik-eng umetnik-kategorija-ilustrations\">\n\t\t\t\t<div class=\"elementor-post__text\">\n\t\t\t\t<h1 class=\"elementor-post__title\">\n\t\t\t<a href=\"https:\/\/layer.si\/kaos\/en\/umetniki\/jonathan-tegelaars-2\/\" >\n\t\t\t\tJONATHAN TEGELAARS\t\t\t<\/a>\n\t\t<\/h1>\n\t\t\t\t<div class=\"elementor-post__excerpt\">\n\t\t\t<p>Jonathan Tegelaars, born in Florence on the 15th of November 1988, second of two brothers, father Dutch, mother French. He was schooled at the \u00c9cole<\/p>\n\t\t<\/div>\n\t\t\t\t<\/div>\n\t\t\t\t<\/article>\n\t\t\t\t<article class=\"elementor-post elementor-grid-item post-857 umetniki type-umetniki status-publish hentry leto-2018-en jezik-eng umetnik-kategorija-ilustrations\">\n\t\t\t\t<div class=\"elementor-post__text\">\n\t\t\t\t<h1 class=\"elementor-post__title\">\n\t\t\t<a href=\"https:\/\/layer.si\/kaos\/en\/umetniki\/ojerum-2\/\" >\n\t\t\t\t\u00d8jeRum\t\t\t<\/a>\n\t\t<\/h1>\n\t\t\t\t<div class=\"elementor-post__excerpt\">\n\t\t\t<p>An untrained artist from Copenhagen shows off deftness with tone and mood&nbsp;combining archival images and scenes from nature. The artist, who goes by \u00f8jeRum,&nbsp;weaves together&nbsp;antique<\/p>\n\t\t<\/div>\n\t\t\t\t<\/div>\n\t\t\t\t<\/article>\n\t\t\t\t<article class=\"elementor-post elementor-grid-item post-860 umetniki type-umetniki status-publish hentry leto-2018-en jezik-eng umetnik-kategorija-ilustrations\">\n\t\t\t\t<div class=\"elementor-post__text\">\n\t\t\t\t<h1 class=\"elementor-post__title\">\n\t\t\t<a href=\"https:\/\/layer.si\/kaos\/en\/umetniki\/silvio-severino-2\/\" >\n\t\t\t\tSILVIO SEVERINO\t\t\t<\/a>\n\t\t<\/h1>\n\t\t\t\t<div class=\"elementor-post__excerpt\">\n\t\t\t<p>Silvio Severino AKA LooP_Conspiracy is a contemporary photographer, collage, and gif artist.&nbsp;Silvio is interested in exploring a range of contemporary issues through both collage and<\/p>\n\t\t<\/div>\n\t\t\t\t<\/div>\n\t\t\t\t<\/article>\n\t\t\t\t<article class=\"elementor-post elementor-grid-item post-867 umetniki type-umetniki status-publish hentry leto-2018-en jezik-eng umetnik-kategorija-ilustrations\">\n\t\t\t\t<div class=\"elementor-post__text\">\n\t\t\t\t<h1 class=\"elementor-post__title\">\n\t\t\t<a href=\"https:\/\/layer.si\/kaos\/en\/umetniki\/tanja-gerkman-2\/\" >\n\t\t\t\tTANJA GERKMAN\t\t\t<\/a>\n\t\t<\/h1>\n\t\t\t\t<div class=\"elementor-post__excerpt\">\n\t\t\t<p>Tanja Gerkman (* 1987, Kranj) is a graphic designer who \u2013 when her life is not dancing on foreign streets and places \u2013 works on<\/p>\n\t\t<\/div>\n\t\t\t\t<\/div>\n\t\t\t\t<\/article>\n\t\t\t\t<article class=\"elementor-post elementor-grid-item post-803 umetniki type-umetniki status-publish hentry leto-2018-en jezik-eng umetnik-kategorija-ilustrations\">\n\t\t\t\t<div class=\"elementor-post__text\">\n\t\t\t\t<h1 class=\"elementor-post__title\">\n\t\t\t<a href=\"https:\/\/layer.si\/kaos\/en\/umetniki\/anika-dziewior-pavlin-2\/\" >\n\t\t\t\tANIKA DZIEWIOR PAVLIN\t\t\t<\/a>\n\t\t<\/h1>\n\t\t\t\t<div class=\"elementor-post__excerpt\">\n\t\t\t<p>Polish video editor and motion designer based in Slovenia. She graduated political journalism on Jagiellonian University in Krakow.&nbsp;Currently she works in advertising &#8211; editing and<\/p>\n\t\t<\/div>\n\t\t\t\t<\/div>\n\t\t\t\t<\/article>\n\t\t\t\t<article class=\"elementor-post elementor-grid-item post-843 umetniki type-umetniki status-publish hentry leto-2018-en jezik-eng umetnik-kategorija-ilustrations\">\n\t\t\t\t<div class=\"elementor-post__text\">\n\t\t\t\t<h1 class=\"elementor-post__title\">\n\t\t\t<a href=\"https:\/\/layer.si\/kaos\/en\/umetniki\/manica-k-musil-2\/\" >\n\t\t\t\tMANICA K. MUSIL\t\t\t<\/a>\n\t\t<\/h1>\n\t\t\t\t<div class=\"elementor-post__excerpt\">\n\t\t\t<p>At first she wanted to study piano, but soon changed her interest in other field of artistic creativity, in architecture. Her remarkable achievements are two<\/p>\n\t\t<\/div>\n\t\t\t\t<\/div>\n\t\t\t\t<\/article>\n\t\t\t\t<article class=\"elementor-post elementor-grid-item post-845 umetniki type-umetniki status-publish hentry leto-2018-en jezik-eng umetnik-kategorija-ilustrations\">\n\t\t\t\t<div class=\"elementor-post__text\">\n\t\t\t\t<h1 class=\"elementor-post__title\">\n\t\t\t<a href=\"https:\/\/layer.si\/kaos\/en\/umetniki\/maria-elisa-quiaro-2\/\" >\n\t\t\t\tMARIA ELISA QUIARO\t\t\t<\/a>\n\t\t<\/h1>\n\t\t\t\t<div class=\"elementor-post__excerpt\">\n\t\t\t<p>For Maria Elisa Quiaro, literally speaking, life is a collage. The mixed media artist, who was born in Venezuela, comes from a family where many<\/p>\n\t\t<\/div>\n\t\t\t\t<\/div>\n\t\t\t\t<\/article>\n\t\t\t\t<article class=\"elementor-post elementor-grid-item post-801 umetniki type-umetniki status-publish hentry leto-2018-en jezik-eng umetnik-kategorija-ilustrations\">\n\t\t\t\t<div class=\"elementor-post__text\">\n\t\t\t\t<h1 class=\"elementor-post__title\">\n\t\t\t<a href=\"https:\/\/layer.si\/kaos\/en\/umetniki\/andreina-grasso-2\/\" >\n\t\t\t\tANDREINA GRASSO\t\t\t<\/a>\n\t\t<\/h1>\n\t\t\t\t<div class=\"elementor-post__excerpt\">\n\t\t\t<p>Andreina Grasso&nbsp;is an Uruguayan designer and a Collage Maker. Last year she received her Designer Degree, but expressing through collages has always been an important<\/p>\n\t\t<\/div>\n\t\t\t\t<\/div>\n\t\t\t\t<\/article>\n\t\t\t\t<article class=\"elementor-post elementor-grid-item post-849 umetniki type-umetniki status-publish hentry leto-2018-en jezik-eng umetnik-kategorija-ilustrations\">\n\t\t\t\t<div class=\"elementor-post__text\">\n\t\t\t\t<h1 class=\"elementor-post__title\">\n\t\t\t<a href=\"https:\/\/layer.si\/kaos\/en\/umetniki\/marusa-racic-2\/\" >\n\t\t\t\tMARU\u0160A RA\u010cI\u010c\t\t\t<\/a>\n\t\t<\/h1>\n\t\t\t\t<div class=\"elementor-post__excerpt\">\n\t\t\t<p>Maru\u0161a Ra\u010di\u010d&nbsp;(Ljubljana, 1988) is a graphical designer. After graduating from the Faculty of Natural Sciences and Engineering in Ljubljana (where she studied graphic and media<\/p>\n\t\t<\/div>\n\t\t\t\t<\/div>\n\t\t\t\t<\/article>\n\t\t\t\t<article class=\"elementor-post elementor-grid-item post-823 umetniki type-umetniki status-publish hentry leto-2018-en jezik-eng umetnik-kategorija-ilustrations\">\n\t\t\t\t<div class=\"elementor-post__text\">\n\t\t\t\t<h1 class=\"elementor-post__title\">\n\t\t\t<a href=\"https:\/\/layer.si\/kaos\/en\/umetniki\/hana-jesih-2\/\" >\n\t\t\t\tHANA JESIH\t\t\t<\/a>\n\t\t<\/h1>\n\t\t\t\t<div class=\"elementor-post__excerpt\">\n\t\t\t<p>Hana Jesih&nbsp;is specialised in visual communications and illustration. She graduated from the Academy of Fine Arts and Design in Ljubljana. As a designer \u2013 creative<\/p>\n\t\t<\/div>\n\t\t\t\t<\/div>\n\t\t\t\t<\/article>\n\t\t\t\t<article class=\"elementor-post elementor-grid-item post-814 umetniki type-umetniki status-publish hentry leto-2018-en jezik-eng umetnik-kategorija-ilustrations\">\n\t\t\t\t<div class=\"elementor-post__text\">\n\t\t\t\t<h1 class=\"elementor-post__title\">\n\t\t\t<a href=\"https:\/\/layer.si\/kaos\/en\/umetniki\/eva-mlinar-2\/\" >\n\t\t\t\tEVA MLINAR\t\t\t<\/a>\n\t\t<\/h1>\n\t\t\t\t<div class=\"elementor-post__excerpt\">\n\t\t\t<p>Eva Mlinar&nbsp;has graduated from the Faculty of Arts in Ljubljana, where she studied art history, and from the Academy of Fine Arts and Design in<\/p>\n\t\t<\/div>\n\t\t\t\t<\/div>\n\t\t\t\t<\/article>\n\t\t\t\t<article class=\"elementor-post elementor-grid-item post-770 umetniki type-umetniki status-publish hentry leto-2018-en jezik-eng umetnik-kategorija-ilustrations\">\n\t\t\t\t<div class=\"elementor-post__text\">\n\t\t\t\t<h1 class=\"elementor-post__title\">\n\t\t\t<a href=\"https:\/\/layer.si\/kaos\/en\/umetniki\/ana-maraz-2\/\" >\n\t\t\t\tANA MARA\u017d\t\t\t<\/a>\n\t\t<\/h1>\n\t\t\t\t<div class=\"elementor-post__excerpt\">\n\t\t\t<p>Ana Mara\u017e&nbsp;je leta 2011 diplomirala na Pedago\u0161ki fakulteti v Ljubljani na oddelku za likovno pedagogiko pri profesorju Zdenku Huzjanu in dr. Beatriz Tom\u0161i\u010d \u010cerkez. Deluje<\/p>\n\t\t<\/div>\n\t\t\t\t<\/div>\n\t\t\t\t<\/article>\n\t\t\t\t<article class=\"elementor-post elementor-grid-item post-841 umetniki type-umetniki status-publish hentry leto-2018-en jezik-eng umetnik-kategorija-ilustrations\">\n\t\t\t\t<div class=\"elementor-post__text\">\n\t\t\t\t<h1 class=\"elementor-post__title\">\n\t\t\t<a href=\"https:\/\/layer.si\/kaos\/en\/umetniki\/luisa-und-eva-2\/\" >\n\t\t\t\tLUISA UND EVA\t\t\t<\/a>\n\t\t<\/h1>\n\t\t\t\t<div class=\"elementor-post__excerpt\">\n\t\t\t<p>Luisa St\u00f6mer and Eva W\u00fcnsch&nbsp;are two Illustrators and graphic designers from southern Germany. They met in art school, became friends and started working together. They<\/p>\n\t\t<\/div>\n\t\t\t\t<\/div>\n\t\t\t\t<\/article>\n\t\t\t\t<article class=\"elementor-post elementor-grid-item post-767 umetniki type-umetniki status-publish hentry leto-2018-en jezik-eng umetnik-kategorija-ilustrations\">\n\t\t\t\t<div class=\"elementor-post__text\">\n\t\t\t\t<h1 class=\"elementor-post__title\">\n\t\t\t<a href=\"https:\/\/layer.si\/kaos\/en\/umetniki\/ana-de-lima-2\/\" >\n\t\t\t\tANA DE LIMA\t\t\t<\/a>\n\t\t<\/h1>\n\t\t\t\t<div class=\"elementor-post__excerpt\">\n\t\t\t<p>Ana de Lima&nbsp;je \u0161panska ilustratorka in umetnica. Diplomirala je iz modnega oblikovanja in zaklju\u010dila \u0161tudij ilustracije na Bau School v Barceloni in na Saint Martin<\/p>\n\t\t<\/div>\n\t\t\t\t<\/div>\n\t\t\t\t<\/article>\n\t\t\t\t<article class=\"elementor-post elementor-grid-item post-825 umetniki type-umetniki status-publish hentry leto-2018-en jezik-eng umetnik-kategorija-ilustrations\">\n\t\t\t\t<div class=\"elementor-post__text\">\n\t\t\t\t<h1 class=\"elementor-post__title\">\n\t\t\t<a href=\"https:\/\/layer.si\/kaos\/en\/umetniki\/hellena-pallares-2\/\" >\n\t\t\t\tHELLENA PALLARES\t\t\t<\/a>\n\t\t<\/h1>\n\t\t\t\t<div class=\"elementor-post__excerpt\">\n\t\t\t<p>Helena Pallares&nbsp;is a Spanish illustrator currently working and living in Paris. She graduated in fine arts and graphic design and she works as a freelance<\/p>\n\t\t<\/div>\n\t\t\t\t<\/div>\n\t\t\t\t<\/article>\n\t\t\t\t<article class=\"elementor-post elementor-grid-item post-877 umetniki type-umetniki status-publish hentry leto-2018-en jezik-eng umetnik-kategorija-ilustrations\">\n\t\t\t\t<div class=\"elementor-post__text\">\n\t\t\t\t<h1 class=\"elementor-post__title\">\n\t\t\t<a href=\"https:\/\/layer.si\/kaos\/en\/umetniki\/zoran-pungercar-2\/\" >\n\t\t\t\tZORAN PUNGER\u010cAR\t\t\t<\/a>\n\t\t<\/h1>\n\t\t\t\t<div class=\"elementor-post__excerpt\">\n\t\t\t<p>Zoran Punger\u010dar&nbsp;was born in 1985 in Postojna. He lives and works in Ljubljana. He is specialised in illustration, graphics, drawing and painting. As an illustrator<\/p>\n\t\t<\/div>\n\t\t\t\t<\/div>\n\t\t\t\t<\/article>\n\t\t\t\t<article class=\"elementor-post elementor-grid-item post-805 umetniki type-umetniki status-publish hentry leto-2018-en jezik-eng umetnik-kategorija-ilustrations\">\n\t\t\t\t<div class=\"elementor-post__text\">\n\t\t\t\t<h1 class=\"elementor-post__title\">\n\t\t\t<a href=\"https:\/\/layer.si\/kaos\/en\/umetniki\/aricollage-2\/\" >\n\t\t\t\tARICOLLAGE\t\t\t<\/a>\n\t\t<\/h1>\n\t\t\t\t<div class=\"elementor-post__excerpt\">\n\t\t\t<p>Since 2010, in visual area,&nbsp;Aricollage&nbsp;collaborates with magazines like Letras Libres and Tierra Adentro, publishing houses like Paraiso Perdido and Fondo Editorial Tierra Adentro; and electronic<\/p>\n\t\t<\/div>\n\t\t\t\t<\/div>\n\t\t\t\t<\/article>\n\t\t\t\t<article class=\"elementor-post elementor-grid-item post-816 umetniki type-umetniki status-publish hentry leto-2018-en jezik-eng umetnik-kategorija-ilustrations\">\n\t\t\t\t<div class=\"elementor-post__text\">\n\t\t\t\t<h1 class=\"elementor-post__title\">\n\t\t\t<a href=\"https:\/\/layer.si\/kaos\/en\/umetniki\/fita-cola-2\/\" >\n\t\t\t\tFITA COLA\t\t\t<\/a>\n\t\t<\/h1>\n\t\t\t\t<div class=\"elementor-post__excerpt\">\n\t\t\t<p>Fitacola Collage&nbsp;are Gra\u00e7a and Carlos Quit\u00e9rio. They started making collages together in 2005, while in college, using adhesive tape, which in Portuguese is called fita-cola.<\/p>\n\t\t<\/div>\n\t\t\t\t<\/div>\n\t\t\t\t<\/article>\n\t\t\t\t<article class=\"elementor-post elementor-grid-item post-872 umetniki type-umetniki status-publish hentry leto-2018-en jezik-eng umetnik-kategorija-ilustrations\">\n\t\t\t\t<div class=\"elementor-post__text\">\n\t\t\t\t<h1 class=\"elementor-post__title\">\n\t\t\t<a href=\"https:\/\/layer.si\/kaos\/en\/umetniki\/vasko-vidmar-2\/\" >\n\t\t\t\tVASKO VIDMAR\t\t\t<\/a>\n\t\t<\/h1>\n\t\t\t\t<div class=\"elementor-post__excerpt\">\n\t\t\t<p>31 years old&nbsp;Vasko Vidmar&nbsp;is a versatile artist from Piran. He began creating at an early age when his parents bought him his first coloured pencils<\/p>\n\t\t<\/div>\n\t\t\t\t<\/div>\n\t\t\t\t<\/article>\n\t\t\t\t<article class=\"elementor-post elementor-grid-item post-818 umetniki type-umetniki status-publish hentry leto-2018-en jezik-eng umetnik-kategorija-ilustrations\">\n\t\t\t\t<div class=\"elementor-post__text\">\n\t\t\t\t<h1 class=\"elementor-post__title\">\n\t\t\t<a href=\"https:\/\/layer.si\/kaos\/en\/umetniki\/frank-moth-2\/\" >\n\t\t\t\tFRANK MOTH\t\t\t<\/a>\n\t\t<\/h1>\n\t\t\t\t<div class=\"elementor-post__excerpt\">\n\t\t\t<p>Frank Moth&nbsp;was born in Athens in March 2014. He exists as an artist and as an alias for the two people that hide behind him.<\/p>\n\t\t<\/div>\n\t\t\t\t<\/div>\n\t\t\t\t<\/article>\n\t\t\t\t<article class=\"elementor-post elementor-grid-item post-865 umetniki type-umetniki status-publish hentry leto-2018-en jezik-eng umetnik-kategorija-ilustrations\">\n\t\t\t\t<div class=\"elementor-post__text\">\n\t\t\t\t<h1 class=\"elementor-post__title\">\n\t\t\t<a href=\"https:\/\/layer.si\/kaos\/en\/umetniki\/stephen-tierney-2\/\" >\n\t\t\t\tSTEPHEN TIERNEY\t\t\t<\/a>\n\t\t<\/h1>\n\t\t\t\t<div class=\"elementor-post__excerpt\">\n\t\t\t<p>Stephen Tierney&nbsp;grew up around the coastal suburbs of Sydney, Australia. He spent his teenage years surfing and skateboarding and was a professional skateboarder during the<\/p>\n\t\t<\/div>\n\t\t\t\t<\/div>\n\t\t\t\t<\/article>\n\t\t\t\t<\/div>\n\t\t\t\t<\/div>\n\t\t\t\t<\/div>\n\t\t\t\t\t\t<\/div>\n\t\t\t<\/div>\n\t\t<\/div>\n\t\t\t\t\t\t<\/div>\n\t\t\t<\/div>\n\t\t<\/section>\n\t\t\t\t\t\t<\/div>\n\t\t\t<\/div>\n\t\t<\/div>\n\t\t","protected":false},"excerpt":{"rendered":"","protected":false},"author":1,"featured_media":0,"parent":1001,"menu_order":4,"comment_status":"closed","ping_status":"closed","template":"","meta":[],"_links":{"self":[{"href":"https:\/\/layer.si\/kaos\/wp-json\/wp\/v2\/pages\/1008"}],"collection":[{"href":"https:\/\/layer.si\/kaos\/wp-json\/wp\/v2\/pages"}],"about":[{"href":"https:\/\/layer.si\/kaos\/wp-json\/wp\/v2\/types\/page"}],"author":[{"embeddable":true,"href":"https:\/\/layer.si\/kaos\/wp-json\/wp\/v2\/users\/1"}],"replies":[{"embeddable":true,"href":"https:\/\/layer.si\/kaos\/wp-json\/wp\/v2\/comments?post=1008"}],"version-history":[{"count":6,"href":"https:\/\/layer.si\/kaos\/wp-json\/wp\/v2\/pages\/1008\/revisions"}],"predecessor-version":[{"id":4209,"href":"https:\/\/layer.si\/kaos\/wp-json\/wp\/v2\/pages\/1008\/revisions\/4209"}],"up":[{"embeddable":true,"href":"https:\/\/layer.si\/kaos\/wp-json\/wp\/v2\/pages\/1001"}],"wp:attachment":[{"href":"https:\/\/layer.si\/kaos\/wp-json\/wp\/v2\/media?parent=1008"}],"curies":[{"name":"wp","href":"https:\/\/api.w.org\/{rel}","templated":true}]}}