{"id":334,"date":"2019-03-31T02:23:13","date_gmt":"2019-03-31T02:23:11","guid":{"rendered":"https:\/\/layer.si\/kaos\/?page_id=334"},"modified":"2020-07-08T20:05:30","modified_gmt":"2020-07-08T20:05:30","slug":"povabljeni-umetniki-2018","status":"publish","type":"page","link":"https:\/\/layer.si\/kaos\/si\/umetniki\/povabljeni-umetniki\/povabljeni-umetniki-2018\/","title":{"rendered":"POVABLJENI UMETNIKI 2018"},"content":{"rendered":"\t\t<div data-elementor-type=\"wp-post\" data-elementor-id=\"334\" class=\"elementor elementor-334\" data-elementor-settings=\"[]\">\n\t\t\t<div class=\"elementor-inner\">\n\t\t\t\t<div class=\"elementor-section-wrap\">\n\t\t\t\t\t\t\t<section class=\"elementor-element elementor-element-1c97fc4 elementor-section-boxed elementor-section-height-default elementor-section-height-default elementor-section elementor-top-section\" data-id=\"1c97fc4\" data-element_type=\"section\">\n\t\t\t\t\t\t<div class=\"elementor-container elementor-column-gap-default\">\n\t\t\t\t<div class=\"elementor-row\">\n\t\t\t\t<div class=\"elementor-element elementor-element-880f230 elementor-column elementor-col-100 elementor-top-column\" data-id=\"880f230\" data-element_type=\"column\">\n\t\t\t<div class=\"elementor-column-wrap  elementor-element-populated\">\n\t\t\t\t\t<div class=\"elementor-widget-wrap\">\n\t\t\t\t<div class=\"elementor-element elementor-element-8d95c39 elementor-nav-menu__align-center elementor-nav-menu__text-align-center elementor-nav-menu--indicator-classic elementor-nav-menu--dropdown-tablet elementor-widget elementor-widget-nav-menu\" data-id=\"8d95c39\" data-element_type=\"widget\" data-settings=\"{&quot;layout&quot;:&quot;horizontal&quot;}\" data-widget_type=\"nav-menu.default\">\n\t\t\t\t<div class=\"elementor-widget-container\">\n\t\t\t\t\t\t<nav role=\"navigation\" class=\"elementor-nav-menu--main elementor-nav-menu__container elementor-nav-menu--layout-horizontal e--pointer-underline e--animation-fade\"><ul id=\"menu-1-8d95c39\" class=\"elementor-nav-menu\"><li class=\"menu-item menu-item-type-post_type menu-item-object-page menu-item-5570\"><a href=\"https:\/\/layer.si\/kaos\/si\/umetniki\/povabljeni-umetniki\/povabljeni-umetniki-2024\/\" class=\"elementor-item\">2024<\/a><\/li>\n<li class=\"menu-item menu-item-type-post_type menu-item-object-page menu-item-4654\"><a href=\"https:\/\/layer.si\/kaos\/si\/umetniki\/povabljeni-umetniki\/povabljeni-umetniki-2022\/\" class=\"elementor-item\">2022<\/a><\/li>\n<li class=\"menu-item menu-item-type-post_type menu-item-object-page menu-item-4193\"><a href=\"https:\/\/layer.si\/kaos\/si\/umetniki\/povabljeni-umetniki\/povabljeni-umetniki-2020\/\" class=\"elementor-item\">2020<\/a><\/li>\n<li class=\"menu-item menu-item-type-post_type menu-item-object-page menu-item-344\"><a href=\"https:\/\/layer.si\/kaos\/si\/umetniki\/povabljeni-umetniki\/povabljeni-umetniki-2019\/\" class=\"elementor-item\">2019<\/a><\/li>\n<li class=\"menu-item menu-item-type-post_type menu-item-object-page menu-item-345\"><a href=\"https:\/\/layer.si\/kaos\/si\/umetniki\/povabljeni-umetniki\/povabljeni-umetniki-2018\/\" class=\"elementor-item\">2018<\/a><\/li>\n<\/ul><\/nav>\n\t\t\t\t\t<div class=\"elementor-menu-toggle\" role=\"button\" tabindex=\"0\" aria-label=\"Menu Toggle\" aria-expanded=\"false\">\n\t\t\t<i class=\"eicon-menu-bar\" aria-hidden=\"true\"><\/i>\n\t\t\t<span class=\"elementor-screen-only\">Menu<\/span>\n\t\t<\/div>\n\t\t\t<nav class=\"elementor-nav-menu--dropdown elementor-nav-menu__container\" role=\"navigation\" aria-hidden=\"true\"><ul id=\"menu-2-8d95c39\" class=\"elementor-nav-menu\"><li class=\"menu-item menu-item-type-post_type menu-item-object-page menu-item-5570\"><a href=\"https:\/\/layer.si\/kaos\/si\/umetniki\/povabljeni-umetniki\/povabljeni-umetniki-2024\/\" class=\"elementor-item\">2024<\/a><\/li>\n<li class=\"menu-item menu-item-type-post_type menu-item-object-page menu-item-4654\"><a href=\"https:\/\/layer.si\/kaos\/si\/umetniki\/povabljeni-umetniki\/povabljeni-umetniki-2022\/\" class=\"elementor-item\">2022<\/a><\/li>\n<li class=\"menu-item menu-item-type-post_type menu-item-object-page menu-item-4193\"><a href=\"https:\/\/layer.si\/kaos\/si\/umetniki\/povabljeni-umetniki\/povabljeni-umetniki-2020\/\" class=\"elementor-item\">2020<\/a><\/li>\n<li class=\"menu-item menu-item-type-post_type menu-item-object-page menu-item-344\"><a href=\"https:\/\/layer.si\/kaos\/si\/umetniki\/povabljeni-umetniki\/povabljeni-umetniki-2019\/\" class=\"elementor-item\">2019<\/a><\/li>\n<li class=\"menu-item menu-item-type-post_type menu-item-object-page menu-item-345\"><a href=\"https:\/\/layer.si\/kaos\/si\/umetniki\/povabljeni-umetniki\/povabljeni-umetniki-2018\/\" class=\"elementor-item\">2018<\/a><\/li>\n<\/ul><\/nav>\n\t\t\t\t<\/div>\n\t\t\t\t<\/div>\n\t\t\t\t\t\t<\/div>\n\t\t\t<\/div>\n\t\t<\/div>\n\t\t\t\t\t\t<\/div>\n\t\t\t<\/div>\n\t\t<\/section>\n\t\t\t\t<section class=\"elementor-element elementor-element-2472aba elementor-section-stretched elementor-section-full_width elementor-section-height-default elementor-section-height-default elementor-section elementor-top-section\" data-id=\"2472aba\" data-element_type=\"section\" data-settings=\"{&quot;stretch_section&quot;:&quot;section-stretched&quot;}\">\n\t\t\t\t\t\t<div class=\"elementor-container elementor-column-gap-default\">\n\t\t\t\t<div class=\"elementor-row\">\n\t\t\t\t<div class=\"elementor-element elementor-element-1005aa8 elementor-column elementor-col-100 elementor-top-column\" data-id=\"1005aa8\" data-element_type=\"column\">\n\t\t\t<div class=\"elementor-column-wrap  elementor-element-populated\">\n\t\t\t\t\t<div class=\"elementor-widget-wrap\">\n\t\t\t\t<div class=\"elementor-element elementor-element-a0340e6 elementor-grid-4 elementor-posts--align-left elementor-grid-tablet-2 elementor-grid-mobile-1 elementor-posts--thumbnail-top elementor-widget elementor-widget-posts\" data-id=\"a0340e6\" data-element_type=\"widget\" data-settings=\"{&quot;classic_columns&quot;:&quot;4&quot;,&quot;classic_row_gap&quot;:{&quot;unit&quot;:&quot;px&quot;,&quot;size&quot;:20,&quot;sizes&quot;:[]},&quot;classic_columns_tablet&quot;:&quot;2&quot;,&quot;classic_columns_mobile&quot;:&quot;1&quot;}\" data-widget_type=\"posts.classic\">\n\t\t\t\t<div class=\"elementor-widget-container\">\n\t\t\t\t\t<div class=\"elementor-posts-container elementor-posts elementor-posts--skin-classic elementor-grid\">\n\t\t\t\t<article class=\"elementor-post elementor-grid-item post-271 umetniki type-umetniki status-publish hentry leto-11 jezik-slo umetnik-kategorija-ilustracija\">\n\t\t\t\t<div class=\"elementor-post__text\">\n\t\t\t\t<h1 class=\"elementor-post__title\">\n\t\t\t<a href=\"https:\/\/layer.si\/kaos\/umetniki\/marusa-stibelj\/\" >\n\t\t\t\tMARU\u0160A \u0160TIBELJ\t\t\t<\/a>\n\t\t<\/h1>\n\t\t\t\t<div class=\"elementor-post__excerpt\">\n\t\t\t<p>Maru\u0161a \u0160tibelj&nbsp;(1986) je diplomirala iz likovne pedagogike (Sporo\u010dilnost barve v filmu) na&nbsp;Pedago\u0161ki fakulteti Univerze v Ljubljani. Svoje kola\u017ee je razstavljala na samostojnih in skupinskih razstavah<\/p>\n\t\t<\/div>\n\t\t\t\t<\/div>\n\t\t\t\t<\/article>\n\t\t\t\t<article class=\"elementor-post elementor-grid-item post-274 umetniki type-umetniki status-publish hentry leto-11 jezik-slo umetnik-kategorija-ilustracija\">\n\t\t\t\t<div class=\"elementor-post__text\">\n\t\t\t\t<h1 class=\"elementor-post__title\">\n\t\t\t<a href=\"https:\/\/layer.si\/kaos\/umetniki\/julie-marchad\/\" >\n\t\t\t\tJULIE MARCHAD\t\t\t<\/a>\n\t\t<\/h1>\n\t\t\t\t<div class=\"elementor-post__excerpt\">\n\t\t\t<p>Julie Marchad je rojena&nbsp;v Parizu leta 1980, kjer je&nbsp;opravila celotno obvezno in univerzitetno \u0161olanje. Potem, ko je&nbsp;leta 2004 na&nbsp;\u00c9cole sup\u00e9rieure d&#8217;arts Rueil-Malmaison&nbsp; prejela DNAP (nacionalno<\/p>\n\t\t<\/div>\n\t\t\t\t<\/div>\n\t\t\t\t<\/article>\n\t\t\t\t<article class=\"elementor-post elementor-grid-item post-276 umetniki type-umetniki status-publish hentry leto-11 jezik-slo umetnik-kategorija-ilustracija\">\n\t\t\t\t<div class=\"elementor-post__text\">\n\t\t\t\t<h1 class=\"elementor-post__title\">\n\t\t\t<a href=\"https:\/\/layer.si\/kaos\/umetniki\/marina-markovic\/\" >\n\t\t\t\tMARINA MARKOVIC\t\t\t<\/a>\n\t\t<\/h1>\n\t\t\t\t<div class=\"elementor-post__excerpt\">\n\t\t\t<p>Marina Markovic&nbsp;preko svojega dela in z uporabo razli\u010dnih medijev (video, preformans, kiparjenje, razli\u010dne principe ro\u010dnih doma\u010dih obrti, kola\u017e, itn.) raziskuje socialne pritiske na \u017eenska telesa,<\/p>\n\t\t<\/div>\n\t\t\t\t<\/div>\n\t\t\t\t<\/article>\n\t\t\t\t<article class=\"elementor-post elementor-grid-item post-278 umetniki type-umetniki status-publish hentry leto-11 jezik-slo umetnik-kategorija-ilustracija\">\n\t\t\t\t<div class=\"elementor-post__text\">\n\t\t\t\t<h1 class=\"elementor-post__title\">\n\t\t\t<a href=\"https:\/\/layer.si\/kaos\/umetniki\/vec-avtoric\/\" >\n\t\t\t\tVE\u010c AVTORIC\t\t\t<\/a>\n\t\t<\/h1>\n\t\t\t\t<div class=\"elementor-post__excerpt\">\n\t\t\t<p>&#8220;Bolezen na\u0161ih dni&#8221;&nbsp;je delo&nbsp;ve\u010d avtoric,&nbsp;za\u010dasnega&nbsp;kolektiva,&nbsp;ki ga sestavljajo&nbsp;\u0161tiri&nbsp;umetnice (ve\u010dinoma \u0161tudentke umetni\u0161kih akademij) z razli\u010dnim ozadjem in iz razli\u010dnih dru\u017ebenih okolij. Ustvarjajo individualno, a rade izkoristijo prilo\u017enosti<\/p>\n\t\t<\/div>\n\t\t\t\t<\/div>\n\t\t\t\t<\/article>\n\t\t\t\t<article class=\"elementor-post elementor-grid-item post-280 umetniki type-umetniki status-publish hentry leto-11 jezik-slo umetnik-kategorija-ilustracija\">\n\t\t\t\t<div class=\"elementor-post__text\">\n\t\t\t\t<h1 class=\"elementor-post__title\">\n\t\t\t<a href=\"https:\/\/layer.si\/kaos\/umetniki\/masa-gala\/\" >\n\t\t\t\tMA\u0160A GALA\t\t\t<\/a>\n\t\t<\/h1>\n\t\t\t\t<div class=\"elementor-post__excerpt\">\n\t\t\t<p>Ma\u0161a Gala&nbsp;je zaklju\u010dila je \u0161tudij slikarstva, novih medijev in grafike na&nbsp;Akademiji za likovno umetnost in oblikovanje, Univerza v Ljubljani, kjer je leta 2010 prejela \u0161tudentsko<\/p>\n\t\t<\/div>\n\t\t\t\t<\/div>\n\t\t\t\t<\/article>\n\t\t\t\t<article class=\"elementor-post elementor-grid-item post-282 umetniki type-umetniki status-publish hentry leto-11 jezik-slo umetnik-kategorija-ilustracija\">\n\t\t\t\t<div class=\"elementor-post__text\">\n\t\t\t\t<h1 class=\"elementor-post__title\">\n\t\t\t<a href=\"https:\/\/layer.si\/kaos\/umetniki\/julien-moulin\/\" >\n\t\t\t\tJULIEN MOULIN\t\t\t<\/a>\n\t\t<\/h1>\n\t\t\t\t<div class=\"elementor-post__excerpt\">\n\t\t\t<p>Julien Moulin&nbsp;\u017ee preko 20 let zaseda mesto umetni\u0161kega direktorja. Karierno pot je za\u010del v oblikovalskem podjetju v Parizu, ko je diplomiral iz grafi\u010dnega oblikovanja na&nbsp;\u00c9cole<\/p>\n\t\t<\/div>\n\t\t\t\t<\/div>\n\t\t\t\t<\/article>\n\t\t\t\t<article class=\"elementor-post elementor-grid-item post-284 umetniki type-umetniki status-publish hentry leto-11 jezik-slo umetnik-kategorija-ilustracija\">\n\t\t\t\t<div class=\"elementor-post__text\">\n\t\t\t\t<h1 class=\"elementor-post__title\">\n\t\t\t<a href=\"https:\/\/layer.si\/kaos\/umetniki\/jessica-oreck\/\" >\n\t\t\t\tJESSICA ORECK\t\t\t<\/a>\n\t\t<\/h1>\n\t\t\t\t<div class=\"elementor-post__excerpt\">\n\t\t\t<p>Jessica Oreck&nbsp;ustvarja projekte preko razli\u010dnih medijev, v katerih \u017eeli ponovno navdihniti ob\u010dutek \u010dudenja vsakdanjemu svetu. Ustvarila je \u0161tiri igrane filme o etnobiologiji \u2013 o na\u010dinu<\/p>\n\t\t<\/div>\n\t\t\t\t<\/div>\n\t\t\t\t<\/article>\n\t\t\t\t<article class=\"elementor-post elementor-grid-item post-286 umetniki type-umetniki status-publish hentry leto-11 jezik-slo umetnik-kategorija-ilustracija\">\n\t\t\t\t<div class=\"elementor-post__text\">\n\t\t\t\t<h1 class=\"elementor-post__title\">\n\t\t\t<a href=\"https:\/\/layer.si\/kaos\/umetniki\/miranda-rumina\/\" >\n\t\t\t\tMIRANDA RUMINA\t\t\t<\/a>\n\t\t<\/h1>\n\t\t\t\t<div class=\"elementor-post__excerpt\">\n\t\t\t<p>Miranda Rumina&nbsp;je mednarodno uveljavljena multimedijska umetnica, ki \u017eivi in dela v Londonu, Sloveniji in Aurovillu, Indija. Od leta 1990 ustvarja v raznovrstnih medijih: slikarstvo, kiparstvo,<\/p>\n\t\t<\/div>\n\t\t\t\t<\/div>\n\t\t\t\t<\/article>\n\t\t\t\t<article class=\"elementor-post elementor-grid-item post-288 umetniki type-umetniki status-publish hentry leto-11 jezik-slo umetnik-kategorija-ilustracija\">\n\t\t\t\t<div class=\"elementor-post__text\">\n\t\t\t\t<h1 class=\"elementor-post__title\">\n\t\t\t<a href=\"https:\/\/layer.si\/kaos\/umetniki\/jonathan-tegelaars\/\" >\n\t\t\t\tJONATHAN TEGELAARS\t\t\t<\/a>\n\t\t<\/h1>\n\t\t\t\t<div class=\"elementor-post__excerpt\">\n\t\t\t<p>Jonathan Tegelaars,&nbsp;rojen 15. novembra 1988 v Firencah, je mlaj\u0161i od dveh bratov, \u010digar o\u010de je Nizozemec, mama pa Francozinja. \u0160olal se je v&nbsp;\u00c9cole Fran\u00e7aise de<\/p>\n\t\t<\/div>\n\t\t\t\t<\/div>\n\t\t\t\t<\/article>\n\t\t\t\t<article class=\"elementor-post elementor-grid-item post-290 umetniki type-umetniki status-publish hentry leto-11 jezik-slo umetnik-kategorija-ilustracija\">\n\t\t\t\t<div class=\"elementor-post__text\">\n\t\t\t\t<h1 class=\"elementor-post__title\">\n\t\t\t<a href=\"https:\/\/layer.si\/kaos\/umetniki\/ojerum\/\" >\n\t\t\t\t\u00d8jeRum\t\t\t<\/a>\n\t\t<\/h1>\n\t\t\t\t<div class=\"elementor-post__excerpt\">\n\t\t\t<p>Ne\u0161olani umetnik iz Kopenhagna se baha s svojo tonsko in razpolo\u017eenjsko spretnostjo, tone in razpolo\u017eenja&nbsp;&nbsp;zdru\u017euje z arhivskimi podobami in prizori iz narave. Umetnik, poznan pod<\/p>\n\t\t<\/div>\n\t\t\t\t<\/div>\n\t\t\t\t<\/article>\n\t\t\t\t<article class=\"elementor-post elementor-grid-item post-292 umetniki type-umetniki status-publish hentry leto-11 jezik-slo umetnik-kategorija-ilustracija\">\n\t\t\t\t<div class=\"elementor-post__text\">\n\t\t\t\t<h1 class=\"elementor-post__title\">\n\t\t\t<a href=\"https:\/\/layer.si\/kaos\/umetniki\/silvio-severino\/\" >\n\t\t\t\tSILVIO SEVERINO\t\t\t<\/a>\n\t\t<\/h1>\n\t\t\t\t<div class=\"elementor-post__excerpt\">\n\t\t\t<p>Silvio Severino, poznan tudi pod imenom&nbsp;LooP_Conspiracy, je sodobni fotograf, kola\u017e in gif umetnik. Silvia zanima raziskovanje \u0161irokega nabora sodobnih vpra\u0161anj preko kola\u017ene in gif animacije.<\/p>\n\t\t<\/div>\n\t\t\t\t<\/div>\n\t\t\t\t<\/article>\n\t\t\t\t<article class=\"elementor-post elementor-grid-item post-294 umetniki type-umetniki status-publish hentry leto-11 jezik-slo umetnik-kategorija-ilustracija\">\n\t\t\t\t<div class=\"elementor-post__text\">\n\t\t\t\t<h1 class=\"elementor-post__title\">\n\t\t\t<a href=\"https:\/\/layer.si\/kaos\/umetniki\/tanja-gerkman\/\" >\n\t\t\t\tTANJA GERKMAN\t\t\t<\/a>\n\t\t<\/h1>\n\t\t\t\t<div class=\"elementor-post__excerpt\">\n\t\t\t<p>Tanja Gerkman (*1987, Kranj) je grafi\u010dna oblikovalka, ki takrat, kadar je \u017eivljenje ne premetava po tujih ulicah in krajih, dela na raznovrstnih projektih za razli\u010dne<\/p>\n\t\t<\/div>\n\t\t\t\t<\/div>\n\t\t\t\t<\/article>\n\t\t\t\t<article class=\"elementor-post elementor-grid-item post-296 umetniki type-umetniki status-publish hentry leto-11 jezik-slo umetnik-kategorija-ilustracija\">\n\t\t\t\t<div class=\"elementor-post__text\">\n\t\t\t\t<h1 class=\"elementor-post__title\">\n\t\t\t<a href=\"https:\/\/layer.si\/kaos\/umetniki\/anika-dziewior-pavlin\/\" >\n\t\t\t\tANIKA DZIEWIOR PAVLIN\t\t\t<\/a>\n\t\t<\/h1>\n\t\t\t\t<div class=\"elementor-post__excerpt\">\n\t\t\t<p>Anika je poljska video monterka, ki \u017eivi in dela v Sloveniji. Diplomirala je iz politi\u010dnega novinarstva na&nbsp;Jagiellonian University v Krakovu. Trenutno je zaposlena v ogla\u0161evanju<\/p>\n\t\t<\/div>\n\t\t\t\t<\/div>\n\t\t\t\t<\/article>\n\t\t\t\t<article class=\"elementor-post elementor-grid-item post-298 umetniki type-umetniki status-publish hentry leto-11 jezik-slo umetnik-kategorija-ilustracija\">\n\t\t\t\t<div class=\"elementor-post__text\">\n\t\t\t\t<h1 class=\"elementor-post__title\">\n\t\t\t<a href=\"https:\/\/layer.si\/kaos\/umetniki\/manica-k-musil\/\" >\n\t\t\t\tMANICA K. MUSIL\t\t\t<\/a>\n\t\t<\/h1>\n\t\t\t\t<div class=\"elementor-post__excerpt\">\n\t\t\t<p>Sprva je \u017eelela \u0161tudirati klavir, potem pa dokaj hitro obrnila svoje zanimanje v drugo polje umetni\u0161kega izra\u017eanja \u2013 v arhitekturo. Njen izjemen dose\u017eek sta osvojeni<\/p>\n\t\t<\/div>\n\t\t\t\t<\/div>\n\t\t\t\t<\/article>\n\t\t\t\t<article class=\"elementor-post elementor-grid-item post-300 umetniki type-umetniki status-publish hentry leto-11 jezik-slo umetnik-kategorija-ilustracija\">\n\t\t\t\t<div class=\"elementor-post__text\">\n\t\t\t\t<h1 class=\"elementor-post__title\">\n\t\t\t<a href=\"https:\/\/layer.si\/kaos\/umetniki\/maria-elisa-quiaro\/\" >\n\t\t\t\tMARIA ELISA QUIARO\t\t\t<\/a>\n\t\t<\/h1>\n\t\t\t\t<div class=\"elementor-post__excerpt\">\n\t\t\t<p>Za Mario Eliso Quiaro je \u017eivljenje dobesedno kola\u017e. Vsestranska medijska umetnica, rojena v Venezueli, prihaja iz dru\u017eine, v kateri se prepletajo mnoge kulturne korenine. \u017divela<\/p>\n\t\t<\/div>\n\t\t\t\t<\/div>\n\t\t\t\t<\/article>\n\t\t\t\t<article class=\"elementor-post elementor-grid-item post-302 umetniki type-umetniki status-publish hentry leto-11 jezik-slo umetnik-kategorija-ilustracija\">\n\t\t\t\t<div class=\"elementor-post__text\">\n\t\t\t\t<h1 class=\"elementor-post__title\">\n\t\t\t<a href=\"https:\/\/layer.si\/kaos\/umetniki\/andreina-grasso\/\" >\n\t\t\t\tANDREINA GRASSO\t\t\t<\/a>\n\t\t<\/h1>\n\t\t\t\t<div class=\"elementor-post__excerpt\">\n\t\t\t<p>Andreina Grasso&nbsp;je urugvajska oblikovalka in izdelovalka kola\u017eev. Lani je diplomirala iz oblikovanja, izra\u017eanje preko kola\u017ea pa je zanjo \u017ee od nekdaj pomemben del \u017eivljenja in<\/p>\n\t\t<\/div>\n\t\t\t\t<\/div>\n\t\t\t\t<\/article>\n\t\t\t\t<article class=\"elementor-post elementor-grid-item post-304 umetniki type-umetniki status-publish hentry leto-11 jezik-slo umetnik-kategorija-ilustracija\">\n\t\t\t\t<div class=\"elementor-post__text\">\n\t\t\t\t<h1 class=\"elementor-post__title\">\n\t\t\t<a href=\"https:\/\/layer.si\/kaos\/umetniki\/marusa-racic\/\" >\n\t\t\t\tMARU\u0160A RA\u010cI\u010c\t\t\t<\/a>\n\t\t<\/h1>\n\t\t\t\t<div class=\"elementor-post__excerpt\">\n\t\t\t<p>Maru\u0161a Ra\u010di\u010d&nbsp;(Ljubljana, 1988) je grafi\u010dna oblikovalka, po diplomi na ljubljanski Naravoslovnotehni\u0161ki fakulteti (smer grafi\u010dna in medijska tehnika) je do\u0161tudirala grafi\u010dno oblikovanje \u0161e v Pragi (Teesside<\/p>\n\t\t<\/div>\n\t\t\t\t<\/div>\n\t\t\t\t<\/article>\n\t\t\t\t<article class=\"elementor-post elementor-grid-item post-306 umetniki type-umetniki status-publish hentry leto-11 jezik-slo umetnik-kategorija-ilustracija\">\n\t\t\t\t<div class=\"elementor-post__text\">\n\t\t\t\t<h1 class=\"elementor-post__title\">\n\t\t\t<a href=\"https:\/\/layer.si\/kaos\/umetniki\/hana-jesih\/\" >\n\t\t\t\tHANA JESIH\t\t\t<\/a>\n\t\t<\/h1>\n\t\t\t\t<div class=\"elementor-post__excerpt\">\n\t\t\t<p>Hana Jesih&nbsp;je oblikovalka vizualnih komunikacij in ilustratorka, ki je magistrirala na Akademiji za likovno umetnost in oblikovanje v Ljubljani. Zaposlena je pri Narodnem gledali\u0161\u010du v<\/p>\n\t\t<\/div>\n\t\t\t\t<\/div>\n\t\t\t\t<\/article>\n\t\t\t\t<article class=\"elementor-post elementor-grid-item post-308 umetniki type-umetniki status-publish hentry leto-11 jezik-slo umetnik-kategorija-ilustracija\">\n\t\t\t\t<div class=\"elementor-post__text\">\n\t\t\t\t<h1 class=\"elementor-post__title\">\n\t\t\t<a href=\"https:\/\/layer.si\/kaos\/umetniki\/eva-mlinar\/\" >\n\t\t\t\tEVA MLINAR\t\t\t<\/a>\n\t\t<\/h1>\n\t\t\t\t<div class=\"elementor-post__excerpt\">\n\t\t\t<p>Eva Mlinar&nbsp;je zaklju\u010dila \u0161tudij umetnostne zgodovine na Filozofski fakulteti in \u0161tudij vizualnih komunikacij na Akademiji za likovno umetnost in oblikovanje v Ljubljani. S svojim delom<\/p>\n\t\t<\/div>\n\t\t\t\t<\/div>\n\t\t\t\t<\/article>\n\t\t\t\t<article class=\"elementor-post elementor-grid-item post-310 umetniki type-umetniki status-publish hentry leto-11 jezik-slo umetnik-kategorija-ilustracija\">\n\t\t\t\t<div class=\"elementor-post__text\">\n\t\t\t\t<h1 class=\"elementor-post__title\">\n\t\t\t<a href=\"https:\/\/layer.si\/kaos\/umetniki\/ana-maraz\/\" >\n\t\t\t\tANA MARA\u017d\t\t\t<\/a>\n\t\t<\/h1>\n\t\t\t\t<div class=\"elementor-post__excerpt\">\n\t\t\t<p>Ana Mara\u017e&nbsp;je leta 2011 diplomirala na Pedago\u0161ki fakulteti v Ljubljani na oddelku za likovno pedagogiko pri profesorju Zdenku Huzjanu in dr. Beatriz Tom\u0161i\u010d \u010cerkez. Deluje<\/p>\n\t\t<\/div>\n\t\t\t\t<\/div>\n\t\t\t\t<\/article>\n\t\t\t\t<article class=\"elementor-post elementor-grid-item post-312 umetniki type-umetniki status-publish hentry leto-11 jezik-slo umetnik-kategorija-ilustracija\">\n\t\t\t\t<div class=\"elementor-post__text\">\n\t\t\t\t<h1 class=\"elementor-post__title\">\n\t\t\t<a href=\"https:\/\/layer.si\/kaos\/umetniki\/luisa-und-eva\/\" >\n\t\t\t\tLUISA UND EVA\t\t\t<\/a>\n\t\t<\/h1>\n\t\t\t\t<div class=\"elementor-post__excerpt\">\n\t\t\t<p>Luisa St\u00f6mer in Eva W\u00fcnsch sta ilustratorki in grafi\u010dni oblikovalki iz ju\u017ene Nem\u010dije. Spoznali sta se na faksu in postali prijateljici ter za\u010deli skupaj ustvarjati.<\/p>\n\t\t<\/div>\n\t\t\t\t<\/div>\n\t\t\t\t<\/article>\n\t\t\t\t<article class=\"elementor-post elementor-grid-item post-314 umetniki type-umetniki status-publish hentry leto-11 jezik-slo umetnik-kategorija-ilustracija\">\n\t\t\t\t<div class=\"elementor-post__text\">\n\t\t\t\t<h1 class=\"elementor-post__title\">\n\t\t\t<a href=\"https:\/\/layer.si\/kaos\/umetniki\/ana-de-lima\/\" >\n\t\t\t\tANA DE LIMA\t\t\t<\/a>\n\t\t<\/h1>\n\t\t\t\t<div class=\"elementor-post__excerpt\">\n\t\t\t<p>Ana de Lima&nbsp;je \u0161panska ilustratorka in umetnica. Diplomirala je iz modnega oblikovanja in zaklju\u010dila \u0161tudij ilustracije na Bau School v Barceloni in na Saint Martin<\/p>\n\t\t<\/div>\n\t\t\t\t<\/div>\n\t\t\t\t<\/article>\n\t\t\t\t<article class=\"elementor-post elementor-grid-item post-316 umetniki type-umetniki status-publish hentry leto-11 jezik-slo umetnik-kategorija-ilustracija\">\n\t\t\t\t<div class=\"elementor-post__text\">\n\t\t\t\t<h1 class=\"elementor-post__title\">\n\t\t\t<a href=\"https:\/\/layer.si\/kaos\/umetniki\/hellena-pallares\/\" >\n\t\t\t\tHELLENA PALLARES\t\t\t<\/a>\n\t\t<\/h1>\n\t\t\t\t<div class=\"elementor-post__excerpt\">\n\t\t\t<p>Helena je \u0161panska ilustratorka, ki trenutno dela in \u017eivi v Parizu. Diplomirala je iz likovne umetnosti in grafi\u010dnega oblikovanja, od leta 2014 deluje kot samozaposlena<\/p>\n\t\t<\/div>\n\t\t\t\t<\/div>\n\t\t\t\t<\/article>\n\t\t\t\t<article class=\"elementor-post elementor-grid-item post-318 umetniki type-umetniki status-publish hentry leto-11 jezik-slo umetnik-kategorija-ilustracija\">\n\t\t\t\t<div class=\"elementor-post__text\">\n\t\t\t\t<h1 class=\"elementor-post__title\">\n\t\t\t<a href=\"https:\/\/layer.si\/kaos\/umetniki\/zoran-pungercar\/\" >\n\t\t\t\tZORAN PUNGER\u010cAR\t\t\t<\/a>\n\t\t<\/h1>\n\t\t\t\t<div class=\"elementor-post__excerpt\">\n\t\t\t<p>Rojen 1985 v Postojni, biva in dela v Ljubljani. Deluje na podro\u010dju grafi\u010dnega oblikovanja, ilustracije, grafike, risbe in slikarstva. Kot ilustrator in oblikovalec je delal<\/p>\n\t\t<\/div>\n\t\t\t\t<\/div>\n\t\t\t\t<\/article>\n\t\t\t\t<article class=\"elementor-post elementor-grid-item post-320 umetniki type-umetniki status-publish hentry leto-11 jezik-slo umetnik-kategorija-ilustracija\">\n\t\t\t\t<div class=\"elementor-post__text\">\n\t\t\t\t<h1 class=\"elementor-post__title\">\n\t\t\t<a href=\"https:\/\/layer.si\/kaos\/umetniki\/aricollage\/\" >\n\t\t\t\tARICOLLAGE\t\t\t<\/a>\n\t\t<\/h1>\n\t\t\t\t<div class=\"elementor-post__excerpt\">\n\t\t\t<p>Od leta 2010 dalje je na vizualnem podro\u010dju sodelovala z revijami, kot sta&nbsp;Letras Libres&nbsp;in&nbsp;Tierra Adentro, zalo\u017eni\u0161kimi hi\u0161ami, kot so Paraiso Perdido in Fondo Editorial Tierra<\/p>\n\t\t<\/div>\n\t\t\t\t<\/div>\n\t\t\t\t<\/article>\n\t\t\t\t<article class=\"elementor-post elementor-grid-item post-322 umetniki type-umetniki status-publish hentry leto-11 jezik-slo umetnik-kategorija-ilustracija\">\n\t\t\t\t<div class=\"elementor-post__text\">\n\t\t\t\t<h1 class=\"elementor-post__title\">\n\t\t\t<a href=\"https:\/\/layer.si\/kaos\/umetniki\/fita-cola\/\" >\n\t\t\t\tFITA COLA\t\t\t<\/a>\n\t\t<\/h1>\n\t\t\t\t<div class=\"elementor-post__excerpt\">\n\t\t\t<p>Fitacola collage sta&nbsp;Gra\u00e7a&nbsp;in&nbsp;Carlos Quit\u00e9rio. Leta 2005 sta na faksu skupaj za\u010dela ustvarjati kola\u017ee, pri katerih sta uporabljala lepilni trak, ki se mu v portugal\u010dini re\u010de<\/p>\n\t\t<\/div>\n\t\t\t\t<\/div>\n\t\t\t\t<\/article>\n\t\t\t\t<article class=\"elementor-post elementor-grid-item post-324 umetniki type-umetniki status-publish hentry leto-11 jezik-slo umetnik-kategorija-ilustracija\">\n\t\t\t\t<div class=\"elementor-post__text\">\n\t\t\t\t<h1 class=\"elementor-post__title\">\n\t\t\t<a href=\"https:\/\/layer.si\/kaos\/umetniki\/vasko-vidmar\/\" >\n\t\t\t\tVASKO VIDMAR\t\t\t<\/a>\n\t\t<\/h1>\n\t\t\t\t<div class=\"elementor-post__excerpt\">\n\t\t\t<p>Enaintrideset letni Vasko Vidmar je vsestranski likovni ustvarjalec iz Pirana. Ustvarjati je pri\u010del \u017ee v rani mladosti, ko so mu star\u0161i v roke potisnili barvice<\/p>\n\t\t<\/div>\n\t\t\t\t<\/div>\n\t\t\t\t<\/article>\n\t\t\t\t<article class=\"elementor-post elementor-grid-item post-326 umetniki type-umetniki status-publish hentry leto-11 jezik-slo umetnik-kategorija-ilustracija\">\n\t\t\t\t<div class=\"elementor-post__text\">\n\t\t\t\t<h1 class=\"elementor-post__title\">\n\t\t\t<a href=\"https:\/\/layer.si\/kaos\/umetniki\/frank-moth\/\" >\n\t\t\t\tFRANK MOTH\t\t\t<\/a>\n\t\t<\/h1>\n\t\t\t\t<div class=\"elementor-post__excerpt\">\n\t\t\t<p>Frank Moth&nbsp;je bil rojen v Atenah, marca 2014. Obstaja kot umetnik in kot alias dveh oseb, ki se skrivata za njim. O njem je bilo<\/p>\n\t\t<\/div>\n\t\t\t\t<\/div>\n\t\t\t\t<\/article>\n\t\t\t\t<article class=\"elementor-post elementor-grid-item post-328 umetniki type-umetniki status-publish hentry leto-11 jezik-slo umetnik-kategorija-ilustracija\">\n\t\t\t\t<div class=\"elementor-post__text\">\n\t\t\t\t<h1 class=\"elementor-post__title\">\n\t\t\t<a href=\"https:\/\/layer.si\/kaos\/umetniki\/stephen-tierney\/\" >\n\t\t\t\tSTEPHEN TIERNEY\t\t\t<\/a>\n\t\t<\/h1>\n\t\t\t\t<div class=\"elementor-post__excerpt\">\n\t\t\t<p>Stephen Tierney&nbsp;je odrasel v obalnem predmestju Sydneya v Avstraliji. Najstni\u0161ka leta je pre\u017eivel na&nbsp;surfu&nbsp;in rolki, v devetdesetih je bil profesionalni rolkar. Leta 1996 je diplomiral<\/p>\n\t\t<\/div>\n\t\t\t\t<\/div>\n\t\t\t\t<\/article>\n\t\t\t\t<\/div>\n\t\t\t\t<\/div>\n\t\t\t\t<\/div>\n\t\t\t\t\t\t<\/div>\n\t\t\t<\/div>\n\t\t<\/div>\n\t\t\t\t\t\t<\/div>\n\t\t\t<\/div>\n\t\t<\/section>\n\t\t\t\t\t\t<\/div>\n\t\t\t<\/div>\n\t\t<\/div>\n\t\t","protected":false},"excerpt":{"rendered":"","protected":false},"author":1,"featured_media":0,"parent":339,"menu_order":4,"comment_status":"closed","ping_status":"closed","template":"","meta":[],"_links":{"self":[{"href":"https:\/\/layer.si\/kaos\/wp-json\/wp\/v2\/pages\/334"}],"collection":[{"href":"https:\/\/layer.si\/kaos\/wp-json\/wp\/v2\/pages"}],"about":[{"href":"https:\/\/layer.si\/kaos\/wp-json\/wp\/v2\/types\/page"}],"author":[{"embeddable":true,"href":"https:\/\/layer.si\/kaos\/wp-json\/wp\/v2\/users\/1"}],"replies":[{"embeddable":true,"href":"https:\/\/layer.si\/kaos\/wp-json\/wp\/v2\/comments?post=334"}],"version-history":[{"count":15,"href":"https:\/\/layer.si\/kaos\/wp-json\/wp\/v2\/pages\/334\/revisions"}],"predecessor-version":[{"id":4201,"href":"https:\/\/layer.si\/kaos\/wp-json\/wp\/v2\/pages\/334\/revisions\/4201"}],"up":[{"embeddable":true,"href":"https:\/\/layer.si\/kaos\/wp-json\/wp\/v2\/pages\/339"}],"wp:attachment":[{"href":"https:\/\/layer.si\/kaos\/wp-json\/wp\/v2\/media?parent=334"}],"curies":[{"name":"wp","href":"https:\/\/api.w.org\/{rel}","templated":true}]}}