{"id":4648,"date":"2022-04-30T21:54:15","date_gmt":"2022-04-30T21:54:15","guid":{"rendered":"https:\/\/layer.si\/kaos\/?page_id=4648"},"modified":"2022-04-30T21:53:42","modified_gmt":"2022-04-30T21:53:42","slug":"povabljeni-umetniki-2022","status":"publish","type":"page","link":"https:\/\/layer.si\/kaos\/si\/umetniki\/povabljeni-umetniki\/povabljeni-umetniki-2022\/","title":{"rendered":"POVABLJENI UMETNIKI 2022"},"content":{"rendered":"\t\t<div data-elementor-type=\"wp-post\" data-elementor-id=\"4648\" class=\"elementor elementor-4648\" data-elementor-settings=\"[]\">\n\t\t\t<div class=\"elementor-inner\">\n\t\t\t\t<div class=\"elementor-section-wrap\">\n\t\t\t\t\t\t\t<section class=\"elementor-element elementor-element-754a591 elementor-section-boxed elementor-section-height-default elementor-section-height-default elementor-section elementor-top-section\" data-id=\"754a591\" data-element_type=\"section\">\n\t\t\t\t\t\t<div class=\"elementor-container elementor-column-gap-default\">\n\t\t\t\t<div class=\"elementor-row\">\n\t\t\t\t<div class=\"elementor-element elementor-element-d037e8f elementor-column elementor-col-100 elementor-top-column\" data-id=\"d037e8f\" data-element_type=\"column\">\n\t\t\t<div class=\"elementor-column-wrap  elementor-element-populated\">\n\t\t\t\t\t<div class=\"elementor-widget-wrap\">\n\t\t\t\t<div class=\"elementor-element elementor-element-e83dfa8 elementor-nav-menu__align-center elementor-nav-menu__text-align-center elementor-nav-menu--indicator-classic elementor-nav-menu--dropdown-tablet elementor-widget elementor-widget-nav-menu\" data-id=\"e83dfa8\" data-element_type=\"widget\" data-settings=\"{&quot;layout&quot;:&quot;horizontal&quot;}\" data-widget_type=\"nav-menu.default\">\n\t\t\t\t<div class=\"elementor-widget-container\">\n\t\t\t\t\t\t<nav role=\"navigation\" class=\"elementor-nav-menu--main elementor-nav-menu__container elementor-nav-menu--layout-horizontal e--pointer-underline e--animation-fade\"><ul id=\"menu-1-e83dfa8\" class=\"elementor-nav-menu\"><li class=\"menu-item menu-item-type-post_type menu-item-object-page menu-item-5570\"><a href=\"https:\/\/layer.si\/kaos\/si\/umetniki\/povabljeni-umetniki\/povabljeni-umetniki-2024\/\" class=\"elementor-item\">2024<\/a><\/li>\n<li class=\"menu-item menu-item-type-post_type menu-item-object-page menu-item-4654\"><a href=\"https:\/\/layer.si\/kaos\/si\/umetniki\/povabljeni-umetniki\/povabljeni-umetniki-2022\/\" class=\"elementor-item\">2022<\/a><\/li>\n<li class=\"menu-item menu-item-type-post_type menu-item-object-page menu-item-4193\"><a href=\"https:\/\/layer.si\/kaos\/si\/umetniki\/povabljeni-umetniki\/povabljeni-umetniki-2020\/\" class=\"elementor-item\">2020<\/a><\/li>\n<li class=\"menu-item menu-item-type-post_type menu-item-object-page menu-item-344\"><a href=\"https:\/\/layer.si\/kaos\/si\/umetniki\/povabljeni-umetniki\/povabljeni-umetniki-2019\/\" class=\"elementor-item\">2019<\/a><\/li>\n<li class=\"menu-item menu-item-type-post_type menu-item-object-page menu-item-345\"><a href=\"https:\/\/layer.si\/kaos\/si\/umetniki\/povabljeni-umetniki\/povabljeni-umetniki-2018\/\" class=\"elementor-item\">2018<\/a><\/li>\n<\/ul><\/nav>\n\t\t\t\t\t<div class=\"elementor-menu-toggle\" role=\"button\" tabindex=\"0\" aria-label=\"Menu Toggle\" aria-expanded=\"false\">\n\t\t\t<i class=\"eicon-menu-bar\" aria-hidden=\"true\"><\/i>\n\t\t\t<span class=\"elementor-screen-only\">Menu<\/span>\n\t\t<\/div>\n\t\t\t<nav class=\"elementor-nav-menu--dropdown elementor-nav-menu__container\" role=\"navigation\" aria-hidden=\"true\"><ul id=\"menu-2-e83dfa8\" class=\"elementor-nav-menu\"><li class=\"menu-item menu-item-type-post_type menu-item-object-page menu-item-5570\"><a href=\"https:\/\/layer.si\/kaos\/si\/umetniki\/povabljeni-umetniki\/povabljeni-umetniki-2024\/\" class=\"elementor-item\">2024<\/a><\/li>\n<li class=\"menu-item menu-item-type-post_type menu-item-object-page menu-item-4654\"><a href=\"https:\/\/layer.si\/kaos\/si\/umetniki\/povabljeni-umetniki\/povabljeni-umetniki-2022\/\" class=\"elementor-item\">2022<\/a><\/li>\n<li class=\"menu-item menu-item-type-post_type menu-item-object-page menu-item-4193\"><a href=\"https:\/\/layer.si\/kaos\/si\/umetniki\/povabljeni-umetniki\/povabljeni-umetniki-2020\/\" class=\"elementor-item\">2020<\/a><\/li>\n<li class=\"menu-item menu-item-type-post_type menu-item-object-page menu-item-344\"><a href=\"https:\/\/layer.si\/kaos\/si\/umetniki\/povabljeni-umetniki\/povabljeni-umetniki-2019\/\" class=\"elementor-item\">2019<\/a><\/li>\n<li class=\"menu-item menu-item-type-post_type menu-item-object-page menu-item-345\"><a href=\"https:\/\/layer.si\/kaos\/si\/umetniki\/povabljeni-umetniki\/povabljeni-umetniki-2018\/\" class=\"elementor-item\">2018<\/a><\/li>\n<\/ul><\/nav>\n\t\t\t\t<\/div>\n\t\t\t\t<\/div>\n\t\t\t\t\t\t<\/div>\n\t\t\t<\/div>\n\t\t<\/div>\n\t\t\t\t\t\t<\/div>\n\t\t\t<\/div>\n\t\t<\/section>\n\t\t\t\t<section class=\"elementor-element elementor-element-14f3c89 elementor-section-stretched elementor-section-full_width elementor-section-height-default elementor-section-height-default elementor-section elementor-top-section\" data-id=\"14f3c89\" data-element_type=\"section\" data-settings=\"{&quot;stretch_section&quot;:&quot;section-stretched&quot;}\">\n\t\t\t\t\t\t<div class=\"elementor-container elementor-column-gap-default\">\n\t\t\t\t<div class=\"elementor-row\">\n\t\t\t\t<div class=\"elementor-element elementor-element-9639af3 elementor-column elementor-col-100 elementor-top-column\" data-id=\"9639af3\" data-element_type=\"column\">\n\t\t\t<div class=\"elementor-column-wrap  elementor-element-populated\">\n\t\t\t\t\t<div class=\"elementor-widget-wrap\">\n\t\t\t\t<div class=\"elementor-element elementor-element-b5c5cbf filter001 elementor-grid-4 elementor-grid-tablet-2 elementor-grid-mobile-1 elementor-posts--thumbnail-top elementor-card-shadow-yes elementor-posts__hover-gradient elementor-widget elementor-widget-posts\" data-id=\"b5c5cbf\" data-element_type=\"widget\" id=\"filter001\" data-settings=\"{&quot;cards_columns&quot;:&quot;4&quot;,&quot;cards_columns_tablet&quot;:&quot;2&quot;,&quot;cards_columns_mobile&quot;:&quot;1&quot;,&quot;cards_row_gap&quot;:{&quot;unit&quot;:&quot;px&quot;,&quot;size&quot;:35,&quot;sizes&quot;:[]}}\" data-widget_type=\"posts.cards\">\n\t\t\t\t<div class=\"elementor-widget-container\">\n\t\t\t\t\t<div class=\"elementor-posts-container elementor-posts elementor-posts--skin-cards elementor-grid\">\n\t\t\t\t<article class=\"elementor-post elementor-grid-item post-4801 umetniki type-umetniki status-publish has-post-thumbnail hentry leto-434 jezik-slo umetnik-kategorija-povabljeni-umetniki\">\n\t\t\t<div class=\"elementor-post__card\">\n\t\t\t\t<a class=\"elementor-post__thumbnail__link\" href=\"https:\/\/layer.si\/kaos\/umetniki\/florian-lang-2\/\" >\n\t\t\t<div class=\"elementor-post__thumbnail\"><img width=\"300\" height=\"300\" src=\"https:\/\/layer.si\/kaos\/wp-content\/uploads\/Gone-with-the-Windhund-TOTAL-300x300.jpg\" class=\"attachment-medium size-medium\" alt=\"\" loading=\"lazy\" srcset=\"https:\/\/layer.si\/kaos\/wp-content\/uploads\/Gone-with-the-Windhund-TOTAL-300x300.jpg 300w, https:\/\/layer.si\/kaos\/wp-content\/uploads\/Gone-with-the-Windhund-TOTAL-150x150.jpg 150w, https:\/\/layer.si\/kaos\/wp-content\/uploads\/Gone-with-the-Windhund-TOTAL-768x768.jpg 768w, https:\/\/layer.si\/kaos\/wp-content\/uploads\/Gone-with-the-Windhund-TOTAL-1024x1024.jpg 1024w, https:\/\/layer.si\/kaos\/wp-content\/uploads\/Gone-with-the-Windhund-TOTAL.jpg 2000w\" sizes=\"(max-width: 300px) 100vw, 300px\" \/><\/div>\n\t\t<\/a>\n\t\t\t\t<div class=\"elementor-post__badge\">Povabljeni umetniki<\/div>\n\t\t\t\t<div class=\"elementor-post__text\">\n\t\t\t\t<h1 class=\"elementor-post__title\">\n\t\t\t<a href=\"https:\/\/layer.si\/kaos\/umetniki\/florian-lang-2\/\" >\n\t\t\t\tFlorian Lang\t\t\t<\/a>\n\t\t<\/h1>\n\t\t\t\t<div class=\"elementor-post__excerpt\">\n\t\t\t<p>Florian Lang (AT) je \u0161tudiral na Akademiji za likovno umetnost na Dunaju, Glasgow School of Art in Univerzi Marmara v Istanbulu. Diplomiral je leta 2010.<\/p>\n\t\t<\/div>\n\t\t\t\t<\/div>\n\t\t\t\t\t<\/div>\n\t\t<\/article>\n\t\t\t\t<article class=\"elementor-post elementor-grid-item post-4826 umetniki type-umetniki status-publish has-post-thumbnail hentry leto-434 jezik-slo umetnik-kategorija-povabljeni-umetniki\">\n\t\t\t<div class=\"elementor-post__card\">\n\t\t\t\t<a class=\"elementor-post__thumbnail__link\" href=\"https:\/\/layer.si\/kaos\/umetniki\/martin-gerigk-2\/\" >\n\t\t\t<div class=\"elementor-post__thumbnail\"><img width=\"300\" height=\"171\" src=\"https:\/\/layer.si\/kaos\/wp-content\/uploads\/The-Demigod-of-Ominous-Silence-1-300x171.jpg\" class=\"attachment-medium size-medium\" alt=\"\" loading=\"lazy\" srcset=\"https:\/\/layer.si\/kaos\/wp-content\/uploads\/The-Demigod-of-Ominous-Silence-1-300x171.jpg 300w, https:\/\/layer.si\/kaos\/wp-content\/uploads\/The-Demigod-of-Ominous-Silence-1-768x439.jpg 768w, https:\/\/layer.si\/kaos\/wp-content\/uploads\/The-Demigod-of-Ominous-Silence-1-1024x585.jpg 1024w\" sizes=\"(max-width: 300px) 100vw, 300px\" \/><\/div>\n\t\t<\/a>\n\t\t\t\t<div class=\"elementor-post__badge\">Povabljeni umetniki<\/div>\n\t\t\t\t<div class=\"elementor-post__text\">\n\t\t\t\t<h1 class=\"elementor-post__title\">\n\t\t\t<a href=\"https:\/\/layer.si\/kaos\/umetniki\/martin-gerigk-2\/\" >\n\t\t\t\tMartin Gerigk\t\t\t<\/a>\n\t\t<\/h1>\n\t\t\t\t<div class=\"elementor-post__excerpt\">\n\t\t\t<p>Martin Gerigk (DE) je skladatelj sodobne glasbe. Njegove skladbe redno izvajajo mednarodno znani solisti in ansambli. Znan je tudi po svojih izjemnih eksperimentalnih filmih, ki<\/p>\n\t\t<\/div>\n\t\t\t\t<\/div>\n\t\t\t\t\t<\/div>\n\t\t<\/article>\n\t\t\t\t<article class=\"elementor-post elementor-grid-item post-4904 umetniki type-umetniki status-publish has-post-thumbnail hentry leto-434 jezik-slo umetnik-kategorija-povabljeni-umetniki\">\n\t\t\t<div class=\"elementor-post__card\">\n\t\t\t\t<a class=\"elementor-post__thumbnail__link\" href=\"https:\/\/layer.si\/kaos\/umetniki\/tomaz-crnej\/\" >\n\t\t\t<div class=\"elementor-post__thumbnail\"><img width=\"300\" height=\"300\" src=\"https:\/\/layer.si\/kaos\/wp-content\/uploads\/12345DSCF4608-1-300x300.jpg\" class=\"attachment-medium size-medium\" alt=\"\" loading=\"lazy\" srcset=\"https:\/\/layer.si\/kaos\/wp-content\/uploads\/12345DSCF4608-1-300x300.jpg 300w, https:\/\/layer.si\/kaos\/wp-content\/uploads\/12345DSCF4608-1-150x150.jpg 150w, https:\/\/layer.si\/kaos\/wp-content\/uploads\/12345DSCF4608-1-768x768.jpg 768w, https:\/\/layer.si\/kaos\/wp-content\/uploads\/12345DSCF4608-1-1024x1024.jpg 1024w, https:\/\/layer.si\/kaos\/wp-content\/uploads\/12345DSCF4608-1.jpg 2000w\" sizes=\"(max-width: 300px) 100vw, 300px\" \/><\/div>\n\t\t<\/a>\n\t\t\t\t<div class=\"elementor-post__badge\">Povabljeni umetniki<\/div>\n\t\t\t\t<div class=\"elementor-post__text\">\n\t\t\t\t<h1 class=\"elementor-post__title\">\n\t\t\t<a href=\"https:\/\/layer.si\/kaos\/umetniki\/tomaz-crnej\/\" >\n\t\t\t\tToma\u017e \u010crnej\t\t\t<\/a>\n\t\t<\/h1>\n\t\t\t\t<div class=\"elementor-post__excerpt\">\n\t\t\t<p>Toma\u017e \u010crnej (SI) se je za\u010del s fotografskim medijem ukvarjati kot samouk in se kmalu usmeril v polje, ki se giblje med narativno dokumentarno in<\/p>\n\t\t<\/div>\n\t\t\t\t<\/div>\n\t\t\t\t\t<\/div>\n\t\t<\/article>\n\t\t\t\t<article class=\"elementor-post elementor-grid-item post-4911 umetniki type-umetniki status-publish has-post-thumbnail hentry leto-434 jezik-slo umetnik-kategorija-povabljeni-umetniki\">\n\t\t\t<div class=\"elementor-post__card\">\n\t\t\t\t<a class=\"elementor-post__thumbnail__link\" href=\"https:\/\/layer.si\/kaos\/umetniki\/klementina-golija\/\" >\n\t\t\t<div class=\"elementor-post__thumbnail\"><img width=\"300\" height=\"173\" src=\"https:\/\/layer.si\/kaos\/wp-content\/uploads\/go-2378-2000px-2-300x173.jpg\" class=\"attachment-medium size-medium\" alt=\"\" loading=\"lazy\" srcset=\"https:\/\/layer.si\/kaos\/wp-content\/uploads\/go-2378-2000px-2-300x173.jpg 300w, https:\/\/layer.si\/kaos\/wp-content\/uploads\/go-2378-2000px-2-768x443.jpg 768w, https:\/\/layer.si\/kaos\/wp-content\/uploads\/go-2378-2000px-2-1024x590.jpg 1024w, https:\/\/layer.si\/kaos\/wp-content\/uploads\/go-2378-2000px-2.jpg 2000w\" sizes=\"(max-width: 300px) 100vw, 300px\" \/><\/div>\n\t\t<\/a>\n\t\t\t\t<div class=\"elementor-post__badge\">Povabljeni umetniki<\/div>\n\t\t\t\t<div class=\"elementor-post__text\">\n\t\t\t\t<h1 class=\"elementor-post__title\">\n\t\t\t<a href=\"https:\/\/layer.si\/kaos\/umetniki\/klementina-golija\/\" >\n\t\t\t\tKlementina Golija\t\t\t<\/a>\n\t\t<\/h1>\n\t\t\t\t<div class=\"elementor-post__excerpt\">\n\t\t\t<p>Doc.mag. Klementina Golija (SI) se je rodila na Jesenicah. Slikarstvo je \u0161tudirala na Accademia di Belle Arti di Brera v Milanu, kjer je leta 1990<\/p>\n\t\t<\/div>\n\t\t\t\t<\/div>\n\t\t\t\t\t<\/div>\n\t\t<\/article>\n\t\t\t\t<article class=\"elementor-post elementor-grid-item post-4912 umetniki type-umetniki status-publish has-post-thumbnail hentry leto-434 umetnik-kategorija-povabljeni-umetniki\">\n\t\t\t<div class=\"elementor-post__card\">\n\t\t\t\t<a class=\"elementor-post__thumbnail__link\" href=\"https:\/\/layer.si\/kaos\/umetniki\/louise-winter\/\" >\n\t\t\t<div class=\"elementor-post__thumbnail\"><img width=\"300\" height=\"225\" src=\"https:\/\/layer.si\/kaos\/wp-content\/uploads\/Image-2-300x225.jpg\" class=\"attachment-medium size-medium\" alt=\"\" loading=\"lazy\" srcset=\"https:\/\/layer.si\/kaos\/wp-content\/uploads\/Image-2-300x225.jpg 300w, https:\/\/layer.si\/kaos\/wp-content\/uploads\/Image-2-768x576.jpg 768w, https:\/\/layer.si\/kaos\/wp-content\/uploads\/Image-2-1024x768.jpg 1024w, https:\/\/layer.si\/kaos\/wp-content\/uploads\/Image-2.jpg 2000w\" sizes=\"(max-width: 300px) 100vw, 300px\" \/><\/div>\n\t\t<\/a>\n\t\t\t\t<div class=\"elementor-post__badge\">Povabljeni umetniki<\/div>\n\t\t\t\t<div class=\"elementor-post__text\">\n\t\t\t\t<h1 class=\"elementor-post__title\">\n\t\t\t<a href=\"https:\/\/layer.si\/kaos\/umetniki\/louise-winter\/\" >\n\t\t\t\tLouise Winter\t\t\t<\/a>\n\t\t<\/h1>\n\t\t\t\t<div class=\"elementor-post__excerpt\">\n\t\t\t<p>Louise Winter (UK) je umetnica, pisateljica in kustosinja s sede\u017eem v Ljubljani, Slovenija. Leta 2011 je Winter z odliko diplomirala iz likovne umetnosti in od<\/p>\n\t\t<\/div>\n\t\t\t\t<\/div>\n\t\t\t\t\t<\/div>\n\t\t<\/article>\n\t\t\t\t<article class=\"elementor-post elementor-grid-item post-4920 umetniki type-umetniki status-publish has-post-thumbnail hentry leto-434 jezik-slo umetnik-kategorija-povabljeni-umetniki\">\n\t\t\t<div class=\"elementor-post__card\">\n\t\t\t\t<a class=\"elementor-post__thumbnail__link\" href=\"https:\/\/layer.si\/kaos\/umetniki\/michele-landel-3\/\" >\n\t\t\t<div class=\"elementor-post__thumbnail\"><img width=\"241\" height=\"300\" src=\"https:\/\/layer.si\/kaos\/wp-content\/uploads\/Michele-Landel_Cmon.-Get-up._2020_photograph-fabric-and-thread_-size-varies-floor-1-241x300.jpg\" class=\"attachment-medium size-medium\" alt=\"\" loading=\"lazy\" srcset=\"https:\/\/layer.si\/kaos\/wp-content\/uploads\/Michele-Landel_Cmon.-Get-up._2020_photograph-fabric-and-thread_-size-varies-floor-1-241x300.jpg 241w, https:\/\/layer.si\/kaos\/wp-content\/uploads\/Michele-Landel_Cmon.-Get-up._2020_photograph-fabric-and-thread_-size-varies-floor-1-768x956.jpg 768w, https:\/\/layer.si\/kaos\/wp-content\/uploads\/Michele-Landel_Cmon.-Get-up._2020_photograph-fabric-and-thread_-size-varies-floor-1-823x1024.jpg 823w, https:\/\/layer.si\/kaos\/wp-content\/uploads\/Michele-Landel_Cmon.-Get-up._2020_photograph-fabric-and-thread_-size-varies-floor-1.jpg 1607w\" sizes=\"(max-width: 241px) 100vw, 241px\" \/><\/div>\n\t\t<\/a>\n\t\t\t\t<div class=\"elementor-post__badge\">Povabljeni umetniki<\/div>\n\t\t\t\t<div class=\"elementor-post__text\">\n\t\t\t\t<h1 class=\"elementor-post__title\">\n\t\t\t<a href=\"https:\/\/layer.si\/kaos\/umetniki\/michele-landel-3\/\" >\n\t\t\t\tMichele Landel\t\t\t<\/a>\n\t\t<\/h1>\n\t\t\t\t<div class=\"elementor-post__excerpt\">\n\t\t\t<p>Michelle Landel (1976) je ameri\u0161ka umetnica, ki \u017eivi in \u200b\u200bdela v S\u00e8vresu v Franciji. Diplomirala je iz likovne umetnosti in umetnostne zgodovine. Njena umetni\u0161ka dela<\/p>\n\t\t<\/div>\n\t\t\t\t<\/div>\n\t\t\t\t\t<\/div>\n\t\t<\/article>\n\t\t\t\t<article class=\"elementor-post elementor-grid-item post-4928 umetniki type-umetniki status-publish has-post-thumbnail hentry leto-434 jezik-slo umetnik-kategorija-povabljeni-umetniki\">\n\t\t\t<div class=\"elementor-post__card\">\n\t\t\t\t<a class=\"elementor-post__thumbnail__link\" href=\"https:\/\/layer.si\/kaos\/umetniki\/simona-reisch\/\" >\n\t\t\t<div class=\"elementor-post__thumbnail\"><img width=\"297\" height=\"300\" src=\"https:\/\/layer.si\/kaos\/wp-content\/uploads\/arch_beton_reisch-297x300.jpg\" class=\"attachment-medium size-medium\" alt=\"\" loading=\"lazy\" srcset=\"https:\/\/layer.si\/kaos\/wp-content\/uploads\/arch_beton_reisch-297x300.jpg 297w, https:\/\/layer.si\/kaos\/wp-content\/uploads\/arch_beton_reisch-768x777.jpg 768w, https:\/\/layer.si\/kaos\/wp-content\/uploads\/arch_beton_reisch-1012x1024.jpg 1012w, https:\/\/layer.si\/kaos\/wp-content\/uploads\/arch_beton_reisch.jpg 1557w\" sizes=\"(max-width: 297px) 100vw, 297px\" \/><\/div>\n\t\t<\/a>\n\t\t\t\t<div class=\"elementor-post__badge\">Povabljeni umetniki<\/div>\n\t\t\t\t<div class=\"elementor-post__text\">\n\t\t\t\t<h1 class=\"elementor-post__title\">\n\t\t\t<a href=\"https:\/\/layer.si\/kaos\/umetniki\/simona-reisch\/\" >\n\t\t\t\tSimona Reisch\t\t\t<\/a>\n\t\t<\/h1>\n\t\t\t\t<div class=\"elementor-post__excerpt\">\n\t\t\t<p>Simona Reisch (AT) &nbsp;je umetnica, fotografinja, grafi\u010dna oblikovalka in likovna pedagoginja s sede\u017eem na Dunaju v Avstriji. Od leta 2013, po kon\u010danem \u0161tudiju umetnosti in<\/p>\n\t\t<\/div>\n\t\t\t\t<\/div>\n\t\t\t\t\t<\/div>\n\t\t<\/article>\n\t\t\t\t<article class=\"elementor-post elementor-grid-item post-4927 umetniki type-umetniki status-publish has-post-thumbnail hentry leto-434 jezik-slo umetnik-kategorija-povabljeni-umetniki\">\n\t\t\t<div class=\"elementor-post__card\">\n\t\t\t\t<a class=\"elementor-post__thumbnail__link\" href=\"https:\/\/layer.si\/kaos\/umetniki\/nieves-mingueza\/\" >\n\t\t\t<div class=\"elementor-post__thumbnail\"><img width=\"300\" height=\"212\" src=\"https:\/\/layer.si\/kaos\/wp-content\/uploads\/4.Image-to-exhibit-low-res-300x212.jpg\" class=\"attachment-medium size-medium\" alt=\"\" loading=\"lazy\" srcset=\"https:\/\/layer.si\/kaos\/wp-content\/uploads\/4.Image-to-exhibit-low-res-300x212.jpg 300w, https:\/\/layer.si\/kaos\/wp-content\/uploads\/4.Image-to-exhibit-low-res-768x543.jpg 768w, https:\/\/layer.si\/kaos\/wp-content\/uploads\/4.Image-to-exhibit-low-res-1024x724.jpg 1024w, https:\/\/layer.si\/kaos\/wp-content\/uploads\/4.Image-to-exhibit-low-res.jpg 1500w\" sizes=\"(max-width: 300px) 100vw, 300px\" \/><\/div>\n\t\t<\/a>\n\t\t\t\t<div class=\"elementor-post__badge\">Povabljeni umetniki<\/div>\n\t\t\t\t<div class=\"elementor-post__text\">\n\t\t\t\t<h1 class=\"elementor-post__title\">\n\t\t\t<a href=\"https:\/\/layer.si\/kaos\/umetniki\/nieves-mingueza\/\" >\n\t\t\t\tNieves Mingueza\t\t\t<\/a>\n\t\t<\/h1>\n\t\t\t\t<div class=\"elementor-post__excerpt\">\n\t\t\t<p>Nieves Mingueza je v pogovorih s svojimi bli\u017enjimi odkrila, da je ogromno \u017eensk \u017ertev nasilja in ustrahovanja. Podobne zgodbe so zadnje \u010dase v javnost pri\u0161le<\/p>\n\t\t<\/div>\n\t\t\t\t<\/div>\n\t\t\t\t\t<\/div>\n\t\t<\/article>\n\t\t\t\t<article class=\"elementor-post elementor-grid-item post-4934 umetniki type-umetniki status-publish has-post-thumbnail hentry leto-434 jezik-slo umetnik-kategorija-povabljeni-umetniki\">\n\t\t\t<div class=\"elementor-post__card\">\n\t\t\t\t<a class=\"elementor-post__thumbnail__link\" href=\"https:\/\/layer.si\/kaos\/umetniki\/patrick-brandt\/\" >\n\t\t\t<div class=\"elementor-post__thumbnail\"><img width=\"300\" height=\"300\" src=\"https:\/\/layer.si\/kaos\/wp-content\/uploads\/Struktur-der-Analogie-02-300x300.jpg\" class=\"attachment-medium size-medium\" alt=\"\" loading=\"lazy\" srcset=\"https:\/\/layer.si\/kaos\/wp-content\/uploads\/Struktur-der-Analogie-02-300x300.jpg 300w, https:\/\/layer.si\/kaos\/wp-content\/uploads\/Struktur-der-Analogie-02-150x150.jpg 150w, https:\/\/layer.si\/kaos\/wp-content\/uploads\/Struktur-der-Analogie-02-768x768.jpg 768w, https:\/\/layer.si\/kaos\/wp-content\/uploads\/Struktur-der-Analogie-02-1024x1024.jpg 1024w, https:\/\/layer.si\/kaos\/wp-content\/uploads\/Struktur-der-Analogie-02.jpg 1654w\" sizes=\"(max-width: 300px) 100vw, 300px\" \/><\/div>\n\t\t<\/a>\n\t\t\t\t<div class=\"elementor-post__badge\">Povabljeni umetniki<\/div>\n\t\t\t\t<div class=\"elementor-post__text\">\n\t\t\t\t<h1 class=\"elementor-post__title\">\n\t\t\t<a href=\"https:\/\/layer.si\/kaos\/umetniki\/patrick-brandt\/\" >\n\t\t\t\tPatrick Brandt\t\t\t<\/a>\n\t\t<\/h1>\n\t\t\t\t<div class=\"elementor-post__excerpt\">\n\t\t\t<p>Patrick Brandt (GE) se je rodil leta 1982 v Quedlinburgu, mestecu v regiji Harz, kjer je svojo umetni\u0161ko pot za\u010del leta 1997 na grafitarski sceni.<\/p>\n\t\t<\/div>\n\t\t\t\t<\/div>\n\t\t\t\t\t<\/div>\n\t\t<\/article>\n\t\t\t\t<article class=\"elementor-post elementor-grid-item post-4941 umetniki type-umetniki status-publish has-post-thumbnail hentry leto-434 jezik-slo umetnik-kategorija-povabljeni-umetniki\">\n\t\t\t<div class=\"elementor-post__card\">\n\t\t\t\t<a class=\"elementor-post__thumbnail__link\" href=\"https:\/\/layer.si\/kaos\/umetniki\/urska-preis\/\" >\n\t\t\t<div class=\"elementor-post__thumbnail\"><img width=\"300\" height=\"197\" src=\"https:\/\/layer.si\/kaos\/wp-content\/uploads\/kaufvertrag_volvo034-300x197.jpg\" class=\"attachment-medium size-medium\" alt=\"\" loading=\"lazy\" srcset=\"https:\/\/layer.si\/kaos\/wp-content\/uploads\/kaufvertrag_volvo034-300x197.jpg 300w, https:\/\/layer.si\/kaos\/wp-content\/uploads\/kaufvertrag_volvo034-768x504.jpg 768w, https:\/\/layer.si\/kaos\/wp-content\/uploads\/kaufvertrag_volvo034-1024x672.jpg 1024w, https:\/\/layer.si\/kaos\/wp-content\/uploads\/kaufvertrag_volvo034.jpg 2000w\" sizes=\"(max-width: 300px) 100vw, 300px\" \/><\/div>\n\t\t<\/a>\n\t\t\t\t<div class=\"elementor-post__badge\">Povabljeni umetniki<\/div>\n\t\t\t\t<div class=\"elementor-post__text\">\n\t\t\t\t<h1 class=\"elementor-post__title\">\n\t\t\t<a href=\"https:\/\/layer.si\/kaos\/umetniki\/urska-preis\/\" >\n\t\t\t\tUr\u0161ka Preis\t\t\t<\/a>\n\t\t<\/h1>\n\t\t\t\t<div class=\"elementor-post__excerpt\">\n\t\t\t<p>Ur\u0161ka Preis (SI) je glasbenica in vizualna umetnica, ki deluje tudi kot kuratorka in piska. Leta 2015 je po izmenjavi na Listah\u00e1sk\u00f3li \u00cdslands v Reykjav\u00edku<\/p>\n\t\t<\/div>\n\t\t\t\t<\/div>\n\t\t\t\t\t<\/div>\n\t\t<\/article>\n\t\t\t\t<article class=\"elementor-post elementor-grid-item post-4945 umetniki type-umetniki status-publish has-post-thumbnail hentry leto-434 jezik-slo umetnik-kategorija-povabljeni-umetniki\">\n\t\t\t<div class=\"elementor-post__card\">\n\t\t\t\t<a class=\"elementor-post__thumbnail__link\" href=\"https:\/\/layer.si\/kaos\/umetniki\/nikola-gocic\/\" >\n\t\t\t<div class=\"elementor-post__thumbnail\"><img width=\"300\" height=\"171\" src=\"https:\/\/layer.si\/kaos\/wp-content\/uploads\/The-Demigod-of-Ominous-Silence-2-300x171.jpg\" class=\"attachment-medium size-medium\" alt=\"\" loading=\"lazy\" srcset=\"https:\/\/layer.si\/kaos\/wp-content\/uploads\/The-Demigod-of-Ominous-Silence-2-300x171.jpg 300w, https:\/\/layer.si\/kaos\/wp-content\/uploads\/The-Demigod-of-Ominous-Silence-2-768x439.jpg 768w, https:\/\/layer.si\/kaos\/wp-content\/uploads\/The-Demigod-of-Ominous-Silence-2-1024x585.jpg 1024w\" sizes=\"(max-width: 300px) 100vw, 300px\" \/><\/div>\n\t\t<\/a>\n\t\t\t\t<div class=\"elementor-post__badge\">Povabljeni umetniki<\/div>\n\t\t\t\t<div class=\"elementor-post__text\">\n\t\t\t\t<h1 class=\"elementor-post__title\">\n\t\t\t<a href=\"https:\/\/layer.si\/kaos\/umetniki\/nikola-gocic\/\" >\n\t\t\t\tNikola Goci\u0107\t\t\t<\/a>\n\t\t<\/h1>\n\t\t\t\t<div class=\"elementor-post__excerpt\">\n\t\t\t<p>Nikola Goci\u0107 (RS) je filmski recenzent in kola\u017eist. Avtor bloga NGboo Art pogosto in uspe\u0161no sodeluje s filmskim ustvarjalcem Rouzbehom Rashidijem pri \u010dlankih o kinematografiji<\/p>\n\t\t<\/div>\n\t\t\t\t<\/div>\n\t\t\t\t\t<\/div>\n\t\t<\/article>\n\t\t\t\t<article class=\"elementor-post elementor-grid-item post-4950 umetniki type-umetniki status-publish has-post-thumbnail hentry leto-434 jezik-slo umetnik-kategorija-povabljeni-umetniki\">\n\t\t\t<div class=\"elementor-post__card\">\n\t\t\t\t<a class=\"elementor-post__thumbnail__link\" href=\"https:\/\/layer.si\/kaos\/umetniki\/enej-gala\/\" >\n\t\t\t<div class=\"elementor-post__thumbnail\"><img width=\"200\" height=\"300\" src=\"https:\/\/layer.si\/kaos\/wp-content\/uploads\/12A34F4F-B94E-484E-B786-DF0BFB295E23-5459-000000E538005F0F-200x300.jpg\" class=\"attachment-medium size-medium\" alt=\"\" loading=\"lazy\" srcset=\"https:\/\/layer.si\/kaos\/wp-content\/uploads\/12A34F4F-B94E-484E-B786-DF0BFB295E23-5459-000000E538005F0F-200x300.jpg 200w, https:\/\/layer.si\/kaos\/wp-content\/uploads\/12A34F4F-B94E-484E-B786-DF0BFB295E23-5459-000000E538005F0F-768x1152.jpg 768w, https:\/\/layer.si\/kaos\/wp-content\/uploads\/12A34F4F-B94E-484E-B786-DF0BFB295E23-5459-000000E538005F0F-683x1024.jpg 683w, https:\/\/layer.si\/kaos\/wp-content\/uploads\/12A34F4F-B94E-484E-B786-DF0BFB295E23-5459-000000E538005F0F.jpg 1184w\" sizes=\"(max-width: 200px) 100vw, 200px\" \/><\/div>\n\t\t<\/a>\n\t\t\t\t<div class=\"elementor-post__badge\">Povabljeni umetniki<\/div>\n\t\t\t\t<div class=\"elementor-post__text\">\n\t\t\t\t<h1 class=\"elementor-post__title\">\n\t\t\t<a href=\"https:\/\/layer.si\/kaos\/umetniki\/enej-gala\/\" >\n\t\t\t\tEnej Gala\t\t\t<\/a>\n\t\t<\/h1>\n\t\t\t\t<div class=\"elementor-post__excerpt\">\n\t\t\t<p>Enej Gala (1990) \u017eivi in \u200b\u200bustvarja med Londonom, Benetkami in Novo Gorico. Leta 2014 je bil na \u0161tudentski izmenjavi na akademiji William De Kooning v<\/p>\n\t\t<\/div>\n\t\t\t\t<\/div>\n\t\t\t\t\t<\/div>\n\t\t<\/article>\n\t\t\t\t<article class=\"elementor-post elementor-grid-item post-4954 umetniki type-umetniki status-publish has-post-thumbnail hentry leto-434 jezik-slo umetnik-kategorija-povabljeni-umetniki\">\n\t\t\t<div class=\"elementor-post__card\">\n\t\t\t\t<a class=\"elementor-post__thumbnail__link\" href=\"https:\/\/layer.si\/kaos\/umetniki\/bodo-korsig\/\" >\n\t\t\t<div class=\"elementor-post__thumbnail\"><img width=\"232\" height=\"300\" src=\"https:\/\/layer.si\/kaos\/wp-content\/uploads\/BK_1-1-232x300.jpg\" class=\"attachment-medium size-medium\" alt=\"\" loading=\"lazy\" srcset=\"https:\/\/layer.si\/kaos\/wp-content\/uploads\/BK_1-1-232x300.jpg 232w, https:\/\/layer.si\/kaos\/wp-content\/uploads\/BK_1-1-768x992.jpg 768w, https:\/\/layer.si\/kaos\/wp-content\/uploads\/BK_1-1-793x1024.jpg 793w, https:\/\/layer.si\/kaos\/wp-content\/uploads\/BK_1-1.jpg 1548w\" sizes=\"(max-width: 232px) 100vw, 232px\" \/><\/div>\n\t\t<\/a>\n\t\t\t\t<div class=\"elementor-post__badge\">Povabljeni umetniki<\/div>\n\t\t\t\t<div class=\"elementor-post__text\">\n\t\t\t\t<h1 class=\"elementor-post__title\">\n\t\t\t<a href=\"https:\/\/layer.si\/kaos\/umetniki\/bodo-korsig\/\" >\n\t\t\t\tBodo Korsig\t\t\t<\/a>\n\t\t<\/h1>\n\t\t\t\t<div class=\"elementor-post__excerpt\">\n\t\t\t<p>Bodo Korsig, rojen v Zwickauu v Nem\u010diji,&nbsp; je obse\u017eno razstavljal v ve\u010d kot sto muzejih in galerijah doma in v tujini &#8211; vklju\u010dno z Leonardimuseum<\/p>\n\t\t<\/div>\n\t\t\t\t<\/div>\n\t\t\t\t\t<\/div>\n\t\t<\/article>\n\t\t\t\t<article class=\"elementor-post elementor-grid-item post-4961 umetniki type-umetniki status-publish has-post-thumbnail hentry leto-434 jezik-slo umetnik-kategorija-povabljeni-umetniki\">\n\t\t\t<div class=\"elementor-post__card\">\n\t\t\t\t<a class=\"elementor-post__thumbnail__link\" href=\"https:\/\/layer.si\/kaos\/umetniki\/art-stays\/\" >\n\t\t\t<div class=\"elementor-post__thumbnail\"><img width=\"300\" height=\"200\" src=\"https:\/\/layer.si\/kaos\/wp-content\/uploads\/D3EA8A66-C691-437B-A9EB-11C20E23D4AC-17464-000002FDFA21FD17-1-300x200.jpg\" class=\"attachment-medium size-medium\" alt=\"\" loading=\"lazy\" srcset=\"https:\/\/layer.si\/kaos\/wp-content\/uploads\/D3EA8A66-C691-437B-A9EB-11C20E23D4AC-17464-000002FDFA21FD17-1-300x200.jpg 300w, https:\/\/layer.si\/kaos\/wp-content\/uploads\/D3EA8A66-C691-437B-A9EB-11C20E23D4AC-17464-000002FDFA21FD17-1-768x512.jpg 768w, https:\/\/layer.si\/kaos\/wp-content\/uploads\/D3EA8A66-C691-437B-A9EB-11C20E23D4AC-17464-000002FDFA21FD17-1-1024x683.jpg 1024w, https:\/\/layer.si\/kaos\/wp-content\/uploads\/D3EA8A66-C691-437B-A9EB-11C20E23D4AC-17464-000002FDFA21FD17-1.jpg 1776w\" sizes=\"(max-width: 300px) 100vw, 300px\" \/><\/div>\n\t\t<\/a>\n\t\t\t\t<div class=\"elementor-post__badge\">Povabljeni umetniki<\/div>\n\t\t\t\t<div class=\"elementor-post__text\">\n\t\t\t\t<h1 class=\"elementor-post__title\">\n\t\t\t<a href=\"https:\/\/layer.si\/kaos\/umetniki\/art-stays\/\" >\n\t\t\t\tArt Stays\t\t\t<\/a>\n\t\t<\/h1>\n\t\t\t\t<div class=\"elementor-post__excerpt\">\n\t\t\t<p>Lynn Book je ameri\u0161ka transmedijska umetnica, ki deluje v razli\u010dnih disciplinah in kulturnih sferah in je v sodelovanju s festivalom pripravila avdio zapise za veliko<\/p>\n\t\t<\/div>\n\t\t\t\t<\/div>\n\t\t\t\t\t<\/div>\n\t\t<\/article>\n\t\t\t\t<article class=\"elementor-post elementor-grid-item post-5001 umetniki type-umetniki status-publish has-post-thumbnail hentry leto-434 jezik-slo umetnik-kategorija-povabljeni-umetniki\">\n\t\t\t<div class=\"elementor-post__card\">\n\t\t\t\t<a class=\"elementor-post__thumbnail__link\" href=\"https:\/\/layer.si\/kaos\/umetniki\/rachael-jablo\/\" >\n\t\t\t<div class=\"elementor-post__thumbnail\"><img width=\"300\" height=\"226\" src=\"https:\/\/layer.si\/kaos\/wp-content\/uploads\/Alex_sm-300x226.jpg\" class=\"attachment-medium size-medium\" alt=\"\" loading=\"lazy\" srcset=\"https:\/\/layer.si\/kaos\/wp-content\/uploads\/Alex_sm-300x226.jpg 300w, https:\/\/layer.si\/kaos\/wp-content\/uploads\/Alex_sm-768x578.jpg 768w, https:\/\/layer.si\/kaos\/wp-content\/uploads\/Alex_sm-1024x771.jpg 1024w, https:\/\/layer.si\/kaos\/wp-content\/uploads\/Alex_sm.jpg 2000w\" sizes=\"(max-width: 300px) 100vw, 300px\" \/><\/div>\n\t\t<\/a>\n\t\t\t\t<div class=\"elementor-post__badge\">Povabljeni umetniki<\/div>\n\t\t\t\t<div class=\"elementor-post__text\">\n\t\t\t\t<h1 class=\"elementor-post__title\">\n\t\t\t<a href=\"https:\/\/layer.si\/kaos\/umetniki\/rachael-jablo\/\" >\n\t\t\t\tRachael Jablo\t\t\t<\/a>\n\t\t<\/h1>\n\t\t\t\t<div class=\"elementor-post__excerpt\">\n\t\t\t<p>Projekt Histerija ameri\u0161ke umetnice Rachael Jablo je projekt pripovedovanja zgodb ena na ena, ki se ukvarja z menstrualnimi, reproduktivnimi in medeni\u010dnimi motnjami. Ponazarjajo jih posamezni<\/p>\n\t\t<\/div>\n\t\t\t\t<\/div>\n\t\t\t\t\t<\/div>\n\t\t<\/article>\n\t\t\t\t<article class=\"elementor-post elementor-grid-item post-5006 umetniki type-umetniki status-publish has-post-thumbnail hentry leto-434 jezik-slo umetnik-kategorija-povabljeni-umetniki\">\n\t\t\t<div class=\"elementor-post__card\">\n\t\t\t\t<a class=\"elementor-post__thumbnail__link\" href=\"https:\/\/layer.si\/kaos\/umetniki\/ricardo-miguel-hernandez\/\" >\n\t\t\t<div class=\"elementor-post__thumbnail\"><img width=\"238\" height=\"300\" src=\"https:\/\/layer.si\/kaos\/wp-content\/uploads\/210-238x300.jpg\" class=\"attachment-medium size-medium\" alt=\"\" loading=\"lazy\" srcset=\"https:\/\/layer.si\/kaos\/wp-content\/uploads\/210-238x300.jpg 238w, https:\/\/layer.si\/kaos\/wp-content\/uploads\/210-768x966.jpg 768w, https:\/\/layer.si\/kaos\/wp-content\/uploads\/210-814x1024.jpg 814w, https:\/\/layer.si\/kaos\/wp-content\/uploads\/210.jpg 1192w\" sizes=\"(max-width: 238px) 100vw, 238px\" \/><\/div>\n\t\t<\/a>\n\t\t\t\t<div class=\"elementor-post__badge\">Povabljeni umetniki<\/div>\n\t\t\t\t<div class=\"elementor-post__text\">\n\t\t\t\t<h1 class=\"elementor-post__title\">\n\t\t\t<a href=\"https:\/\/layer.si\/kaos\/umetniki\/ricardo-miguel-hernandez\/\" >\n\t\t\t\tRicardo Miguel Hernandez\t\t\t<\/a>\n\t\t<\/h1>\n\t\t\t\t<div class=\"elementor-post__excerpt\">\n\t\t\t<p>Delo Ko se spomin spremeni v prah, je reflektivni proces, v katerem Ricardo Miguel Hernandez zdru\u017euje empiri\u010dno, psiholo\u0161ko in kriti\u010dno. Naklju\u010dno gesto med izbiro dolo\u010denega<\/p>\n\t\t<\/div>\n\t\t\t\t<\/div>\n\t\t\t\t\t<\/div>\n\t\t<\/article>\n\t\t\t\t<\/div>\n\t\t\t\t<\/div>\n\t\t\t\t<\/div>\n\t\t\t\t\t\t<\/div>\n\t\t\t<\/div>\n\t\t<\/div>\n\t\t\t\t\t\t<\/div>\n\t\t\t<\/div>\n\t\t<\/section>\n\t\t\t\t\t\t<\/div>\n\t\t\t<\/div>\n\t\t<\/div>\n\t\t","protected":false},"excerpt":{"rendered":"","protected":false},"author":1,"featured_media":0,"parent":339,"menu_order":1,"comment_status":"closed","ping_status":"closed","template":"","meta":[],"_links":{"self":[{"href":"https:\/\/layer.si\/kaos\/wp-json\/wp\/v2\/pages\/4648"}],"collection":[{"href":"https:\/\/layer.si\/kaos\/wp-json\/wp\/v2\/pages"}],"about":[{"href":"https:\/\/layer.si\/kaos\/wp-json\/wp\/v2\/types\/page"}],"author":[{"embeddable":true,"href":"https:\/\/layer.si\/kaos\/wp-json\/wp\/v2\/users\/1"}],"replies":[{"embeddable":true,"href":"https:\/\/layer.si\/kaos\/wp-json\/wp\/v2\/comments?post=4648"}],"version-history":[{"count":2,"href":"https:\/\/layer.si\/kaos\/wp-json\/wp\/v2\/pages\/4648\/revisions"}],"predecessor-version":[{"id":4650,"href":"https:\/\/layer.si\/kaos\/wp-json\/wp\/v2\/pages\/4648\/revisions\/4650"}],"up":[{"embeddable":true,"href":"https:\/\/layer.si\/kaos\/wp-json\/wp\/v2\/pages\/339"}],"wp:attachment":[{"href":"https:\/\/layer.si\/kaos\/wp-json\/wp\/v2\/media?parent=4648"}],"curies":[{"name":"wp","href":"https:\/\/api.w.org\/{rel}","templated":true}]}}