{"id":4651,"date":"2022-04-30T21:54:15","date_gmt":"2022-04-30T21:54:15","guid":{"rendered":"https:\/\/layer.si\/kaos\/?page_id=4651"},"modified":"2022-04-30T21:55:39","modified_gmt":"2022-04-30T21:55:39","slug":"invited-artists-2022","status":"publish","type":"page","link":"https:\/\/layer.si\/kaos\/en\/artists\/invited-artists\/invited-artists-2022\/","title":{"rendered":"INVITED ARTISTS 2022"},"content":{"rendered":"\t\t<div data-elementor-type=\"wp-post\" data-elementor-id=\"4651\" class=\"elementor elementor-4651\" data-elementor-settings=\"[]\">\n\t\t\t<div class=\"elementor-inner\">\n\t\t\t\t<div class=\"elementor-section-wrap\">\n\t\t\t\t\t\t\t<section class=\"elementor-element elementor-element-754a591 elementor-section-boxed elementor-section-height-default elementor-section-height-default elementor-section elementor-top-section\" data-id=\"754a591\" data-element_type=\"section\">\n\t\t\t\t\t\t<div class=\"elementor-container elementor-column-gap-default\">\n\t\t\t\t<div class=\"elementor-row\">\n\t\t\t\t<div class=\"elementor-element elementor-element-d037e8f elementor-column elementor-col-100 elementor-top-column\" data-id=\"d037e8f\" data-element_type=\"column\">\n\t\t\t<div class=\"elementor-column-wrap  elementor-element-populated\">\n\t\t\t\t\t<div class=\"elementor-widget-wrap\">\n\t\t\t\t<div class=\"elementor-element elementor-element-e83dfa8 elementor-nav-menu__align-center elementor-nav-menu__text-align-center elementor-nav-menu--indicator-classic elementor-nav-menu--dropdown-tablet elementor-widget elementor-widget-nav-menu\" data-id=\"e83dfa8\" data-element_type=\"widget\" data-settings=\"{&quot;layout&quot;:&quot;horizontal&quot;}\" data-widget_type=\"nav-menu.default\">\n\t\t\t\t<div class=\"elementor-widget-container\">\n\t\t\t\t\t\t<nav role=\"navigation\" class=\"elementor-nav-menu--main elementor-nav-menu__container elementor-nav-menu--layout-horizontal e--pointer-underline e--animation-fade\"><ul id=\"menu-1-e83dfa8\" class=\"elementor-nav-menu\"><li class=\"menu-item menu-item-type-post_type menu-item-object-page menu-item-5569\"><a href=\"https:\/\/layer.si\/kaos\/en\/artists\/invited-artists\/invited-artists-2024\/\" class=\"elementor-item\">2024<\/a><\/li>\n<li class=\"menu-item menu-item-type-post_type menu-item-object-page menu-item-4655\"><a href=\"https:\/\/layer.si\/kaos\/en\/artists\/invited-artists\/invited-artists-2022\/\" class=\"elementor-item\">2022<\/a><\/li>\n<li class=\"menu-item menu-item-type-post_type menu-item-object-page menu-item-4194\"><a href=\"https:\/\/layer.si\/kaos\/en\/artists\/invited-artists\/invited-artists-2020\/\" class=\"elementor-item\">2020<\/a><\/li>\n<li class=\"menu-item menu-item-type-post_type menu-item-object-page menu-item-1006\"><a href=\"https:\/\/layer.si\/kaos\/en\/artists\/invited-artists\/invited-artists-2019\/\" class=\"elementor-item\">2019<\/a><\/li>\n<li class=\"menu-item menu-item-type-post_type menu-item-object-page menu-item-1012\"><a href=\"https:\/\/layer.si\/kaos\/en\/artists\/invited-artists\/invited-artists-2018\/\" class=\"elementor-item\">2018<\/a><\/li>\n<\/ul><\/nav>\n\t\t\t\t\t<div class=\"elementor-menu-toggle\" role=\"button\" tabindex=\"0\" aria-label=\"Menu Toggle\" aria-expanded=\"false\">\n\t\t\t<i class=\"eicon-menu-bar\" aria-hidden=\"true\"><\/i>\n\t\t\t<span class=\"elementor-screen-only\">Menu<\/span>\n\t\t<\/div>\n\t\t\t<nav class=\"elementor-nav-menu--dropdown elementor-nav-menu__container\" role=\"navigation\" aria-hidden=\"true\"><ul id=\"menu-2-e83dfa8\" class=\"elementor-nav-menu\"><li class=\"menu-item menu-item-type-post_type menu-item-object-page menu-item-5569\"><a href=\"https:\/\/layer.si\/kaos\/en\/artists\/invited-artists\/invited-artists-2024\/\" class=\"elementor-item\">2024<\/a><\/li>\n<li class=\"menu-item menu-item-type-post_type menu-item-object-page menu-item-4655\"><a href=\"https:\/\/layer.si\/kaos\/en\/artists\/invited-artists\/invited-artists-2022\/\" class=\"elementor-item\">2022<\/a><\/li>\n<li class=\"menu-item menu-item-type-post_type menu-item-object-page menu-item-4194\"><a href=\"https:\/\/layer.si\/kaos\/en\/artists\/invited-artists\/invited-artists-2020\/\" class=\"elementor-item\">2020<\/a><\/li>\n<li class=\"menu-item menu-item-type-post_type menu-item-object-page menu-item-1006\"><a href=\"https:\/\/layer.si\/kaos\/en\/artists\/invited-artists\/invited-artists-2019\/\" class=\"elementor-item\">2019<\/a><\/li>\n<li class=\"menu-item menu-item-type-post_type menu-item-object-page menu-item-1012\"><a href=\"https:\/\/layer.si\/kaos\/en\/artists\/invited-artists\/invited-artists-2018\/\" class=\"elementor-item\">2018<\/a><\/li>\n<\/ul><\/nav>\n\t\t\t\t<\/div>\n\t\t\t\t<\/div>\n\t\t\t\t\t\t<\/div>\n\t\t\t<\/div>\n\t\t<\/div>\n\t\t\t\t\t\t<\/div>\n\t\t\t<\/div>\n\t\t<\/section>\n\t\t\t\t<section class=\"elementor-element elementor-element-14f3c89 elementor-section-stretched elementor-section-full_width elementor-section-height-default elementor-section-height-default elementor-section elementor-top-section\" data-id=\"14f3c89\" data-element_type=\"section\" data-settings=\"{&quot;stretch_section&quot;:&quot;section-stretched&quot;}\">\n\t\t\t\t\t\t<div class=\"elementor-container elementor-column-gap-default\">\n\t\t\t\t<div class=\"elementor-row\">\n\t\t\t\t<div class=\"elementor-element elementor-element-9639af3 elementor-column elementor-col-100 elementor-top-column\" data-id=\"9639af3\" data-element_type=\"column\">\n\t\t\t<div class=\"elementor-column-wrap  elementor-element-populated\">\n\t\t\t\t\t<div class=\"elementor-widget-wrap\">\n\t\t\t\t<div class=\"elementor-element elementor-element-1485de8 filter001 elementor-grid-4 elementor-grid-tablet-2 elementor-grid-mobile-1 elementor-posts--thumbnail-top elementor-card-shadow-yes elementor-posts__hover-gradient elementor-widget elementor-widget-posts\" data-id=\"1485de8\" data-element_type=\"widget\" data-settings=\"{&quot;cards_columns&quot;:&quot;4&quot;,&quot;cards_columns_tablet&quot;:&quot;2&quot;,&quot;cards_columns_mobile&quot;:&quot;1&quot;,&quot;cards_row_gap&quot;:{&quot;unit&quot;:&quot;px&quot;,&quot;size&quot;:35,&quot;sizes&quot;:[]}}\" data-widget_type=\"posts.cards\">\n\t\t\t\t<div class=\"elementor-widget-container\">\n\t\t\t\t\t<div class=\"elementor-posts-container elementor-posts elementor-posts--skin-cards elementor-grid\">\n\t\t\t\t<article class=\"elementor-post elementor-grid-item post-4823 umetniki type-umetniki status-publish has-post-thumbnail hentry leto-2022-en jezik-eng umetnik-kategorija-invited-artists\">\n\t\t\t<div class=\"elementor-post__card\">\n\t\t\t\t<a class=\"elementor-post__thumbnail__link\" href=\"https:\/\/layer.si\/kaos\/en\/umetniki\/martin-gerigk\/\" >\n\t\t\t<div class=\"elementor-post__thumbnail\"><img width=\"300\" height=\"171\" src=\"https:\/\/layer.si\/kaos\/wp-content\/uploads\/The-Demigod-of-Ominous-Silence-1-300x171.jpg\" class=\"attachment-medium size-medium\" alt=\"\" loading=\"lazy\" srcset=\"https:\/\/layer.si\/kaos\/wp-content\/uploads\/The-Demigod-of-Ominous-Silence-1-300x171.jpg 300w, https:\/\/layer.si\/kaos\/wp-content\/uploads\/The-Demigod-of-Ominous-Silence-1-768x439.jpg 768w, https:\/\/layer.si\/kaos\/wp-content\/uploads\/The-Demigod-of-Ominous-Silence-1-1024x585.jpg 1024w\" sizes=\"(max-width: 300px) 100vw, 300px\" \/><\/div>\n\t\t<\/a>\n\t\t\t\t<div class=\"elementor-post__badge\">Invited artists<\/div>\n\t\t\t\t<div class=\"elementor-post__text\">\n\t\t\t\t<h1 class=\"elementor-post__title\">\n\t\t\t<a href=\"https:\/\/layer.si\/kaos\/en\/umetniki\/martin-gerigk\/\" >\n\t\t\t\tMartin Gerigk\t\t\t<\/a>\n\t\t<\/h1>\n\t\t\t\t<div class=\"elementor-post__excerpt\">\n\t\t\t<p>Martin Gerigk (DE) is a composer of contemporary music. His compositions are regularly performed internationally by well-known soloists and ensembles. He is also known for<\/p>\n\t\t<\/div>\n\t\t\t\t<\/div>\n\t\t\t\t\t<\/div>\n\t\t<\/article>\n\t\t\t\t<article class=\"elementor-post elementor-grid-item post-4908 umetniki type-umetniki status-publish has-post-thumbnail hentry leto-2022-en jezik-eng umetnik-kategorija-invited-artists\">\n\t\t\t<div class=\"elementor-post__card\">\n\t\t\t\t<a class=\"elementor-post__thumbnail__link\" href=\"https:\/\/layer.si\/kaos\/en\/umetniki\/tomaz-crnej-2\/\" >\n\t\t\t<div class=\"elementor-post__thumbnail\"><img width=\"300\" height=\"300\" src=\"https:\/\/layer.si\/kaos\/wp-content\/uploads\/12345DSCF4608-1-300x300.jpg\" class=\"attachment-medium size-medium\" alt=\"\" loading=\"lazy\" srcset=\"https:\/\/layer.si\/kaos\/wp-content\/uploads\/12345DSCF4608-1-300x300.jpg 300w, https:\/\/layer.si\/kaos\/wp-content\/uploads\/12345DSCF4608-1-150x150.jpg 150w, https:\/\/layer.si\/kaos\/wp-content\/uploads\/12345DSCF4608-1-768x768.jpg 768w, https:\/\/layer.si\/kaos\/wp-content\/uploads\/12345DSCF4608-1-1024x1024.jpg 1024w, https:\/\/layer.si\/kaos\/wp-content\/uploads\/12345DSCF4608-1.jpg 2000w\" sizes=\"(max-width: 300px) 100vw, 300px\" \/><\/div>\n\t\t<\/a>\n\t\t\t\t<div class=\"elementor-post__badge\">Invited artists<\/div>\n\t\t\t\t<div class=\"elementor-post__text\">\n\t\t\t\t<h1 class=\"elementor-post__title\">\n\t\t\t<a href=\"https:\/\/layer.si\/kaos\/en\/umetniki\/tomaz-crnej-2\/\" >\n\t\t\t\tToma\u017e \u010crnej\t\t\t<\/a>\n\t\t<\/h1>\n\t\t\t\t<div class=\"elementor-post__excerpt\">\n\t\t\t<p>Toma\u017e \u010crnej (SI) started his photographic media activities as a self-taught person and soon focused on the field that moves between narrative documentary and art<\/p>\n\t\t<\/div>\n\t\t\t\t<\/div>\n\t\t\t\t\t<\/div>\n\t\t<\/article>\n\t\t\t\t<article class=\"elementor-post elementor-grid-item post-4915 umetniki type-umetniki status-publish has-post-thumbnail hentry leto-2022-en jezik-eng umetnik-kategorija-invited-artists\">\n\t\t\t<div class=\"elementor-post__card\">\n\t\t\t\t<a class=\"elementor-post__thumbnail__link\" href=\"https:\/\/layer.si\/kaos\/en\/umetniki\/klementina-golija-2\/\" >\n\t\t\t<div class=\"elementor-post__thumbnail\"><img width=\"300\" height=\"173\" src=\"https:\/\/layer.si\/kaos\/wp-content\/uploads\/go-2378-2000px-2-300x173.jpg\" class=\"attachment-medium size-medium\" alt=\"\" loading=\"lazy\" srcset=\"https:\/\/layer.si\/kaos\/wp-content\/uploads\/go-2378-2000px-2-300x173.jpg 300w, https:\/\/layer.si\/kaos\/wp-content\/uploads\/go-2378-2000px-2-768x443.jpg 768w, https:\/\/layer.si\/kaos\/wp-content\/uploads\/go-2378-2000px-2-1024x590.jpg 1024w, https:\/\/layer.si\/kaos\/wp-content\/uploads\/go-2378-2000px-2.jpg 2000w\" sizes=\"(max-width: 300px) 100vw, 300px\" \/><\/div>\n\t\t<\/a>\n\t\t\t\t<div class=\"elementor-post__badge\">Invited artists<\/div>\n\t\t\t\t<div class=\"elementor-post__text\">\n\t\t\t\t<h1 class=\"elementor-post__title\">\n\t\t\t<a href=\"https:\/\/layer.si\/kaos\/en\/umetniki\/klementina-golija-2\/\" >\n\t\t\t\tKlementina Golija\t\t\t<\/a>\n\t\t<\/h1>\n\t\t\t\t<div class=\"elementor-post__excerpt\">\n\t\t\t<p>Klementina Golija (SI) was born in Jesenice. She studied painting at the Accademia di Belle Arti di Brera in Milan, where she also graduated in<\/p>\n\t\t<\/div>\n\t\t\t\t<\/div>\n\t\t\t\t\t<\/div>\n\t\t<\/article>\n\t\t\t\t<article class=\"elementor-post elementor-grid-item post-4919 umetniki type-umetniki status-publish has-post-thumbnail hentry leto-2022-en umetnik-kategorija-invited-artists\">\n\t\t\t<div class=\"elementor-post__card\">\n\t\t\t\t<a class=\"elementor-post__thumbnail__link\" href=\"https:\/\/layer.si\/kaos\/en\/umetniki\/louise-winter-2\/\" >\n\t\t\t<div class=\"elementor-post__thumbnail\"><img width=\"300\" height=\"225\" src=\"https:\/\/layer.si\/kaos\/wp-content\/uploads\/Image-2-300x225.jpg\" class=\"attachment-medium size-medium\" alt=\"\" loading=\"lazy\" srcset=\"https:\/\/layer.si\/kaos\/wp-content\/uploads\/Image-2-300x225.jpg 300w, https:\/\/layer.si\/kaos\/wp-content\/uploads\/Image-2-768x576.jpg 768w, https:\/\/layer.si\/kaos\/wp-content\/uploads\/Image-2-1024x768.jpg 1024w, https:\/\/layer.si\/kaos\/wp-content\/uploads\/Image-2.jpg 2000w\" sizes=\"(max-width: 300px) 100vw, 300px\" \/><\/div>\n\t\t<\/a>\n\t\t\t\t<div class=\"elementor-post__badge\">Invited artists<\/div>\n\t\t\t\t<div class=\"elementor-post__text\">\n\t\t\t\t<h1 class=\"elementor-post__title\">\n\t\t\t<a href=\"https:\/\/layer.si\/kaos\/en\/umetniki\/louise-winter-2\/\" >\n\t\t\t\tLouise Winter\t\t\t<\/a>\n\t\t<\/h1>\n\t\t\t\t<div class=\"elementor-post__excerpt\">\n\t\t\t<p>Louise Winter (UK)\u00a0 is an artist, writer and curator based in Ljubljana, Slovenia. In 2011, Winter graduated with an MA in Fine Art with distinction<\/p>\n\t\t<\/div>\n\t\t\t\t<\/div>\n\t\t\t\t\t<\/div>\n\t\t<\/article>\n\t\t\t\t<article class=\"elementor-post elementor-grid-item post-4924 umetniki type-umetniki status-publish has-post-thumbnail hentry leto-2022-en jezik-eng umetnik-kategorija-invited-artists\">\n\t\t\t<div class=\"elementor-post__card\">\n\t\t\t\t<a class=\"elementor-post__thumbnail__link\" href=\"https:\/\/layer.si\/kaos\/en\/umetniki\/michele-landel-4\/\" >\n\t\t\t<div class=\"elementor-post__thumbnail\"><img width=\"241\" height=\"300\" src=\"https:\/\/layer.si\/kaos\/wp-content\/uploads\/Michele-Landel_Cmon.-Get-up._2020_photograph-fabric-and-thread_-size-varies-floor-1-241x300.jpg\" class=\"attachment-medium size-medium\" alt=\"\" loading=\"lazy\" srcset=\"https:\/\/layer.si\/kaos\/wp-content\/uploads\/Michele-Landel_Cmon.-Get-up._2020_photograph-fabric-and-thread_-size-varies-floor-1-241x300.jpg 241w, https:\/\/layer.si\/kaos\/wp-content\/uploads\/Michele-Landel_Cmon.-Get-up._2020_photograph-fabric-and-thread_-size-varies-floor-1-768x956.jpg 768w, https:\/\/layer.si\/kaos\/wp-content\/uploads\/Michele-Landel_Cmon.-Get-up._2020_photograph-fabric-and-thread_-size-varies-floor-1-823x1024.jpg 823w, https:\/\/layer.si\/kaos\/wp-content\/uploads\/Michele-Landel_Cmon.-Get-up._2020_photograph-fabric-and-thread_-size-varies-floor-1.jpg 1607w\" sizes=\"(max-width: 241px) 100vw, 241px\" \/><\/div>\n\t\t<\/a>\n\t\t\t\t<div class=\"elementor-post__badge\">Invited artists<\/div>\n\t\t\t\t<div class=\"elementor-post__text\">\n\t\t\t\t<h1 class=\"elementor-post__title\">\n\t\t\t<a href=\"https:\/\/layer.si\/kaos\/en\/umetniki\/michele-landel-4\/\" >\n\t\t\t\tMichele Landel\t\t\t<\/a>\n\t\t<\/h1>\n\t\t\t\t<div class=\"elementor-post__excerpt\">\n\t\t\t<p>Michelle Landel (US) is an American artist who lives and works in S\u00e8vres, France. She holds degrees in Fine Arts and Art History. Her artwork<\/p>\n\t\t<\/div>\n\t\t\t\t<\/div>\n\t\t\t\t\t<\/div>\n\t\t<\/article>\n\t\t\t\t<article class=\"elementor-post elementor-grid-item post-4930 umetniki type-umetniki status-publish has-post-thumbnail hentry leto-2022-en jezik-eng umetnik-kategorija-invited-artists\">\n\t\t\t<div class=\"elementor-post__card\">\n\t\t\t\t<a class=\"elementor-post__thumbnail__link\" href=\"https:\/\/layer.si\/kaos\/en\/umetniki\/simona-reisch-2\/\" >\n\t\t\t<div class=\"elementor-post__thumbnail\"><img width=\"297\" height=\"300\" src=\"https:\/\/layer.si\/kaos\/wp-content\/uploads\/arch_beton_reisch-297x300.jpg\" class=\"attachment-medium size-medium\" alt=\"\" loading=\"lazy\" srcset=\"https:\/\/layer.si\/kaos\/wp-content\/uploads\/arch_beton_reisch-297x300.jpg 297w, https:\/\/layer.si\/kaos\/wp-content\/uploads\/arch_beton_reisch-768x777.jpg 768w, https:\/\/layer.si\/kaos\/wp-content\/uploads\/arch_beton_reisch-1012x1024.jpg 1012w, https:\/\/layer.si\/kaos\/wp-content\/uploads\/arch_beton_reisch.jpg 1557w\" sizes=\"(max-width: 297px) 100vw, 297px\" \/><\/div>\n\t\t<\/a>\n\t\t\t\t<div class=\"elementor-post__badge\">Invited artists<\/div>\n\t\t\t\t<div class=\"elementor-post__text\">\n\t\t\t\t<h1 class=\"elementor-post__title\">\n\t\t\t<a href=\"https:\/\/layer.si\/kaos\/en\/umetniki\/simona-reisch-2\/\" >\n\t\t\t\tSimona Reisch\t\t\t<\/a>\n\t\t<\/h1>\n\t\t\t\t<div class=\"elementor-post__excerpt\">\n\t\t\t<p>Simona Reisch (AT) is an artist, photographer, graphic designer and art educator, based in Vienna, Austria. Since 2013, after her studies of art and photography<\/p>\n\t\t<\/div>\n\t\t\t\t<\/div>\n\t\t\t\t\t<\/div>\n\t\t<\/article>\n\t\t\t\t<article class=\"elementor-post elementor-grid-item post-4935 umetniki type-umetniki status-publish has-post-thumbnail hentry leto-2022-en jezik-eng umetnik-kategorija-invited-artists\">\n\t\t\t<div class=\"elementor-post__card\">\n\t\t\t\t<a class=\"elementor-post__thumbnail__link\" href=\"https:\/\/layer.si\/kaos\/en\/umetniki\/nieves-mingueza-2\/\" >\n\t\t\t<div class=\"elementor-post__thumbnail\"><img width=\"300\" height=\"212\" src=\"https:\/\/layer.si\/kaos\/wp-content\/uploads\/4.Image-to-exhibit-low-res-300x212.jpg\" class=\"attachment-medium size-medium\" alt=\"\" loading=\"lazy\" srcset=\"https:\/\/layer.si\/kaos\/wp-content\/uploads\/4.Image-to-exhibit-low-res-300x212.jpg 300w, https:\/\/layer.si\/kaos\/wp-content\/uploads\/4.Image-to-exhibit-low-res-768x543.jpg 768w, https:\/\/layer.si\/kaos\/wp-content\/uploads\/4.Image-to-exhibit-low-res-1024x724.jpg 1024w, https:\/\/layer.si\/kaos\/wp-content\/uploads\/4.Image-to-exhibit-low-res.jpg 1500w\" sizes=\"(max-width: 300px) 100vw, 300px\" \/><\/div>\n\t\t<\/a>\n\t\t\t\t<div class=\"elementor-post__badge\">Invited artists<\/div>\n\t\t\t\t<div class=\"elementor-post__text\">\n\t\t\t\t<h1 class=\"elementor-post__title\">\n\t\t\t<a href=\"https:\/\/layer.si\/kaos\/en\/umetniki\/nieves-mingueza-2\/\" >\n\t\t\t\tNieves Mingueza\t\t\t<\/a>\n\t\t<\/h1>\n\t\t\t\t<div class=\"elementor-post__excerpt\">\n\t\t\t<p>Speaking with friends and family, Nieves Mingueza was shocked to discover how many had experienced or witnessed gender-based violence and intimidation. Such stories are currently<\/p>\n\t\t<\/div>\n\t\t\t\t<\/div>\n\t\t\t\t\t<\/div>\n\t\t<\/article>\n\t\t\t\t<article class=\"elementor-post elementor-grid-item post-4939 umetniki type-umetniki status-publish has-post-thumbnail hentry leto-2022-en jezik-eng umetnik-kategorija-invited-artists\">\n\t\t\t<div class=\"elementor-post__card\">\n\t\t\t\t<a class=\"elementor-post__thumbnail__link\" href=\"https:\/\/layer.si\/kaos\/en\/umetniki\/patrick-brandt-2\/\" >\n\t\t\t<div class=\"elementor-post__thumbnail\"><img width=\"300\" height=\"300\" src=\"https:\/\/layer.si\/kaos\/wp-content\/uploads\/Struktur-der-Analogie-02-300x300.jpg\" class=\"attachment-medium size-medium\" alt=\"\" loading=\"lazy\" srcset=\"https:\/\/layer.si\/kaos\/wp-content\/uploads\/Struktur-der-Analogie-02-300x300.jpg 300w, https:\/\/layer.si\/kaos\/wp-content\/uploads\/Struktur-der-Analogie-02-150x150.jpg 150w, https:\/\/layer.si\/kaos\/wp-content\/uploads\/Struktur-der-Analogie-02-768x768.jpg 768w, https:\/\/layer.si\/kaos\/wp-content\/uploads\/Struktur-der-Analogie-02-1024x1024.jpg 1024w, https:\/\/layer.si\/kaos\/wp-content\/uploads\/Struktur-der-Analogie-02.jpg 1654w\" sizes=\"(max-width: 300px) 100vw, 300px\" \/><\/div>\n\t\t<\/a>\n\t\t\t\t<div class=\"elementor-post__badge\">Invited artists<\/div>\n\t\t\t\t<div class=\"elementor-post__text\">\n\t\t\t\t<h1 class=\"elementor-post__title\">\n\t\t\t<a href=\"https:\/\/layer.si\/kaos\/en\/umetniki\/patrick-brandt-2\/\" >\n\t\t\t\tPatrick Brandt\t\t\t<\/a>\n\t\t<\/h1>\n\t\t\t\t<div class=\"elementor-post__excerpt\">\n\t\t\t<p>Patrick Brandt (GE) was born in 1982 in Quedlinburg, a small town in the Harz region, where he started his artistic path in 1997 within<\/p>\n\t\t<\/div>\n\t\t\t\t<\/div>\n\t\t\t\t\t<\/div>\n\t\t<\/article>\n\t\t\t\t<article class=\"elementor-post elementor-grid-item post-4943 umetniki type-umetniki status-publish has-post-thumbnail hentry leto-2022-en jezik-eng umetnik-kategorija-invited-artists\">\n\t\t\t<div class=\"elementor-post__card\">\n\t\t\t\t<a class=\"elementor-post__thumbnail__link\" href=\"https:\/\/layer.si\/kaos\/en\/umetniki\/urska-preis-2\/\" >\n\t\t\t<div class=\"elementor-post__thumbnail\"><img width=\"300\" height=\"197\" src=\"https:\/\/layer.si\/kaos\/wp-content\/uploads\/kaufvertrag_volvo034-300x197.jpg\" class=\"attachment-medium size-medium\" alt=\"\" loading=\"lazy\" srcset=\"https:\/\/layer.si\/kaos\/wp-content\/uploads\/kaufvertrag_volvo034-300x197.jpg 300w, https:\/\/layer.si\/kaos\/wp-content\/uploads\/kaufvertrag_volvo034-768x504.jpg 768w, https:\/\/layer.si\/kaos\/wp-content\/uploads\/kaufvertrag_volvo034-1024x672.jpg 1024w, https:\/\/layer.si\/kaos\/wp-content\/uploads\/kaufvertrag_volvo034.jpg 2000w\" sizes=\"(max-width: 300px) 100vw, 300px\" \/><\/div>\n\t\t<\/a>\n\t\t\t\t<div class=\"elementor-post__badge\">Invited artists<\/div>\n\t\t\t\t<div class=\"elementor-post__text\">\n\t\t\t\t<h1 class=\"elementor-post__title\">\n\t\t\t<a href=\"https:\/\/layer.si\/kaos\/en\/umetniki\/urska-preis-2\/\" >\n\t\t\t\tUr\u0161ka Preis\t\t\t<\/a>\n\t\t<\/h1>\n\t\t\t\t<div class=\"elementor-post__excerpt\">\n\t\t\t<p>Ur\u0161ka Preis (SI) je glasbenica in vizualna umetnica, ki deluje tudi kot kuratorka in piska. Leta 2015 je po izmenjavi na Listah\u00e1sk\u00f3li \u00cdslands v Reykjav\u00edku<\/p>\n\t\t<\/div>\n\t\t\t\t<\/div>\n\t\t\t\t\t<\/div>\n\t\t<\/article>\n\t\t\t\t<article class=\"elementor-post elementor-grid-item post-4948 umetniki type-umetniki status-publish has-post-thumbnail hentry leto-2022-en jezik-eng umetnik-kategorija-invited-artists\">\n\t\t\t<div class=\"elementor-post__card\">\n\t\t\t\t<a class=\"elementor-post__thumbnail__link\" href=\"https:\/\/layer.si\/kaos\/en\/umetniki\/nikola-gocic-2\/\" >\n\t\t\t<div class=\"elementor-post__thumbnail\"><img width=\"300\" height=\"171\" src=\"https:\/\/layer.si\/kaos\/wp-content\/uploads\/The-Demigod-of-Ominous-Silence-2-300x171.jpg\" class=\"attachment-medium size-medium\" alt=\"\" loading=\"lazy\" srcset=\"https:\/\/layer.si\/kaos\/wp-content\/uploads\/The-Demigod-of-Ominous-Silence-2-300x171.jpg 300w, https:\/\/layer.si\/kaos\/wp-content\/uploads\/The-Demigod-of-Ominous-Silence-2-768x439.jpg 768w, https:\/\/layer.si\/kaos\/wp-content\/uploads\/The-Demigod-of-Ominous-Silence-2-1024x585.jpg 1024w\" sizes=\"(max-width: 300px) 100vw, 300px\" \/><\/div>\n\t\t<\/a>\n\t\t\t\t<div class=\"elementor-post__badge\">Invited artists<\/div>\n\t\t\t\t<div class=\"elementor-post__text\">\n\t\t\t\t<h1 class=\"elementor-post__title\">\n\t\t\t<a href=\"https:\/\/layer.si\/kaos\/en\/umetniki\/nikola-gocic-2\/\" >\n\t\t\t\tNikola Goci\u0107\t\t\t<\/a>\n\t\t<\/h1>\n\t\t\t\t<div class=\"elementor-post__excerpt\">\n\t\t\t<p>Nikola Goci\u0107 (RS) is a film reviewer and collage artist. An author of NGboo Art blog, he has frequently and successfully collaborated with filmmaker Rouzbeh<\/p>\n\t\t<\/div>\n\t\t\t\t<\/div>\n\t\t\t\t\t<\/div>\n\t\t<\/article>\n\t\t\t\t<article class=\"elementor-post elementor-grid-item post-4952 umetniki type-umetniki status-publish has-post-thumbnail hentry leto-2022-en jezik-eng umetnik-kategorija-invited-artists\">\n\t\t\t<div class=\"elementor-post__card\">\n\t\t\t\t<a class=\"elementor-post__thumbnail__link\" href=\"https:\/\/layer.si\/kaos\/en\/umetniki\/enej-gala-2\/\" >\n\t\t\t<div class=\"elementor-post__thumbnail\"><img width=\"200\" height=\"300\" src=\"https:\/\/layer.si\/kaos\/wp-content\/uploads\/12A34F4F-B94E-484E-B786-DF0BFB295E23-5459-000000E538005F0F-200x300.jpg\" class=\"attachment-medium size-medium\" alt=\"\" loading=\"lazy\" srcset=\"https:\/\/layer.si\/kaos\/wp-content\/uploads\/12A34F4F-B94E-484E-B786-DF0BFB295E23-5459-000000E538005F0F-200x300.jpg 200w, https:\/\/layer.si\/kaos\/wp-content\/uploads\/12A34F4F-B94E-484E-B786-DF0BFB295E23-5459-000000E538005F0F-768x1152.jpg 768w, https:\/\/layer.si\/kaos\/wp-content\/uploads\/12A34F4F-B94E-484E-B786-DF0BFB295E23-5459-000000E538005F0F-683x1024.jpg 683w, https:\/\/layer.si\/kaos\/wp-content\/uploads\/12A34F4F-B94E-484E-B786-DF0BFB295E23-5459-000000E538005F0F.jpg 1184w\" sizes=\"(max-width: 200px) 100vw, 200px\" \/><\/div>\n\t\t<\/a>\n\t\t\t\t<div class=\"elementor-post__badge\">Invited artists<\/div>\n\t\t\t\t<div class=\"elementor-post__text\">\n\t\t\t\t<h1 class=\"elementor-post__title\">\n\t\t\t<a href=\"https:\/\/layer.si\/kaos\/en\/umetniki\/enej-gala-2\/\" >\n\t\t\t\tEnej Gala\t\t\t<\/a>\n\t\t<\/h1>\n\t\t\t\t<div class=\"elementor-post__excerpt\">\n\t\t\t<p>Enej Gala (1990)&nbsp; lives and works between London, Venice and Nova Gorica. In 2014 he was in an exchange at the William De Kooning Academy<\/p>\n\t\t<\/div>\n\t\t\t\t<\/div>\n\t\t\t\t\t<\/div>\n\t\t<\/article>\n\t\t\t\t<article class=\"elementor-post elementor-grid-item post-4956 umetniki type-umetniki status-publish has-post-thumbnail hentry leto-2022-en jezik-eng umetnik-kategorija-invited-artists\">\n\t\t\t<div class=\"elementor-post__card\">\n\t\t\t\t<a class=\"elementor-post__thumbnail__link\" href=\"https:\/\/layer.si\/kaos\/en\/umetniki\/bodo-korsig-2\/\" >\n\t\t\t<div class=\"elementor-post__thumbnail\"><img width=\"232\" height=\"300\" src=\"https:\/\/layer.si\/kaos\/wp-content\/uploads\/BK_1-1-232x300.jpg\" class=\"attachment-medium size-medium\" alt=\"\" loading=\"lazy\" srcset=\"https:\/\/layer.si\/kaos\/wp-content\/uploads\/BK_1-1-232x300.jpg 232w, https:\/\/layer.si\/kaos\/wp-content\/uploads\/BK_1-1-768x992.jpg 768w, https:\/\/layer.si\/kaos\/wp-content\/uploads\/BK_1-1-793x1024.jpg 793w, https:\/\/layer.si\/kaos\/wp-content\/uploads\/BK_1-1.jpg 1548w\" sizes=\"(max-width: 232px) 100vw, 232px\" \/><\/div>\n\t\t<\/a>\n\t\t\t\t<div class=\"elementor-post__badge\">Invited artists<\/div>\n\t\t\t\t<div class=\"elementor-post__text\">\n\t\t\t\t<h1 class=\"elementor-post__title\">\n\t\t\t<a href=\"https:\/\/layer.si\/kaos\/en\/umetniki\/bodo-korsig-2\/\" >\n\t\t\t\tBodo Korsig\t\t\t<\/a>\n\t\t<\/h1>\n\t\t\t\t<div class=\"elementor-post__excerpt\">\n\t\t\t<p>Bodo Korsig, born in Zwickau (Germany), has exhibited extensively in over a hundred museums and galleries at home and abroad &#8211; including Leonardimuseum Dresden (Germany),<\/p>\n\t\t<\/div>\n\t\t\t\t<\/div>\n\t\t\t\t\t<\/div>\n\t\t<\/article>\n\t\t\t\t<article class=\"elementor-post elementor-grid-item post-4964 umetniki type-umetniki status-publish has-post-thumbnail hentry leto-2022-en jezik-eng umetnik-kategorija-invited-artists\">\n\t\t\t<div class=\"elementor-post__card\">\n\t\t\t\t<a class=\"elementor-post__thumbnail__link\" href=\"https:\/\/layer.si\/kaos\/en\/umetniki\/art-stays-2\/\" >\n\t\t\t<div class=\"elementor-post__thumbnail\"><img width=\"300\" height=\"200\" src=\"https:\/\/layer.si\/kaos\/wp-content\/uploads\/D3EA8A66-C691-437B-A9EB-11C20E23D4AC-17464-000002FDFA21FD17-1-300x200.jpg\" class=\"attachment-medium size-medium\" alt=\"\" loading=\"lazy\" srcset=\"https:\/\/layer.si\/kaos\/wp-content\/uploads\/D3EA8A66-C691-437B-A9EB-11C20E23D4AC-17464-000002FDFA21FD17-1-300x200.jpg 300w, https:\/\/layer.si\/kaos\/wp-content\/uploads\/D3EA8A66-C691-437B-A9EB-11C20E23D4AC-17464-000002FDFA21FD17-1-768x512.jpg 768w, https:\/\/layer.si\/kaos\/wp-content\/uploads\/D3EA8A66-C691-437B-A9EB-11C20E23D4AC-17464-000002FDFA21FD17-1-1024x683.jpg 1024w, https:\/\/layer.si\/kaos\/wp-content\/uploads\/D3EA8A66-C691-437B-A9EB-11C20E23D4AC-17464-000002FDFA21FD17-1.jpg 1776w\" sizes=\"(max-width: 300px) 100vw, 300px\" \/><\/div>\n\t\t<\/a>\n\t\t\t\t<div class=\"elementor-post__badge\">Invited artists<\/div>\n\t\t\t\t<div class=\"elementor-post__text\">\n\t\t\t\t<h1 class=\"elementor-post__title\">\n\t\t\t<a href=\"https:\/\/layer.si\/kaos\/en\/umetniki\/art-stays-2\/\" >\n\t\t\t\tArt Stays\t\t\t<\/a>\n\t\t<\/h1>\n\t\t\t\t<div class=\"elementor-post__excerpt\">\n\t\t\t<p>Lynn Book is an American transmedia artist who works in various disciplines and cultural spheres. In collaboration with the festival, she has produced sound files<\/p>\n\t\t<\/div>\n\t\t\t\t<\/div>\n\t\t\t\t\t<\/div>\n\t\t<\/article>\n\t\t\t\t<article class=\"elementor-post elementor-grid-item post-5010 umetniki type-umetniki status-publish has-post-thumbnail hentry leto-2022-en jezik-eng umetnik-kategorija-invited-artists\">\n\t\t\t<div class=\"elementor-post__card\">\n\t\t\t\t<a class=\"elementor-post__thumbnail__link\" href=\"https:\/\/layer.si\/kaos\/en\/umetniki\/5010-2\/\" >\n\t\t\t<div class=\"elementor-post__thumbnail\"><img width=\"238\" height=\"300\" src=\"https:\/\/layer.si\/kaos\/wp-content\/uploads\/210-238x300.jpg\" class=\"attachment-medium size-medium\" alt=\"\" loading=\"lazy\" srcset=\"https:\/\/layer.si\/kaos\/wp-content\/uploads\/210-238x300.jpg 238w, https:\/\/layer.si\/kaos\/wp-content\/uploads\/210-768x966.jpg 768w, https:\/\/layer.si\/kaos\/wp-content\/uploads\/210-814x1024.jpg 814w, https:\/\/layer.si\/kaos\/wp-content\/uploads\/210.jpg 1192w\" sizes=\"(max-width: 238px) 100vw, 238px\" \/><\/div>\n\t\t<\/a>\n\t\t\t\t<div class=\"elementor-post__badge\">Invited artists<\/div>\n\t\t\t\t<div class=\"elementor-post__text\">\n\t\t\t\t<h1 class=\"elementor-post__title\">\n\t\t\t<a href=\"https:\/\/layer.si\/kaos\/en\/umetniki\/5010-2\/\" >\n\t\t\t\tRicardo Miguel Hernandez\t\t\t<\/a>\n\t\t<\/h1>\n\t\t\t\t<div class=\"elementor-post__excerpt\">\n\t\t\t<p>When the memory turns to dust is a reflective process in which Ricardo Miguel Hernandez combines the empirical, psychological and critical. He conceives the random<\/p>\n\t\t<\/div>\n\t\t\t\t<\/div>\n\t\t\t\t\t<\/div>\n\t\t<\/article>\n\t\t\t\t<article class=\"elementor-post elementor-grid-item post-5371 umetniki type-umetniki status-publish has-post-thumbnail hentry leto-2022-en umetnik-kategorija-invited-artists\">\n\t\t\t<div class=\"elementor-post__card\">\n\t\t\t\t<a class=\"elementor-post__thumbnail__link\" href=\"https:\/\/layer.si\/kaos\/en\/umetniki\/rachael-jablo-2\/\" >\n\t\t\t<div class=\"elementor-post__thumbnail\"><img width=\"200\" height=\"300\" src=\"https:\/\/layer.si\/kaos\/wp-content\/uploads\/D2BFE742-A12B-4733-B0C6-B090E45647F1-1860-00000052D70CCA60-200x300.jpg\" class=\"attachment-medium size-medium\" alt=\"\" loading=\"lazy\" srcset=\"https:\/\/layer.si\/kaos\/wp-content\/uploads\/D2BFE742-A12B-4733-B0C6-B090E45647F1-1860-00000052D70CCA60-200x300.jpg 200w, https:\/\/layer.si\/kaos\/wp-content\/uploads\/D2BFE742-A12B-4733-B0C6-B090E45647F1-1860-00000052D70CCA60-768x1152.jpg 768w, https:\/\/layer.si\/kaos\/wp-content\/uploads\/D2BFE742-A12B-4733-B0C6-B090E45647F1-1860-00000052D70CCA60-683x1024.jpg 683w, https:\/\/layer.si\/kaos\/wp-content\/uploads\/D2BFE742-A12B-4733-B0C6-B090E45647F1-1860-00000052D70CCA60.jpg 1184w\" sizes=\"(max-width: 200px) 100vw, 200px\" \/><\/div>\n\t\t<\/a>\n\t\t\t\t<div class=\"elementor-post__badge\">Invited artists<\/div>\n\t\t\t\t<div class=\"elementor-post__text\">\n\t\t\t\t<h1 class=\"elementor-post__title\">\n\t\t\t<a href=\"https:\/\/layer.si\/kaos\/en\/umetniki\/rachael-jablo-2\/\" >\n\t\t\t\tRachael Jablo\t\t\t<\/a>\n\t\t<\/h1>\n\t\t\t\t<div class=\"elementor-post__excerpt\">\n\t\t\t<p>The Hysteria Project by American artist Rachael Jablo is a one-on-one storytelling project dealing with menstruation, reproductive, and pelvic disorders, illustrated by individual \u2018portraits\u2019 of<\/p>\n\t\t<\/div>\n\t\t\t\t<\/div>\n\t\t\t\t\t<\/div>\n\t\t<\/article>\n\t\t\t\t<\/div>\n\t\t\t\t<\/div>\n\t\t\t\t<\/div>\n\t\t\t\t\t\t<\/div>\n\t\t\t<\/div>\n\t\t<\/div>\n\t\t\t\t\t\t<\/div>\n\t\t\t<\/div>\n\t\t<\/section>\n\t\t\t\t\t\t<\/div>\n\t\t\t<\/div>\n\t\t<\/div>\n\t\t","protected":false},"excerpt":{"rendered":"","protected":false},"author":1,"featured_media":0,"parent":1001,"menu_order":1,"comment_status":"closed","ping_status":"closed","template":"","meta":[],"_links":{"self":[{"href":"https:\/\/layer.si\/kaos\/wp-json\/wp\/v2\/pages\/4651"}],"collection":[{"href":"https:\/\/layer.si\/kaos\/wp-json\/wp\/v2\/pages"}],"about":[{"href":"https:\/\/layer.si\/kaos\/wp-json\/wp\/v2\/types\/page"}],"author":[{"embeddable":true,"href":"https:\/\/layer.si\/kaos\/wp-json\/wp\/v2\/users\/1"}],"replies":[{"embeddable":true,"href":"https:\/\/layer.si\/kaos\/wp-json\/wp\/v2\/comments?post=4651"}],"version-history":[{"count":2,"href":"https:\/\/layer.si\/kaos\/wp-json\/wp\/v2\/pages\/4651\/revisions"}],"predecessor-version":[{"id":4653,"href":"https:\/\/layer.si\/kaos\/wp-json\/wp\/v2\/pages\/4651\/revisions\/4653"}],"up":[{"embeddable":true,"href":"https:\/\/layer.si\/kaos\/wp-json\/wp\/v2\/pages\/1001"}],"wp:attachment":[{"href":"https:\/\/layer.si\/kaos\/wp-json\/wp\/v2\/media?parent=4651"}],"curies":[{"name":"wp","href":"https:\/\/api.w.org\/{rel}","templated":true}]}}