{"id":294,"date":"2019-03-31T02:10:14","date_gmt":"2019-03-31T02:10:14","guid":{"rendered":"https:\/\/layer.si\/kaos\/?post_type=umetniki&#038;p=294"},"modified":"2019-04-03T12:46:47","modified_gmt":"2019-04-03T12:46:47","slug":"tanja-gerkman","status":"publish","type":"umetniki","link":"https:\/\/layer.si\/kaos\/umetniki\/tanja-gerkman\/","title":{"rendered":"TANJA GERKMAN"},"content":{"rendered":"\n<p>Tanja Gerkman (*1987, Kranj) je grafi\u010dna oblikovalka, ki takrat, kadar je \u017eivljenje ne premetava po tujih ulicah in krajih, dela na raznovrstnih projektih za razli\u010dne naro\u010dnike. Med \u0161tudijem Grafi\u010dnih in interaktivnih komunikacij se je udele\u017eila izmenjave na \u0160vedskem ter tam spoznala nove perspektive kreativnih komunikacij.&nbsp;Po&nbsp;kon\u010danem izobra\u017eevanju se ve\u010dinoma posve\u010da oblikovanju celostnih podob, literarnih del ter oblikovanju za tisk, vse bolj jo zanima animacija. Pri svojem delu posku\u0161a ostati radovedna, raziskuje razli\u010dne medije ter urbane kulture, inspiracijo i\u0161\u010de predvsem v glasbi, literaturi in filmih.&nbsp;Preko gif animacije bo na razstavi upodobila dnevno melanholijo s ponavljajo\u010dim se ritmom.<\/p>\n","protected":false},"featured_media":0,"parent":0,"template":"","leto":[11],"jezik":[8],"umetnik-kategorija":[7],"_links":{"self":[{"href":"https:\/\/layer.si\/kaos\/wp-json\/wp\/v2\/umetniki\/294"}],"collection":[{"href":"https:\/\/layer.si\/kaos\/wp-json\/wp\/v2\/umetniki"}],"about":[{"href":"https:\/\/layer.si\/kaos\/wp-json\/wp\/v2\/types\/umetniki"}],"version-history":[{"count":1,"href":"https:\/\/layer.si\/kaos\/wp-json\/wp\/v2\/umetniki\/294\/revisions"}],"predecessor-version":[{"id":295,"href":"https:\/\/layer.si\/kaos\/wp-json\/wp\/v2\/umetniki\/294\/revisions\/295"}],"wp:attachment":[{"href":"https:\/\/layer.si\/kaos\/wp-json\/wp\/v2\/media?parent=294"}],"wp:term":[{"taxonomy":"leto","embeddable":true,"href":"https:\/\/layer.si\/kaos\/wp-json\/wp\/v2\/leto?post=294"},{"taxonomy":"jezik","embeddable":true,"href":"https:\/\/layer.si\/kaos\/wp-json\/wp\/v2\/jezik?post=294"},{"taxonomy":"umetnik-kategorija","embeddable":true,"href":"https:\/\/layer.si\/kaos\/wp-json\/wp\/v2\/umetnik-kategorija?post=294"}],"curies":[{"name":"wp","href":"https:\/\/api.w.org\/{rel}","templated":true}]}}