{"id":312,"date":"2019-03-31T02:14:59","date_gmt":"2019-03-31T02:14:59","guid":{"rendered":"https:\/\/layer.si\/kaos\/?post_type=umetniki&#038;p=312"},"modified":"2019-04-03T12:37:42","modified_gmt":"2019-04-03T12:37:42","slug":"luisa-und-eva","status":"publish","type":"umetniki","link":"https:\/\/layer.si\/kaos\/umetniki\/luisa-und-eva\/","title":{"rendered":"LUISA UND EVA"},"content":{"rendered":"\n<p>Luisa St\u00f6mer in Eva W\u00fcnsch sta ilustratorki in grafi\u010dni oblikovalki iz ju\u017ene Nem\u010dije. Spoznali sta se na faksu in postali prijateljici ter za\u010deli skupaj ustvarjati. Odkrili sta, kako produktivno je lahko delo, \u010de sta du\u0161i in uma povezana. Njuna posre\u010dena kombinacija in osebno zanimanje za vlogo \u017eenske v socialnem \u017eivljenju sta vodili v objavo knjige o \u017eenskem ciklu, ki je prestavljala njuno skupno diplomsko delo in zaklju\u010dek \u0161tudija. Eva in Luisa sta knjigo Ebbe &amp; Blut ustvarjali skoraj 10 mesecev. Izdana je bila v M\u00fcnchner Ratgeber Verlag \u201eGr\u00e4fe &amp; Unzer. Knjiga je prejela nem\u0161ko oblikovalsko nagrado 2018.<\/p>\n","protected":false},"featured_media":0,"parent":0,"template":"","leto":[11],"jezik":[8],"umetnik-kategorija":[7],"_links":{"self":[{"href":"https:\/\/layer.si\/kaos\/wp-json\/wp\/v2\/umetniki\/312"}],"collection":[{"href":"https:\/\/layer.si\/kaos\/wp-json\/wp\/v2\/umetniki"}],"about":[{"href":"https:\/\/layer.si\/kaos\/wp-json\/wp\/v2\/types\/umetniki"}],"version-history":[{"count":1,"href":"https:\/\/layer.si\/kaos\/wp-json\/wp\/v2\/umetniki\/312\/revisions"}],"predecessor-version":[{"id":313,"href":"https:\/\/layer.si\/kaos\/wp-json\/wp\/v2\/umetniki\/312\/revisions\/313"}],"wp:attachment":[{"href":"https:\/\/layer.si\/kaos\/wp-json\/wp\/v2\/media?parent=312"}],"wp:term":[{"taxonomy":"leto","embeddable":true,"href":"https:\/\/layer.si\/kaos\/wp-json\/wp\/v2\/leto?post=312"},{"taxonomy":"jezik","embeddable":true,"href":"https:\/\/layer.si\/kaos\/wp-json\/wp\/v2\/jezik?post=312"},{"taxonomy":"umetnik-kategorija","embeddable":true,"href":"https:\/\/layer.si\/kaos\/wp-json\/wp\/v2\/umetnik-kategorija?post=312"}],"curies":[{"name":"wp","href":"https:\/\/api.w.org\/{rel}","templated":true}]}}