{"id":4927,"date":"2022-06-03T14:30:41","date_gmt":"2022-06-03T14:30:41","guid":{"rendered":"https:\/\/layer.si\/kaos\/?post_type=umetniki&#038;p=4927"},"modified":"2022-06-03T14:30:42","modified_gmt":"2022-06-03T14:30:42","slug":"nieves-mingueza","status":"publish","type":"umetniki","link":"https:\/\/layer.si\/kaos\/umetniki\/nieves-mingueza\/","title":{"rendered":"Nieves Mingueza"},"content":{"rendered":"\n<p><strong>Nieves Mingueza<\/strong> je v pogovorih s svojimi bli\u017enjimi odkrila, da je ogromno \u017eensk \u017ertev nasilja in ustrahovanja. Podobne zgodbe so zadnje \u010dase v javnost pri\u0161le tudi po zaslugi feministi\u010dnih gibanj, kot je na primer #metoo, razpolo\u017eljivosti podatkov ter zainteresiranosti medijev. Delo z naslovom Ena od treh \u017eensk je razdrobljen vizualni, besedilni in kinematografski asembla\u017e, ki nasilja nad \u017eenskim spolom razkriva v ve\u010d poglavjih.\u00a0<\/p>\n\n\n\n<p>Mingueza v delu uporablja razli\u010dne vrste podob; od kinematografskih lo-fi fotografij doma\u010dih interierjev, emuliranih forenzi\u010dnih posnetkov kraja zlo\u010dina in najdenih fotografij, do kola\u017eev, ustvarjenih iz dru\u017einskih foto albumov in uradnih besedil, pridobljenih od Zdru\u017eenih narodov. Podobe predstavljajo napetost med vse ve\u010djo splo\u0161no prepoznavnostjo nasilja nad \u017eenskami ter konsistentno nevidnostjo tak\u0161ne zlorabe v vsakdanjem \u017eivljenju. Projekt obravnava tudi \u0161ir\u0161e vpra\u0161anje spola, kot je naprimer dinamika mo\u010di v dru\u017ebi.&nbsp;<br><\/p>\n\n\n\n<p><strong>Nieves Mingueza<\/strong> (1971) je \u0161pansko-britanska umetnica. Njena konceptualna in intimna umetni\u0161ka praksa pogosto prepleta vizualne podobe z raziskavami, dokumentarno fotografijo, arhivskim gradivom, kola\u017eem, besedilom, filmom, zvokom in instalacijo.&nbsp; S premostitvijo prostora med osebnim in politi\u010dnim, raziskuje in aktivira arhive za re\u0161evanje socialnih vpra\u0161anj in vpra\u0161anj spola. Leta 2019 je izdala prvo monografijo pod zalo\u017ebo IIKKI. Njeno delo je bilo razstavljeno po vsem svetu in recenzirano v ve\u010d revijah.&nbsp;<br><\/p>\n","protected":false},"featured_media":4932,"parent":0,"template":"","leto":[434],"jezik":[8],"umetnik-kategorija":[324],"_links":{"self":[{"href":"https:\/\/layer.si\/kaos\/wp-json\/wp\/v2\/umetniki\/4927"}],"collection":[{"href":"https:\/\/layer.si\/kaos\/wp-json\/wp\/v2\/umetniki"}],"about":[{"href":"https:\/\/layer.si\/kaos\/wp-json\/wp\/v2\/types\/umetniki"}],"version-history":[{"count":1,"href":"https:\/\/layer.si\/kaos\/wp-json\/wp\/v2\/umetniki\/4927\/revisions"}],"predecessor-version":[{"id":4933,"href":"https:\/\/layer.si\/kaos\/wp-json\/wp\/v2\/umetniki\/4927\/revisions\/4933"}],"wp:featuredmedia":[{"embeddable":true,"href":"https:\/\/layer.si\/kaos\/wp-json\/wp\/v2\/media\/4932"}],"wp:attachment":[{"href":"https:\/\/layer.si\/kaos\/wp-json\/wp\/v2\/media?parent=4927"}],"wp:term":[{"taxonomy":"leto","embeddable":true,"href":"https:\/\/layer.si\/kaos\/wp-json\/wp\/v2\/leto?post=4927"},{"taxonomy":"jezik","embeddable":true,"href":"https:\/\/layer.si\/kaos\/wp-json\/wp\/v2\/jezik?post=4927"},{"taxonomy":"umetnik-kategorija","embeddable":true,"href":"https:\/\/layer.si\/kaos\/wp-json\/wp\/v2\/umetnik-kategorija?post=4927"}],"curies":[{"name":"wp","href":"https:\/\/api.w.org\/{rel}","templated":true}]}}