{"id":4934,"date":"2022-06-03T14:32:59","date_gmt":"2022-06-03T14:32:59","guid":{"rendered":"https:\/\/layer.si\/kaos\/?post_type=umetniki&#038;p=4934"},"modified":"2022-06-03T14:33:00","modified_gmt":"2022-06-03T14:33:00","slug":"patrick-brandt","status":"publish","type":"umetniki","link":"https:\/\/layer.si\/kaos\/umetniki\/patrick-brandt\/","title":{"rendered":"Patrick Brandt"},"content":{"rendered":"\n<p><strong>Patrick Brandt <\/strong>(GE) se je rodil leta 1982 v Quedlinburgu, mestecu v regiji Harz, kjer je svojo umetni\u0161ko pot za\u010del leta 1997 na grafitarski sceni. Leta 2002 se je za\u010del intenzivno ukvarjati s slikarstvom. Od leta 2012 razvija kola\u017ene bareliefe. Brandt ima ozadje v oblikovanju, toda na umetni\u0161kem podro\u010dju se opredeljuje kot samouk. Trenutno \u017eivi in \u200b\u200bdela blizu Berlina. Njegovo delo je bilo predstavljeno na razli\u010dnih skupinskih in samostojnih razstavah. Zanima ga predvsem fenomen na\u0161e informacijske dru\u017ebe, ki se je od prve polovice 20. stoletja mo\u010dno spremenil zaradi mno\u017ei\u010dnih medijev in njihovega vpliva na kulturne in normativne koncepte. Kot odziv na to, Brandt lo\u010di fragmente starih \u010dasopisov iz njihovega prvotnega pomena in jih ponovno sestavi v abstraktne, raz\u0161irjene kola\u017ee. Z razbijanjem konteksta je s svobodno asociacijo omogo\u010den druga\u010den pogled na \u010das, njegovo hitrost in pomen informacij.<\/p>\n\n\n\n<p><\/p>\n","protected":false},"featured_media":4937,"parent":0,"template":"","leto":[434],"jezik":[8],"umetnik-kategorija":[324],"_links":{"self":[{"href":"https:\/\/layer.si\/kaos\/wp-json\/wp\/v2\/umetniki\/4934"}],"collection":[{"href":"https:\/\/layer.si\/kaos\/wp-json\/wp\/v2\/umetniki"}],"about":[{"href":"https:\/\/layer.si\/kaos\/wp-json\/wp\/v2\/types\/umetniki"}],"version-history":[{"count":1,"href":"https:\/\/layer.si\/kaos\/wp-json\/wp\/v2\/umetniki\/4934\/revisions"}],"predecessor-version":[{"id":4938,"href":"https:\/\/layer.si\/kaos\/wp-json\/wp\/v2\/umetniki\/4934\/revisions\/4938"}],"wp:featuredmedia":[{"embeddable":true,"href":"https:\/\/layer.si\/kaos\/wp-json\/wp\/v2\/media\/4937"}],"wp:attachment":[{"href":"https:\/\/layer.si\/kaos\/wp-json\/wp\/v2\/media?parent=4934"}],"wp:term":[{"taxonomy":"leto","embeddable":true,"href":"https:\/\/layer.si\/kaos\/wp-json\/wp\/v2\/leto?post=4934"},{"taxonomy":"jezik","embeddable":true,"href":"https:\/\/layer.si\/kaos\/wp-json\/wp\/v2\/jezik?post=4934"},{"taxonomy":"umetnik-kategorija","embeddable":true,"href":"https:\/\/layer.si\/kaos\/wp-json\/wp\/v2\/umetnik-kategorija?post=4934"}],"curies":[{"name":"wp","href":"https:\/\/api.w.org\/{rel}","templated":true}]}}