{"id":4945,"date":"2022-06-03T14:42:28","date_gmt":"2022-06-03T14:42:28","guid":{"rendered":"https:\/\/layer.si\/kaos\/?post_type=umetniki&#038;p=4945"},"modified":"2022-06-03T14:42:29","modified_gmt":"2022-06-03T14:42:29","slug":"nikola-gocic","status":"publish","type":"umetniki","link":"https:\/\/layer.si\/kaos\/umetniki\/nikola-gocic\/","title":{"rendered":"Nikola Goci\u0107"},"content":{"rendered":"\n<p><br>Nikola Goci\u0107 (RS) je filmski recenzent in kola\u017eist. Avtor bloga NGboo Art pogosto in uspe\u0161no sodeluje s filmskim ustvarjalcem Rouzbehom Rashidijem pri \u010dlankih o kinematografiji in s skladateljem Martinom Gerigkom pri kratkih animiranih kola\u017enih filmih. Pet njegovih esejev je objavljenih v knjigi Svetle\u010da praznina: Dvajset let eksperimentalne filmske dru\u017ebe. Oblikoval je \u0161tevilne filmske plakate in posamezne naslovnice za neyjor\u0161kega umetnika Martina Del Carpia. Od leta 2019 je soselektor Kinoskopa \u2013 mednarodnega festivala analognega eksperimentalnega filma v Beogradu. V svoji umetni\u0161ki praksi zdru\u017euje razli\u010dne vplive v lastno ezoteri\u010dno mitologijo.<\/p>\n\n\n\n<p><\/p>\n","protected":false},"featured_media":4946,"parent":0,"template":"","leto":[434],"jezik":[8],"umetnik-kategorija":[324],"_links":{"self":[{"href":"https:\/\/layer.si\/kaos\/wp-json\/wp\/v2\/umetniki\/4945"}],"collection":[{"href":"https:\/\/layer.si\/kaos\/wp-json\/wp\/v2\/umetniki"}],"about":[{"href":"https:\/\/layer.si\/kaos\/wp-json\/wp\/v2\/types\/umetniki"}],"version-history":[{"count":1,"href":"https:\/\/layer.si\/kaos\/wp-json\/wp\/v2\/umetniki\/4945\/revisions"}],"predecessor-version":[{"id":4947,"href":"https:\/\/layer.si\/kaos\/wp-json\/wp\/v2\/umetniki\/4945\/revisions\/4947"}],"wp:featuredmedia":[{"embeddable":true,"href":"https:\/\/layer.si\/kaos\/wp-json\/wp\/v2\/media\/4946"}],"wp:attachment":[{"href":"https:\/\/layer.si\/kaos\/wp-json\/wp\/v2\/media?parent=4945"}],"wp:term":[{"taxonomy":"leto","embeddable":true,"href":"https:\/\/layer.si\/kaos\/wp-json\/wp\/v2\/leto?post=4945"},{"taxonomy":"jezik","embeddable":true,"href":"https:\/\/layer.si\/kaos\/wp-json\/wp\/v2\/jezik?post=4945"},{"taxonomy":"umetnik-kategorija","embeddable":true,"href":"https:\/\/layer.si\/kaos\/wp-json\/wp\/v2\/umetnik-kategorija?post=4945"}],"curies":[{"name":"wp","href":"https:\/\/api.w.org\/{rel}","templated":true}]}}