{"id":4954,"date":"2022-06-03T14:50:23","date_gmt":"2022-06-03T14:50:23","guid":{"rendered":"https:\/\/layer.si\/kaos\/?post_type=umetniki&#038;p=4954"},"modified":"2022-06-03T14:52:48","modified_gmt":"2022-06-03T14:52:48","slug":"bodo-korsig","status":"publish","type":"umetniki","link":"https:\/\/layer.si\/kaos\/umetniki\/bodo-korsig\/","title":{"rendered":"Bodo Korsig"},"content":{"rendered":"\n<p><strong>Bodo Korsig, <\/strong>rojen v Zwickauu v Nem\u010diji,&nbsp; je obse\u017eno razstavljal v ve\u010d kot sto muzejih in galerijah doma in v tujini &#8211; vklju\u010dno z Leonardimuseum Dresden (Nem\u010dija), Fukumitsu Art Museum (Japonska), Smart Museum of Art Chicaco (ZDA), Arp Museum Bahnhof Rolandseck, (Nem\u010dija) in ZKM Karlsruhe (Nem\u010dija). Njegovo delo je v ve\u010d kot petdesetih muzejih \u2013 tako v javnih kot zasebnih zbirkah, vklju\u010dno z National Gallery of Art, Washington DC (ZDA), Brooklyn Museum of Art, New York (ZDA), Smart Museum, Chicago, \u010ce\u0161ki muzej Fine Arts, Praga (\u010ce\u0161ka) in Museum Pfalzgalerie Kaiserslautern (Nem\u010dija). Prejel je dvajset mednarodnih nagrad in \u0161tipendij, med drugim Stipendium Kunstfonds, Berlin (Nem\u010dija), Artist Residency Largo das Artes, Rio de Janeiro (Brazilija), Grand Prix 4th International Triennial Prague (\u010ce\u0161ka) in Max Kade Foundation (ZDA).<\/p>\n\n\n\n<p>Odkar je umetnik Bodo Korsig za\u010del ustvarjati, ga lastna praksa nenehno izziva, da izmeni\u010dno raziskuje ve\u010d medijev, vklju\u010dno s kiparstvom, video instalacijo in scenografijo. Njegovo delo je vedno raziskalo odnos med umetnostjo in dru\u017ebenimi povezavami. Sodeloval je s pisatelji, glasbeniki in plesalci. Pribli\u017eno dvajset let je bila njegova glavna tema modeliranje \u010dlove\u0161kega vedenja v ekstremnih razmerah, kot so strah, nasilje, pritisk ali smrt. Pri tem je Bodig \u0161e posebej navdu\u0161en nad nevrolo\u0161kimi in kognitivnimi procesi, ki jih je te\u017eko zapisati zgolj znanstveno. Izzvati \u017eeli novo dojemanje procesov na sti\u010di\u0161\u010du biolo\u0161ke determinacije in \u010dlovekove zavesti. Zanima ga ustvarjanje novega slikovnega jezika kot izraza mo\u017eganskih funkcij in \u010dlovekove zavesti, z uporabo biolo\u0161kega telesa, metafizi\u010dnih simbolov in kristalizacije govorjene besede.<\/p>\n","protected":false},"featured_media":4958,"parent":0,"template":"","leto":[434],"jezik":[8],"umetnik-kategorija":[324],"_links":{"self":[{"href":"https:\/\/layer.si\/kaos\/wp-json\/wp\/v2\/umetniki\/4954"}],"collection":[{"href":"https:\/\/layer.si\/kaos\/wp-json\/wp\/v2\/umetniki"}],"about":[{"href":"https:\/\/layer.si\/kaos\/wp-json\/wp\/v2\/types\/umetniki"}],"version-history":[{"count":2,"href":"https:\/\/layer.si\/kaos\/wp-json\/wp\/v2\/umetniki\/4954\/revisions"}],"predecessor-version":[{"id":4959,"href":"https:\/\/layer.si\/kaos\/wp-json\/wp\/v2\/umetniki\/4954\/revisions\/4959"}],"wp:featuredmedia":[{"embeddable":true,"href":"https:\/\/layer.si\/kaos\/wp-json\/wp\/v2\/media\/4958"}],"wp:attachment":[{"href":"https:\/\/layer.si\/kaos\/wp-json\/wp\/v2\/media?parent=4954"}],"wp:term":[{"taxonomy":"leto","embeddable":true,"href":"https:\/\/layer.si\/kaos\/wp-json\/wp\/v2\/leto?post=4954"},{"taxonomy":"jezik","embeddable":true,"href":"https:\/\/layer.si\/kaos\/wp-json\/wp\/v2\/jezik?post=4954"},{"taxonomy":"umetnik-kategorija","embeddable":true,"href":"https:\/\/layer.si\/kaos\/wp-json\/wp\/v2\/umetnik-kategorija?post=4954"}],"curies":[{"name":"wp","href":"https:\/\/api.w.org\/{rel}","templated":true}]}}