{"id":5001,"date":"2022-06-06T08:43:49","date_gmt":"2022-06-06T08:43:49","guid":{"rendered":"https:\/\/layer.si\/kaos\/?post_type=umetniki&#038;p=5001"},"modified":"2022-06-06T08:43:50","modified_gmt":"2022-06-06T08:43:50","slug":"rachael-jablo","status":"publish","type":"umetniki","link":"https:\/\/layer.si\/kaos\/umetniki\/rachael-jablo\/","title":{"rendered":"Rachael Jablo"},"content":{"rendered":"\n<p>Projekt Histerija ameri\u0161ke umetnice Rachael Jablo je projekt pripovedovanja zgodb ena na ena, ki se ukvarja z menstrualnimi, reproduktivnimi in medeni\u010dnimi motnjami. Ponazarjajo jih posamezni &#8216;portreti&#8217; reproduktivnih organov \u017eenski, ki so bili izdelani na podlagi njihovih zgodb. Ta intimna dela v naravni velikosti se za\u010dnejo v tradicionalni temnici, kjer umetnica uporablja \u010dipko namesto negativov za barvne odtise, ki jih razre\u017ee in kola\u017eira na ozadje z zlatimi listi\u010di. Proces aktivnega poslu\u0161anja ljudi, ki pripovedujejo svoje zgodbe, v\u010dasih prvi\u010d, je prav tako pomemben kot dejanska umetni\u0161ka dela. Mnoge \u017eenske dolga leta tiho trpijo. Nekatere od njih so matere pou\u010devale, da so njihove bole\u010dine in pretirana krvavitev normalne, nekatere se nikoli niso z nikomer pogovarjale, saj se v mnogih kulturah o menstruaciji preprosto ne govori. Ljudi je treba sli\u0161ati. Prekiniti to ti\u0161ino pomeni prekiniti ta krog ponavljajo\u010dih se travm za prihodnje generacije. Projekt Histerija je pri\u010da zgodbam \u017eensk z menstruacijo in o tem klju\u010dnem vidiku na\u0161ega \u017eivljenja.<br><\/p>\n\n\n\n<p><strong>Rachael Jablo<\/strong> (1975) je kroni\u010dno bolna ameri\u0161ka umetnica, locirana v Berlinu, ki se ukvarja s fotografijo, instalacijo in kola\u017eiranjem. V svojih delih se dotika vpra\u0161anj \u017eenstvenosti, telesa in mitologije, zdru\u017euje analogne fotografske tehnike s kola\u017eem, ob\u010dasno pa tudi s tradicionalno fotografijo. Njena dela so bila nedavno razstavljena na festivalu Collagistas v Bruslju in Milanu, na festivalu Analogue Now Photography v Berlinu in v Muzeju za fotografijo v Braunschweigu v Nem\u010diji, omenjena pa so bila tudi v berlinski \u0161tevilki revije Ever-Emerging, Booooooom, Lensculture in Migraine.com. Jablo je tudi avtorica knjige My days of losing words, ki jo je leta 2013 izdala zalo\u017eba Kehrer Verlag<em>.<\/em><br><\/p>\n","protected":false},"featured_media":5002,"parent":0,"template":"","leto":[434],"jezik":[8],"umetnik-kategorija":[324],"_links":{"self":[{"href":"https:\/\/layer.si\/kaos\/wp-json\/wp\/v2\/umetniki\/5001"}],"collection":[{"href":"https:\/\/layer.si\/kaos\/wp-json\/wp\/v2\/umetniki"}],"about":[{"href":"https:\/\/layer.si\/kaos\/wp-json\/wp\/v2\/types\/umetniki"}],"version-history":[{"count":1,"href":"https:\/\/layer.si\/kaos\/wp-json\/wp\/v2\/umetniki\/5001\/revisions"}],"predecessor-version":[{"id":5003,"href":"https:\/\/layer.si\/kaos\/wp-json\/wp\/v2\/umetniki\/5001\/revisions\/5003"}],"wp:featuredmedia":[{"embeddable":true,"href":"https:\/\/layer.si\/kaos\/wp-json\/wp\/v2\/media\/5002"}],"wp:attachment":[{"href":"https:\/\/layer.si\/kaos\/wp-json\/wp\/v2\/media?parent=5001"}],"wp:term":[{"taxonomy":"leto","embeddable":true,"href":"https:\/\/layer.si\/kaos\/wp-json\/wp\/v2\/leto?post=5001"},{"taxonomy":"jezik","embeddable":true,"href":"https:\/\/layer.si\/kaos\/wp-json\/wp\/v2\/jezik?post=5001"},{"taxonomy":"umetnik-kategorija","embeddable":true,"href":"https:\/\/layer.si\/kaos\/wp-json\/wp\/v2\/umetnik-kategorija?post=5001"}],"curies":[{"name":"wp","href":"https:\/\/api.w.org\/{rel}","templated":true}]}}