{"id":5937,"date":"2024-07-01T10:19:51","date_gmt":"2024-07-01T10:19:51","guid":{"rendered":"https:\/\/layer.si\/kaos\/?post_type=umetniki&#038;p=5937"},"modified":"2024-07-01T10:19:51","modified_gmt":"2024-07-01T10:19:51","slug":"mark-timmins","status":"publish","type":"umetniki","link":"https:\/\/layer.si\/kaos\/umetniki\/mark-timmins\/","title":{"rendered":"Mark Timmins"},"content":{"rendered":"\n<p>\u00bbNavdihuje me art brut in ljudska umetnost, zbiral sem revije <em>Raw Vision Outsider Art Magazine<\/em> in ta kola\u017e je poklon nekaterim mojim najljub\u0161im ljudskim umetnikom in umetnikom art brut.\u00ab<\/p>\n\n\n\n<p>\u00a0<strong>Mark Timmins <\/strong>je \u0161tudiral grafi\u010dno umetnost in ilustracijo na Liverpool Art School. Uporablja razli\u010dne medije, vklju\u010dno s peresom in \u010drnilom, ro\u010dno izrezljanimi gumijastimi \u017eigi in kola\u017eem. Njegovo delo se razvija iz ponovne uporabe in manipulacije risb in \u010da\u010dk iz njegovih skicirk. Ilustracije je prispeval za knji\u017ene platnice in revije. Njegova dela so razstavljena na ve\u010d razstavah.<\/p>\n\n\n\n<p><em>Naslov dela: Brez naslova 3<\/em><\/p>\n","protected":false},"featured_media":5906,"parent":0,"template":"","leto":[528],"jezik":[8],"umetnik-kategorija":[324],"_links":{"self":[{"href":"https:\/\/layer.si\/kaos\/wp-json\/wp\/v2\/umetniki\/5937"}],"collection":[{"href":"https:\/\/layer.si\/kaos\/wp-json\/wp\/v2\/umetniki"}],"about":[{"href":"https:\/\/layer.si\/kaos\/wp-json\/wp\/v2\/types\/umetniki"}],"version-history":[{"count":1,"href":"https:\/\/layer.si\/kaos\/wp-json\/wp\/v2\/umetniki\/5937\/revisions"}],"predecessor-version":[{"id":5938,"href":"https:\/\/layer.si\/kaos\/wp-json\/wp\/v2\/umetniki\/5937\/revisions\/5938"}],"wp:featuredmedia":[{"embeddable":true,"href":"https:\/\/layer.si\/kaos\/wp-json\/wp\/v2\/media\/5906"}],"wp:attachment":[{"href":"https:\/\/layer.si\/kaos\/wp-json\/wp\/v2\/media?parent=5937"}],"wp:term":[{"taxonomy":"leto","embeddable":true,"href":"https:\/\/layer.si\/kaos\/wp-json\/wp\/v2\/leto?post=5937"},{"taxonomy":"jezik","embeddable":true,"href":"https:\/\/layer.si\/kaos\/wp-json\/wp\/v2\/jezik?post=5937"},{"taxonomy":"umetnik-kategorija","embeddable":true,"href":"https:\/\/layer.si\/kaos\/wp-json\/wp\/v2\/umetnik-kategorija?post=5937"}],"curies":[{"name":"wp","href":"https:\/\/api.w.org\/{rel}","templated":true}]}}