{"id":5945,"date":"2024-07-01T10:36:00","date_gmt":"2024-07-01T10:36:00","guid":{"rendered":"https:\/\/layer.si\/kaos\/?post_type=umetniki&#038;p=5945"},"modified":"2024-07-01T10:38:07","modified_gmt":"2024-07-01T10:38:07","slug":"paula-mans","status":"publish","type":"umetniki","link":"https:\/\/layer.si\/kaos\/umetniki\/paula-mans\/","title":{"rendered":"Paula Mans"},"content":{"rendered":"\n<p>Medtem ko dru\u017eba dekleta socializira tako, da postanejo krotka, poslu\u0161na, tiha in ustre\u017eljiva, figura v delu <em>Ti\u0161ina, ki privla\u010di nevihto <\/em>deluje drzno in mo\u010dno. Je sila, ki se je moramo paziti. Njen pogled je neposreden. Izziva opazovalca in zavzema prostor. Oblika figure se prav tako pogovarja z Iyobo (kraljico mati), slonoko\u0161\u010deno masko iz 16. stoletja iz Benina \u2013 spodbuja \u010drnske deklice, naj se pove\u017eejo z mo\u010djo, ki so jo ustvarili predniki, ko so \u017eiveli pred njimi.<\/p>\n\n\n\n<p><strong>Paula Mans<\/strong> je samouka slikarka, kola\u017eistka in umetnostna pedagoginja in \u017eivi v Washingtonu, DC. \u010ceprav je bila rojena v Washingtonu, je veliko let pre\u017eivela v Afriki in Braziliji. Izku\u0161nje z afri\u0161ko diasporo so ji oblikovale identiteto in vplivale na razvoj njenega umetni\u0161kega izraza. Umetnica vidi kola\u017e kot simbol kulturne in zgodovinske povezanosti afri\u0161ke diaspore. Dela Paule Mans so bila predstavljena na ve\u010d samostojnih in skupinskih razstavah.<\/p>\n\n\n\n<p><em>Naslov dela: &nbsp;Ti\u0161ina, ki privla\u010di nevihto<\/em><\/p>\n","protected":false},"featured_media":5904,"parent":0,"template":"","leto":[528],"jezik":[8],"umetnik-kategorija":[324],"_links":{"self":[{"href":"https:\/\/layer.si\/kaos\/wp-json\/wp\/v2\/umetniki\/5945"}],"collection":[{"href":"https:\/\/layer.si\/kaos\/wp-json\/wp\/v2\/umetniki"}],"about":[{"href":"https:\/\/layer.si\/kaos\/wp-json\/wp\/v2\/types\/umetniki"}],"version-history":[{"count":2,"href":"https:\/\/layer.si\/kaos\/wp-json\/wp\/v2\/umetniki\/5945\/revisions"}],"predecessor-version":[{"id":5949,"href":"https:\/\/layer.si\/kaos\/wp-json\/wp\/v2\/umetniki\/5945\/revisions\/5949"}],"wp:featuredmedia":[{"embeddable":true,"href":"https:\/\/layer.si\/kaos\/wp-json\/wp\/v2\/media\/5904"}],"wp:attachment":[{"href":"https:\/\/layer.si\/kaos\/wp-json\/wp\/v2\/media?parent=5945"}],"wp:term":[{"taxonomy":"leto","embeddable":true,"href":"https:\/\/layer.si\/kaos\/wp-json\/wp\/v2\/leto?post=5945"},{"taxonomy":"jezik","embeddable":true,"href":"https:\/\/layer.si\/kaos\/wp-json\/wp\/v2\/jezik?post=5945"},{"taxonomy":"umetnik-kategorija","embeddable":true,"href":"https:\/\/layer.si\/kaos\/wp-json\/wp\/v2\/umetnik-kategorija?post=5945"}],"curies":[{"name":"wp","href":"https:\/\/api.w.org\/{rel}","templated":true}]}}