{"id":6318,"date":"2024-07-03T18:53:56","date_gmt":"2024-07-03T18:53:56","guid":{"rendered":"https:\/\/layer.si\/kaos\/?post_type=umetniki&#038;p=6318"},"modified":"2024-07-03T18:53:57","modified_gmt":"2024-07-03T18:53:57","slug":"nikola-gocic-3","status":"publish","type":"umetniki","link":"https:\/\/layer.si\/kaos\/umetniki\/nikola-gocic-3\/","title":{"rendered":"Nikola Goci\u0107"},"content":{"rendered":"\n<p>Kot del serije <em>Color Dolor<\/em>, to delo odra\u017ea mno\u017eico strahov, tako racionalnih kot iracionalnih, ki nas pogosto tako preplavljajo, da imajo u\u010dinek, ki je na meji ohromelosti. Ali pa je morda tako, da delujejo kot varuhi du\u0161e? <\/p>\n\n\n\n<p><\/p>\n\n\n\n<p><strong>Nikola Goci\u0107<\/strong> (1980) je neuspe\u0161en arhitekt, ki je postal kola\u017eist in filmski kritik. Svoja dela razstavlja na mednarodni ravni. Po navdihu njegovih kola\u017eev je skladatelj in filmski ustvarjalec Martin Gerigk ustvaril \u0161tiri kratke animirane filme, njun peti skupni projekt pa je \u017ee na poti.<\/p>\n\n\n\n<p><\/p>\n\n\n\n<p><em>Naslov dela: Iz\u010drpan od strahov<\/em><\/p>\n","protected":false},"featured_media":6319,"parent":0,"template":"","leto":[528],"jezik":[8],"umetnik-kategorija":[173],"_links":{"self":[{"href":"https:\/\/layer.si\/kaos\/wp-json\/wp\/v2\/umetniki\/6318"}],"collection":[{"href":"https:\/\/layer.si\/kaos\/wp-json\/wp\/v2\/umetniki"}],"about":[{"href":"https:\/\/layer.si\/kaos\/wp-json\/wp\/v2\/types\/umetniki"}],"version-history":[{"count":1,"href":"https:\/\/layer.si\/kaos\/wp-json\/wp\/v2\/umetniki\/6318\/revisions"}],"predecessor-version":[{"id":6320,"href":"https:\/\/layer.si\/kaos\/wp-json\/wp\/v2\/umetniki\/6318\/revisions\/6320"}],"wp:featuredmedia":[{"embeddable":true,"href":"https:\/\/layer.si\/kaos\/wp-json\/wp\/v2\/media\/6319"}],"wp:attachment":[{"href":"https:\/\/layer.si\/kaos\/wp-json\/wp\/v2\/media?parent=6318"}],"wp:term":[{"taxonomy":"leto","embeddable":true,"href":"https:\/\/layer.si\/kaos\/wp-json\/wp\/v2\/leto?post=6318"},{"taxonomy":"jezik","embeddable":true,"href":"https:\/\/layer.si\/kaos\/wp-json\/wp\/v2\/jezik?post=6318"},{"taxonomy":"umetnik-kategorija","embeddable":true,"href":"https:\/\/layer.si\/kaos\/wp-json\/wp\/v2\/umetnik-kategorija?post=6318"}],"curies":[{"name":"wp","href":"https:\/\/api.w.org\/{rel}","templated":true}]}}