{"id":6324,"date":"2024-07-03T19:05:10","date_gmt":"2024-07-03T19:05:10","guid":{"rendered":"https:\/\/layer.si\/kaos\/?post_type=umetniki&#038;p=6324"},"modified":"2024-07-03T19:08:28","modified_gmt":"2024-07-03T19:08:28","slug":"clive-knights-5","status":"publish","type":"umetniki","link":"https:\/\/layer.si\/kaos\/umetniki\/clive-knights-5\/","title":{"rendered":"Clive Knights"},"content":{"rendered":"\n<p>Umetni\u0161ko delo <em>Pod ko\u017eo<\/em> zdru\u017euje izkopavanje svetlobnih \u017earkov (na svetlobni mizi) in digitalno manipulacijo, da ustvari enkratno kombinacijo prekrivanj in interakcij globin, ki namigujejo na dvoumnosti in prepletenosti mesenih in cerebralnih izku\u0161enj pod ko\u017eo. Raziskuje, kje se meso zdru\u017euje z mislijo, tkivo z idejami, kri s temperamentom; da se nas nekaj \u00bbdotakne\u00ab hkrati v taktilnem kot tudi v \u010dustvenem smislu. <\/p>\n\n\n\n<p><strong>Clive Knights<\/strong> (1960) je ameri\u0161ki kola\u017eist, tiskar in ustvarjalec festivalskih struktur. Predstavlja ga galeristka Laura Vincent v Portlandu. Razstavljal je \u017ee na samostojnih in skupinskih razstavah.<\/p>\n\n\n\n<p><\/p>\n\n\n\n<p><em>Naslov dela: Pod ko\u017eo<\/em><\/p>\n","protected":false},"featured_media":6325,"parent":0,"template":"","leto":[528],"jezik":[8],"umetnik-kategorija":[173],"_links":{"self":[{"href":"https:\/\/layer.si\/kaos\/wp-json\/wp\/v2\/umetniki\/6324"}],"collection":[{"href":"https:\/\/layer.si\/kaos\/wp-json\/wp\/v2\/umetniki"}],"about":[{"href":"https:\/\/layer.si\/kaos\/wp-json\/wp\/v2\/types\/umetniki"}],"version-history":[{"count":2,"href":"https:\/\/layer.si\/kaos\/wp-json\/wp\/v2\/umetniki\/6324\/revisions"}],"predecessor-version":[{"id":6329,"href":"https:\/\/layer.si\/kaos\/wp-json\/wp\/v2\/umetniki\/6324\/revisions\/6329"}],"wp:featuredmedia":[{"embeddable":true,"href":"https:\/\/layer.si\/kaos\/wp-json\/wp\/v2\/media\/6325"}],"wp:attachment":[{"href":"https:\/\/layer.si\/kaos\/wp-json\/wp\/v2\/media?parent=6324"}],"wp:term":[{"taxonomy":"leto","embeddable":true,"href":"https:\/\/layer.si\/kaos\/wp-json\/wp\/v2\/leto?post=6324"},{"taxonomy":"jezik","embeddable":true,"href":"https:\/\/layer.si\/kaos\/wp-json\/wp\/v2\/jezik?post=6324"},{"taxonomy":"umetnik-kategorija","embeddable":true,"href":"https:\/\/layer.si\/kaos\/wp-json\/wp\/v2\/umetnik-kategorija?post=6324"}],"curies":[{"name":"wp","href":"https:\/\/api.w.org\/{rel}","templated":true}]}}