{"id":6339,"date":"2024-07-05T12:17:35","date_gmt":"2024-07-05T12:17:35","guid":{"rendered":"https:\/\/layer.si\/kaos\/?post_type=umetniki&#038;p=6339"},"modified":"2024-07-05T12:19:05","modified_gmt":"2024-07-05T12:19:05","slug":"constantinos-chaidalis","status":"publish","type":"umetniki","link":"https:\/\/layer.si\/kaos\/umetniki\/constantinos-chaidalis\/","title":{"rendered":"Constantinos Chaidalis"},"content":{"rendered":"\n<p>Nasmeh, narisan na prekritem mo\u0161kem obrazu, nakazuje mo\u017een kontrast med zunanjim videzom in notranjimi \u010dustvi. Tema\u010dnost in srhljivost bi lahko predstavljali skriti svet \u010dustev pod povr\u0161jem. Temen in srhljiv vtis, ki ga vzbuja ta celoten kola\u017e, ustvarja ob\u010dutek nelagodja in gledalca sili k vpra\u0161anju, kaj se v resnici dogaja. Dotika se vznemirjajo\u010de narave stvari, ki so skrite pod povr\u0161jem, stvari, ki jih ne poznamo ali ne razumemo.<\/p>\n\n\n\n<p><strong>Constantinos Chaidalis <\/strong>(1981) je nagrajen multidisciplinarni oblikovalec, ki se zanima zlasti za grafi\u010dno oblikovanje, ilustracijo in gibljivo grafiko. Delal je kot video oblikovalec in kot kreativni direktor za razli\u010dne produkcijske hi\u0161e in agencije. Poleg svojega oblikovalskega dela se ukvarja tudi z osebnimi umetni\u0161kimi projekti, ve\u010dinoma kola\u017enimi ilustracijami in njihovimi animiranimi razli\u010dicami. \u017divi in dela v Atenah v Gr\u010diji.<\/p>\n\n\n\n<p><\/p>\n\n\n\n<p><em>Naslov dela: Za sliko<\/em><\/p>\n","protected":false},"featured_media":6340,"parent":0,"template":"","leto":[528],"jezik":[8],"umetnik-kategorija":[173],"_links":{"self":[{"href":"https:\/\/layer.si\/kaos\/wp-json\/wp\/v2\/umetniki\/6339"}],"collection":[{"href":"https:\/\/layer.si\/kaos\/wp-json\/wp\/v2\/umetniki"}],"about":[{"href":"https:\/\/layer.si\/kaos\/wp-json\/wp\/v2\/types\/umetniki"}],"version-history":[{"count":2,"href":"https:\/\/layer.si\/kaos\/wp-json\/wp\/v2\/umetniki\/6339\/revisions"}],"predecessor-version":[{"id":6344,"href":"https:\/\/layer.si\/kaos\/wp-json\/wp\/v2\/umetniki\/6339\/revisions\/6344"}],"wp:featuredmedia":[{"embeddable":true,"href":"https:\/\/layer.si\/kaos\/wp-json\/wp\/v2\/media\/6340"}],"wp:attachment":[{"href":"https:\/\/layer.si\/kaos\/wp-json\/wp\/v2\/media?parent=6339"}],"wp:term":[{"taxonomy":"leto","embeddable":true,"href":"https:\/\/layer.si\/kaos\/wp-json\/wp\/v2\/leto?post=6339"},{"taxonomy":"jezik","embeddable":true,"href":"https:\/\/layer.si\/kaos\/wp-json\/wp\/v2\/jezik?post=6339"},{"taxonomy":"umetnik-kategorija","embeddable":true,"href":"https:\/\/layer.si\/kaos\/wp-json\/wp\/v2\/umetnik-kategorija?post=6339"}],"curies":[{"name":"wp","href":"https:\/\/api.w.org\/{rel}","templated":true}]}}