{"id":6388,"date":"2024-07-08T12:40:32","date_gmt":"2024-07-08T12:40:32","guid":{"rendered":"https:\/\/layer.si\/kaos\/?post_type=umetniki&#038;p=6388"},"modified":"2024-07-08T12:40:33","modified_gmt":"2024-07-08T12:40:33","slug":"guilherme-albuquerque","status":"publish","type":"umetniki","link":"https:\/\/layer.si\/kaos\/umetniki\/guilherme-albuquerque\/","title":{"rendered":"Guilherme Albuquerque"},"content":{"rendered":"\n<p>Delo vzbudi simbolne in subjektivne podobe, ki se poglabljajo v najgloblje plasti uma, kjer prebivajo potla\u010dena \u010dustva in nezavedne \u017eelje. Razkriva kompleksnost \u010dlove\u0161ke psihe in povezavo med \u010dlovekom in vesoljem. Vsak element je del kozmi\u010dne sestavljanke, fragment univerzalne pripovedi, ki presega \u010das in prostor. V svojem jedru vabi gledalca, naj raziskuje globine lastne du\u0161e, razkriva skrivnosti bivanja in izbira lastno pot onkraj povr\u0161inskih videzov. <\/p>\n\n\n\n<p><\/p>\n\n\n\n<p><strong>Guilherme Albuquerque <\/strong>(1988) je vizualni umetnik, ki deluje na podro\u010dju kola\u017ea, fotografije in videa. Sodeloval je na skupinskih razstavah in prejel ve\u010d nagrad.<\/p>\n\n\n\n<p><em>Naslov dela: Subtilne zaznave<\/em><\/p>\n","protected":false},"featured_media":6389,"parent":0,"template":"","leto":[528],"jezik":[8],"umetnik-kategorija":[173],"_links":{"self":[{"href":"https:\/\/layer.si\/kaos\/wp-json\/wp\/v2\/umetniki\/6388"}],"collection":[{"href":"https:\/\/layer.si\/kaos\/wp-json\/wp\/v2\/umetniki"}],"about":[{"href":"https:\/\/layer.si\/kaos\/wp-json\/wp\/v2\/types\/umetniki"}],"version-history":[{"count":1,"href":"https:\/\/layer.si\/kaos\/wp-json\/wp\/v2\/umetniki\/6388\/revisions"}],"predecessor-version":[{"id":6390,"href":"https:\/\/layer.si\/kaos\/wp-json\/wp\/v2\/umetniki\/6388\/revisions\/6390"}],"wp:featuredmedia":[{"embeddable":true,"href":"https:\/\/layer.si\/kaos\/wp-json\/wp\/v2\/media\/6389"}],"wp:attachment":[{"href":"https:\/\/layer.si\/kaos\/wp-json\/wp\/v2\/media?parent=6388"}],"wp:term":[{"taxonomy":"leto","embeddable":true,"href":"https:\/\/layer.si\/kaos\/wp-json\/wp\/v2\/leto?post=6388"},{"taxonomy":"jezik","embeddable":true,"href":"https:\/\/layer.si\/kaos\/wp-json\/wp\/v2\/jezik?post=6388"},{"taxonomy":"umetnik-kategorija","embeddable":true,"href":"https:\/\/layer.si\/kaos\/wp-json\/wp\/v2\/umetnik-kategorija?post=6388"}],"curies":[{"name":"wp","href":"https:\/\/api.w.org\/{rel}","templated":true}]}}