{"id":6429,"date":"2024-07-09T12:45:19","date_gmt":"2024-07-09T12:45:19","guid":{"rendered":"https:\/\/layer.si\/kaos\/?post_type=umetniki&#038;p=6429"},"modified":"2024-07-09T12:45:19","modified_gmt":"2024-07-09T12:45:19","slug":"ana-scuka","status":"publish","type":"umetniki","link":"https:\/\/layer.si\/kaos\/umetniki\/ana-scuka\/","title":{"rendered":"Ana \u0160\u010duka"},"content":{"rendered":"\n<p><em>Gola\u017e III<\/em> je bil izbran iz serije dvajsetih digitalnih kola\u017eev iz fotografij gob, serije, ki je bila ustvarjena med karanteno, ko so nenadna \u010dustva, ki so bila skrita pod povr\u0161jem, privrela na plano. Ne samo \u010dustva, tudi kolektivna zavest se je rahlo pretresla. Asociacija na glive je bila za avtorico takrat samoumevna, saj imajo mnogo podobnih lastnosti kot virusi \u2013 skrivnostnost, psihedeli\u010dnost, misti\u010dnost, zdravilnost in v\u010dasih odvratnost. Vsestranska oblikovalka in umetnica<strong> <\/strong><\/p>\n\n\n\n<p><strong>Ana \u0160\u010duka <\/strong>(1998) je diplomirala na ALUO v Ljubljani. Njena praksa se razprostira na najrazli\u010dnej\u0161a podro\u010dja, od performativnih umetnosti, modnega, unikatnega in grafi\u010dnega oblikovanja, bio in zvo\u010dne umetnosti do rokodelstva. Poleg prevladujo\u010de prakse oblikovanja v materialih se umetnica ukvarja z izdelavo digitalnih kola\u017eev. So predvsem del procesa na\u010drtovanja preteklih projektov, narejeni so namre\u010d kot vzporedno delo ali nekak\u0161na skica za skulpture, zato se na tokratni razstavi avtorica s kola\u017eem predstavlja prvi\u010d.<\/p>\n\n\n\n<p><\/p>\n\n\n\n<p><\/p>\n\n\n\n<p><em>Naslov dela: Gola\u017e III<\/em><\/p>\n","protected":false},"featured_media":6430,"parent":0,"template":"","leto":[528],"jezik":[8],"umetnik-kategorija":[173],"_links":{"self":[{"href":"https:\/\/layer.si\/kaos\/wp-json\/wp\/v2\/umetniki\/6429"}],"collection":[{"href":"https:\/\/layer.si\/kaos\/wp-json\/wp\/v2\/umetniki"}],"about":[{"href":"https:\/\/layer.si\/kaos\/wp-json\/wp\/v2\/types\/umetniki"}],"version-history":[{"count":1,"href":"https:\/\/layer.si\/kaos\/wp-json\/wp\/v2\/umetniki\/6429\/revisions"}],"predecessor-version":[{"id":6431,"href":"https:\/\/layer.si\/kaos\/wp-json\/wp\/v2\/umetniki\/6429\/revisions\/6431"}],"wp:featuredmedia":[{"embeddable":true,"href":"https:\/\/layer.si\/kaos\/wp-json\/wp\/v2\/media\/6430"}],"wp:attachment":[{"href":"https:\/\/layer.si\/kaos\/wp-json\/wp\/v2\/media?parent=6429"}],"wp:term":[{"taxonomy":"leto","embeddable":true,"href":"https:\/\/layer.si\/kaos\/wp-json\/wp\/v2\/leto?post=6429"},{"taxonomy":"jezik","embeddable":true,"href":"https:\/\/layer.si\/kaos\/wp-json\/wp\/v2\/jezik?post=6429"},{"taxonomy":"umetnik-kategorija","embeddable":true,"href":"https:\/\/layer.si\/kaos\/wp-json\/wp\/v2\/umetnik-kategorija?post=6429"}],"curies":[{"name":"wp","href":"https:\/\/api.w.org\/{rel}","templated":true}]}}