{"id":770,"date":"2019-03-31T02:14:23","date_gmt":"2019-03-31T02:14:23","guid":{"rendered":"https:\/\/layer.si\/kaos\/?post_type=umetniki&#038;p=770"},"modified":"2019-04-03T00:59:56","modified_gmt":"2019-04-03T00:59:56","slug":"ana-maraz-2","status":"publish","type":"umetniki","link":"https:\/\/layer.si\/kaos\/en\/umetniki\/ana-maraz-2\/","title":{"rendered":"ANA MARA\u017d"},"content":{"rendered":"\n<p><strong>Ana Mara\u017e<\/strong>&nbsp;je leta 2011 diplomirala na Pedago\u0161ki fakulteti v Ljubljani na oddelku za likovno pedagogiko pri profesorju Zdenku Huzjanu in dr. Beatriz Tom\u0161i\u010d \u010cerkez. Deluje na podro\u010dju ilustracije, slikarstva in oblikovanja ter vodi likovne delavnice za otroke in odrasle. Za svoja dela je prejela ve\u010d nagrad in priznanj, najpomembnej\u0161e Priznanje Hinka Smrekarja na Enajstem bienalu slovenske ilustracije. Njena dela so bila objavljena v publikacijah v Sloveniji, Avstraliji, ZDA in na Japonskem, razstavlja doma in v tujini. Je \u010dlanica Zveze dru\u0161tev Slovenskih Likovnih umetnikov (ZDSLU), Dru\u0161tva likovnikov severne primorske (DLUSP) in je vklju\u010dena v Sekcijo ilustratorjev. Kot samozaposlena v kulturi \u017eivi in ustvarja v Vipavi.<\/p>\n","protected":false},"featured_media":0,"parent":0,"template":"","leto":[79],"jezik":[9],"umetnik-kategorija":[76],"_links":{"self":[{"href":"https:\/\/layer.si\/kaos\/wp-json\/wp\/v2\/umetniki\/770"}],"collection":[{"href":"https:\/\/layer.si\/kaos\/wp-json\/wp\/v2\/umetniki"}],"about":[{"href":"https:\/\/layer.si\/kaos\/wp-json\/wp\/v2\/types\/umetniki"}],"version-history":[{"count":2,"href":"https:\/\/layer.si\/kaos\/wp-json\/wp\/v2\/umetniki\/770\/revisions"}],"predecessor-version":[{"id":772,"href":"https:\/\/layer.si\/kaos\/wp-json\/wp\/v2\/umetniki\/770\/revisions\/772"}],"wp:attachment":[{"href":"https:\/\/layer.si\/kaos\/wp-json\/wp\/v2\/media?parent=770"}],"wp:term":[{"taxonomy":"leto","embeddable":true,"href":"https:\/\/layer.si\/kaos\/wp-json\/wp\/v2\/leto?post=770"},{"taxonomy":"jezik","embeddable":true,"href":"https:\/\/layer.si\/kaos\/wp-json\/wp\/v2\/jezik?post=770"},{"taxonomy":"umetnik-kategorija","embeddable":true,"href":"https:\/\/layer.si\/kaos\/wp-json\/wp\/v2\/umetnik-kategorija?post=770"}],"curies":[{"name":"wp","href":"https:\/\/api.w.org\/{rel}","templated":true}]}}